{"id":29824,"date":"2026-06-22T15:55:33","date_gmt":"2026-06-22T20:55:33","guid":{"rendered":"https:\/\/mineriayproyectos.com\/?page_id=29824"},"modified":"2026-09-02T15:32:00","modified_gmt":"2026-09-02T20:32:00","slug":"inicio-2","status":"publish","type":"page","link":"https:\/\/mineriayproyectos.com\/en\/","title":{"rendered":"INICIO"},"content":{"rendered":"\t\t<div data-elementor-type=\"wp-page\" data-elementor-id=\"29824\" class=\"elementor elementor-29824\" data-elementor-post-type=\"page\">\n\t\t\t\t<div class=\"elementor-element elementor-element-2fba214 e-con-full e-flex e-con e-parent\" data-id=\"2fba214\" data-element_type=\"container\" data-e-type=\"container\">\n\t\t\t\t<div class=\"elementor-element elementor-element-cd10d84 elementor-arrows-position-inside elementor-widget elementor-widget-loop-carousel\" data-id=\"cd10d84\" data-element_type=\"widget\" data-e-type=\"widget\" data-settings=\"{&quot;template_id&quot;:&quot;29826&quot;,&quot;slides_to_show&quot;:&quot;1&quot;,&quot;_skin&quot;:&quot;post&quot;,&quot;slides_to_show_tablet&quot;:&quot;2&quot;,&quot;slides_to_show_mobile&quot;:&quot;1&quot;,&quot;slides_to_scroll&quot;:&quot;1&quot;,&quot;edit_handle_selector&quot;:&quot;.elementor-loop-container&quot;,&quot;autoplay&quot;:&quot;yes&quot;,&quot;autoplay_speed&quot;:5000,&quot;pause_on_hover&quot;:&quot;yes&quot;,&quot;pause_on_interaction&quot;:&quot;yes&quot;,&quot;infinite&quot;:&quot;yes&quot;,&quot;speed&quot;:500,&quot;offset_sides&quot;:&quot;none&quot;,&quot;arrows&quot;:&quot;yes&quot;,&quot;image_spacing_custom&quot;:{&quot;unit&quot;:&quot;px&quot;,&quot;size&quot;:10,&quot;sizes&quot;:[]},&quot;image_spacing_custom_tablet&quot;:{&quot;unit&quot;:&quot;px&quot;,&quot;size&quot;:&quot;&quot;,&quot;sizes&quot;:[]},&quot;image_spacing_custom_mobile&quot;:{&quot;unit&quot;:&quot;px&quot;,&quot;size&quot;:&quot;&quot;,&quot;sizes&quot;:[]}}\" data-widget_type=\"loop-carousel.post\">\n\t\t\t\t\t\t\t<div class=\"swiper elementor-loop-container elementor-grid\" role=\"list\" dir=\"ltr\">\n\t\t\t\t<div class=\"swiper-wrapper\" aria-live=\"off\">\n\t\t<style id=\"loop-dynamic-29826\">.e-loop-item-31350 .elementor-element.elementor-element-e8cf883:not(.elementor-motion-effects-element-type-background), .e-loop-item-31350 .elementor-element.elementor-element-e8cf883 > .elementor-motion-effects-container > .elementor-motion-effects-layer{background-image:url(\"https:\/\/mineriayproyectos.com\/wp-content\/uploads\/2026\/09\/proyecto-corani-17-sondajes-exploracion-puno.jpg\");}<\/style><style id=\"loop-29826\">.elementor-29826 .elementor-element.elementor-element-e8cf883{--display:flex;--min-height:60vh;--flex-direction:column;--container-widget-width:calc( ( 1 - var( --container-widget-flex-grow ) ) * 100% );--container-widget-height:initial;--container-widget-flex-grow:0;--container-widget-align-self:initial;--flex-wrap-mobile:wrap;--justify-content:center;--align-items:center;--overlay-opacity:0.5;--padding-top:20px;--padding-bottom:20px;--padding-left:20px;--padding-right:20px;}.elementor-29826 .elementor-element.elementor-element-e8cf883:not(.elementor-motion-effects-element-type-background), .elementor-29826 .elementor-element.elementor-element-e8cf883 > .elementor-motion-effects-container > .elementor-motion-effects-layer{background-color:#00000003;background-position:top center;background-repeat:no-repeat;background-size:cover;}.elementor-29826 .elementor-element.elementor-element-e8cf883::before, .elementor-29826 .elementor-element.elementor-element-e8cf883 > .elementor-background-video-container::before, .elementor-29826 .elementor-element.elementor-element-e8cf883 > .e-con-inner > .elementor-background-video-container::before, .elementor-29826 .elementor-element.elementor-element-e8cf883 > .elementor-background-slideshow::before, .elementor-29826 .elementor-element.elementor-element-e8cf883 > .e-con-inner > .elementor-background-slideshow::before, .elementor-29826 .elementor-element.elementor-element-e8cf883 > .elementor-motion-effects-container > .elementor-motion-effects-layer::before{--background-overlay:'';background-color:#000000B8;}.elementor-widget-heading .elementor-heading-title{font-family:var( --e-global-typography-primary-font-family ), Sans-serif;font-weight:var( --e-global-typography-primary-font-weight );color:var( --e-global-color-primary );}.elementor-29826 .elementor-element.elementor-element-8601e97 .elementor-heading-title{font-family:\"Roboto\", Sans-serif;font-size:18px;font-weight:700;-webkit-text-stroke-width:0px;stroke-width:0px;-webkit-text-stroke-color:#000;stroke:#000;text-shadow:6px 0px 10px #000000;color:#FFFFFF;}.elementor-29826 .elementor-element.elementor-element-8601e97{width:var( --container-widget-width, 90% );max-width:90%;--container-widget-width:90%;--container-widget-flex-grow:0;}.elementor-29826 .elementor-element.elementor-element-367714f{text-align:justify;padding:20px 20px 20px 20px;width:var( --container-widget-width, 90% );max-width:90%;--container-widget-width:90%;--container-widget-flex-grow:0;background-color:#00000082;}.elementor-29826 .elementor-element.elementor-element-367714f .elementor-heading-title{font-family:\"Francois One\", Sans-serif;font-size:52px;font-weight:400;color:#FFFFFF;}.elementor-widget-button .elementor-button{font-family:var( --e-global-typography-accent-font-family ), Sans-serif;font-weight:var( --e-global-typography-accent-font-weight );background-color:var( --e-global-color-accent );}.elementor-29826 .elementor-element.elementor-element-0b6b3d6 .elementor-button{font-family:\"Roboto\", Sans-serif;font-weight:700;fill:#FFFFFF;color:#FFFFFF;background-color:#0C3C64;}.elementor-29826 .elementor-element.elementor-element-0b6b3d6 .elementor-button:hover, .elementor-29826 .elementor-element.elementor-element-0b6b3d6 .elementor-button:focus{color:#FFFFFF;}.elementor-29826 .elementor-element.elementor-element-0b6b3d6 .elementor-button:hover svg, .elementor-29826 .elementor-element.elementor-element-0b6b3d6 .elementor-button:focus svg{fill:#FFFFFF;}.elementor-29826 .elementor-element.elementor-element-0b6b3d6{width:var( --container-widget-width, 90% );max-width:90%;--container-widget-width:90%;--container-widget-flex-grow:0;}<\/style>\t\t<div data-elementor-type=\"loop-item\" data-elementor-id=\"29826\" class=\"elementor elementor-29826 swiper-slide e-loop-item e-loop-item-31350 post-31350 post type-post status-publish format-standard has-post-thumbnail hentry category-mineria tag-bear-creek tag-corani tag-destacado tag-puno tag-senace\" data-elementor-post-type=\"elementor_library\" role=\"group\" aria-roledescription=\"slide\" data-custom-edit-handle=\"1\">\n\t\t\t<div class=\"elementor-element elementor-element-e8cf883 e-con-full e-flex e-con e-parent\" data-id=\"e8cf883\" data-element_type=\"container\" data-e-type=\"container\" data-settings=\"{&quot;background_background&quot;:&quot;classic&quot;}\">\n\t\t\t\t<div class=\"elementor-element elementor-element-8601e97 elementor-widget__width-initial elementor-widget elementor-widget-heading\" data-id=\"8601e97\" data-element_type=\"widget\" data-e-type=\"widget\" data-widget_type=\"heading.default\">\n\t\t\t\t\t<h2 class=\"elementor-heading-title elementor-size-default\"><a href=\"https:\/\/mineriayproyectos.com\/en\/category\/mineria\/\" rel=\"tag\">Miner\u00eda<\/a><\/h2>\t\t\t\t<\/div>\n\t\t\t\t<div class=\"elementor-element elementor-element-367714f elementor-widget__width-initial elementor-widget elementor-widget-heading\" data-id=\"367714f\" data-element_type=\"widget\" data-e-type=\"widget\" data-widget_type=\"heading.default\">\n\t\t\t\t\t<h2 class=\"elementor-heading-title elementor-size-default\">Bear Creek: proyecto Corani avanza con aprobaci\u00f3n ambiental para 17 nuevos sondajes en Puno<\/h2>\t\t\t\t<\/div>\n\t\t\t\t<div class=\"elementor-element elementor-element-0b6b3d6 elementor-widget__width-initial elementor-widget elementor-widget-button\" data-id=\"0b6b3d6\" data-element_type=\"widget\" data-e-type=\"widget\" data-widget_type=\"button.default\">\n\t\t\t\t\t\t\t\t\t\t<a class=\"elementor-button elementor-button-link elementor-size-sm\" href=\"https:\/\/mineriayproyectos.com\/en\/mineria\/2026\/09\/04\/proyecto-corani-17-sondajes-exploracion-puno\/\">\n\t\t\t\t\t\t<span class=\"elementor-button-content-wrapper\">\n\t\t\t\t\t\t\t\t\t<span class=\"elementor-button-text\">LEER M\u00c1S<\/span>\n\t\t\t\t\t<\/span>\n\t\t\t\t\t<\/a>\n\t\t\t\t\t\t\t\t<\/div>\n\t\t\t\t<\/div>\n\t\t\t\t<\/div>\n\t\t<style id=\"loop-dynamic-29826\">.e-loop-item-31346 .elementor-element.elementor-element-e8cf883:not(.elementor-motion-effects-element-type-background), .e-loop-item-31346 .elementor-element.elementor-element-e8cf883 > .elementor-motion-effects-container > .elementor-motion-effects-layer{background-image:url(\"https:\/\/mineriayproyectos.com\/wp-content\/uploads\/2026\/09\/inversion-minera-crecimiento-economico-peru-2030.jpg\");}<\/style>\t\t<div data-elementor-type=\"loop-item\" data-elementor-id=\"29826\" class=\"elementor elementor-29826 swiper-slide e-loop-item e-loop-item-31346 post-31346 post type-post status-publish format-standard has-post-thumbnail hentry category-mineria tag-destacado tag-economia tag-inversion-minera tag-mef tag-minem\" data-elementor-post-type=\"elementor_library\" role=\"group\" aria-roledescription=\"slide\" data-custom-edit-handle=\"1\">\n\t\t\t<div class=\"elementor-element elementor-element-e8cf883 e-con-full e-flex e-con e-parent\" data-id=\"e8cf883\" data-element_type=\"container\" data-e-type=\"container\" data-settings=\"{&quot;background_background&quot;:&quot;classic&quot;}\">\n\t\t\t\t<div class=\"elementor-element elementor-element-8601e97 elementor-widget__width-initial elementor-widget elementor-widget-heading\" data-id=\"8601e97\" data-element_type=\"widget\" data-e-type=\"widget\" data-widget_type=\"heading.default\">\n\t\t\t\t\t<h2 class=\"elementor-heading-title elementor-size-default\"><a href=\"https:\/\/mineriayproyectos.com\/en\/category\/mineria\/\" rel=\"tag\">Miner\u00eda<\/a><\/h2>\t\t\t\t<\/div>\n\t\t\t\t<div class=\"elementor-element elementor-element-367714f elementor-widget__width-initial elementor-widget elementor-widget-heading\" data-id=\"367714f\" data-element_type=\"widget\" data-e-type=\"widget\" data-widget_type=\"heading.default\">\n\t\t\t\t\t<h2 class=\"elementor-heading-title elementor-size-default\">Miner\u00eda movilizar\u00eda m\u00e1s de US$ 20,000 millones e impulsar\u00eda crecimiento econ\u00f3mico de 4% al 2030<\/h2>\t\t\t\t<\/div>\n\t\t\t\t<div class=\"elementor-element elementor-element-0b6b3d6 elementor-widget__width-initial elementor-widget elementor-widget-button\" data-id=\"0b6b3d6\" data-element_type=\"widget\" data-e-type=\"widget\" data-widget_type=\"button.default\">\n\t\t\t\t\t\t\t\t\t\t<a class=\"elementor-button elementor-button-link elementor-size-sm\" href=\"https:\/\/mineriayproyectos.com\/en\/mineria\/2026\/09\/04\/inversion-minera-crecimiento-economico-peru-2030\/\">\n\t\t\t\t\t\t<span class=\"elementor-button-content-wrapper\">\n\t\t\t\t\t\t\t\t\t<span class=\"elementor-button-text\">LEER M\u00c1S<\/span>\n\t\t\t\t\t<\/span>\n\t\t\t\t\t<\/a>\n\t\t\t\t\t\t\t\t<\/div>\n\t\t\t\t<\/div>\n\t\t\t\t<\/div>\n\t\t<style id=\"loop-dynamic-29826\">.e-loop-item-31318 .elementor-element.elementor-element-e8cf883:not(.elementor-motion-effects-element-type-background), .e-loop-item-31318 .elementor-element.elementor-element-e8cf883 > .elementor-motion-effects-container > .elementor-motion-effects-layer{background-image:url(\"https:\/\/mineriayproyectos.com\/wp-content\/uploads\/2026\/09\/coroccohuayco-antapaccay-espinar-cusco.jpg\");}<\/style>\t\t<div data-elementor-type=\"loop-item\" data-elementor-id=\"29826\" class=\"elementor elementor-29826 swiper-slide e-loop-item e-loop-item-31318 post-31318 post type-post status-publish format-standard has-post-thumbnail hentry category-proyectos-mineros tag-antapaccay tag-coroccohuayco tag-destacado tag-espinar tag-glencore\" data-elementor-post-type=\"elementor_library\" role=\"group\" aria-roledescription=\"slide\" data-custom-edit-handle=\"1\">\n\t\t\t<div class=\"elementor-element elementor-element-e8cf883 e-con-full e-flex e-con e-parent\" data-id=\"e8cf883\" data-element_type=\"container\" data-e-type=\"container\" data-settings=\"{&quot;background_background&quot;:&quot;classic&quot;}\">\n\t\t\t\t<div class=\"elementor-element elementor-element-8601e97 elementor-widget__width-initial elementor-widget elementor-widget-heading\" data-id=\"8601e97\" data-element_type=\"widget\" data-e-type=\"widget\" data-widget_type=\"heading.default\">\n\t\t\t\t\t<h2 class=\"elementor-heading-title elementor-size-default\"><a href=\"https:\/\/mineriayproyectos.com\/en\/category\/mineria\/proyectos-mineros\/\" rel=\"tag\">Proyectos Mineros<\/a><\/h2>\t\t\t\t<\/div>\n\t\t\t\t<div class=\"elementor-element elementor-element-367714f elementor-widget__width-initial elementor-widget elementor-widget-heading\" data-id=\"367714f\" data-element_type=\"widget\" data-e-type=\"widget\" data-widget_type=\"heading.default\">\n\t\t\t\t\t<h2 class=\"elementor-heading-title elementor-size-default\">Coroccohuayco podr\u00eda prolongar por m\u00e1s de 25 a\u00f1os la operaci\u00f3n de Antapaccay en Espinar<\/h2>\t\t\t\t<\/div>\n\t\t\t\t<div class=\"elementor-element elementor-element-0b6b3d6 elementor-widget__width-initial elementor-widget elementor-widget-button\" data-id=\"0b6b3d6\" data-element_type=\"widget\" data-e-type=\"widget\" data-widget_type=\"button.default\">\n\t\t\t\t\t\t\t\t\t\t<a class=\"elementor-button elementor-button-link elementor-size-sm\" href=\"https:\/\/mineriayproyectos.com\/en\/mineria\/proyectos-mineros\/2026\/09\/03\/coroccohuayco-antapaccay-25-anos-espinar\/\">\n\t\t\t\t\t\t<span class=\"elementor-button-content-wrapper\">\n\t\t\t\t\t\t\t\t\t<span class=\"elementor-button-text\">LEER M\u00c1S<\/span>\n\t\t\t\t\t<\/span>\n\t\t\t\t\t<\/a>\n\t\t\t\t\t\t\t\t<\/div>\n\t\t\t\t<\/div>\n\t\t\t\t<\/div>\n\t\t<style id=\"loop-dynamic-29826\">.e-loop-item-31299 .elementor-element.elementor-element-e8cf883:not(.elementor-motion-effects-element-type-background), .e-loop-item-31299 .elementor-element.elementor-element-e8cf883 > .elementor-motion-effects-container > .elementor-motion-effects-layer{background-image:url(\"https:\/\/mineriayproyectos.com\/wp-content\/uploads\/2026\/09\/zafranal-anglo-teck-minem-2027.jpg\");}<\/style>\t\t<div data-elementor-type=\"loop-item\" data-elementor-id=\"29826\" class=\"elementor elementor-29826 swiper-slide e-loop-item e-loop-item-31299 post-31299 post type-post status-publish format-standard has-post-thumbnail hentry category-mineria tag-anglo-american tag-destacado tag-teck-resources tag-zafranal\" data-elementor-post-type=\"elementor_library\" role=\"group\" aria-roledescription=\"slide\" data-custom-edit-handle=\"1\">\n\t\t\t<div class=\"elementor-element elementor-element-e8cf883 e-con-full e-flex e-con e-parent\" data-id=\"e8cf883\" data-element_type=\"container\" data-e-type=\"container\" data-settings=\"{&quot;background_background&quot;:&quot;classic&quot;}\">\n\t\t\t\t<div class=\"elementor-element elementor-element-8601e97 elementor-widget__width-initial elementor-widget elementor-widget-heading\" data-id=\"8601e97\" data-element_type=\"widget\" data-e-type=\"widget\" data-widget_type=\"heading.default\">\n\t\t\t\t\t<h2 class=\"elementor-heading-title elementor-size-default\"><a href=\"https:\/\/mineriayproyectos.com\/en\/category\/mineria\/\" rel=\"tag\">Miner\u00eda<\/a><\/h2>\t\t\t\t<\/div>\n\t\t\t\t<div class=\"elementor-element elementor-element-367714f elementor-widget__width-initial elementor-widget elementor-widget-heading\" data-id=\"367714f\" data-element_type=\"widget\" data-e-type=\"widget\" data-widget_type=\"heading.default\">\n\t\t\t\t\t<h2 class=\"elementor-heading-title elementor-size-default\">MINEM buscar\u00e1 que Anglo Teck priorice el proyecto Zafranal en 2027<\/h2>\t\t\t\t<\/div>\n\t\t\t\t<div class=\"elementor-element elementor-element-0b6b3d6 elementor-widget__width-initial elementor-widget elementor-widget-button\" data-id=\"0b6b3d6\" data-element_type=\"widget\" data-e-type=\"widget\" data-widget_type=\"button.default\">\n\t\t\t\t\t\t\t\t\t\t<a class=\"elementor-button elementor-button-link elementor-size-sm\" href=\"https:\/\/mineriayproyectos.com\/en\/mineria\/2026\/09\/02\/zafranal-minem-anglo-teck-prioridad-2027\/\">\n\t\t\t\t\t\t<span class=\"elementor-button-content-wrapper\">\n\t\t\t\t\t\t\t\t\t<span class=\"elementor-button-text\">LEER M\u00c1S<\/span>\n\t\t\t\t\t<\/span>\n\t\t\t\t\t<\/a>\n\t\t\t\t\t\t\t\t<\/div>\n\t\t\t\t<\/div>\n\t\t\t\t<\/div>\n\t\t<style id=\"loop-dynamic-29826\">.e-loop-item-31249 .elementor-element.elementor-element-e8cf883:not(.elementor-motion-effects-element-type-background), .e-loop-item-31249 .elementor-element.elementor-element-e8cf883 > .elementor-motion-effects-container > .elementor-motion-effects-layer{background-image:url(\"https:\/\/mineriayproyectos.com\/wp-content\/uploads\/2026\/09\/ntapaccay-produccion-cobre-100-mil-toneladas.jpg\");}<\/style>\t\t<div data-elementor-type=\"loop-item\" data-elementor-id=\"29826\" class=\"elementor elementor-29826 swiper-slide e-loop-item e-loop-item-31249 post-31249 post type-post status-publish format-standard has-post-thumbnail hentry category-mineria tag-antapaccay tag-cobre tag-destacado tag-glencore tag-iimp\" data-elementor-post-type=\"elementor_library\" role=\"group\" aria-roledescription=\"slide\" data-custom-edit-handle=\"1\">\n\t\t\t<div class=\"elementor-element elementor-element-e8cf883 e-con-full e-flex e-con e-parent\" data-id=\"e8cf883\" data-element_type=\"container\" data-e-type=\"container\" data-settings=\"{&quot;background_background&quot;:&quot;classic&quot;}\">\n\t\t\t\t<div class=\"elementor-element elementor-element-8601e97 elementor-widget__width-initial elementor-widget elementor-widget-heading\" data-id=\"8601e97\" data-element_type=\"widget\" data-e-type=\"widget\" data-widget_type=\"heading.default\">\n\t\t\t\t\t<h2 class=\"elementor-heading-title elementor-size-default\"><a href=\"https:\/\/mineriayproyectos.com\/en\/category\/mineria\/\" rel=\"tag\">Miner\u00eda<\/a><\/h2>\t\t\t\t<\/div>\n\t\t\t\t<div class=\"elementor-element elementor-element-367714f elementor-widget__width-initial elementor-widget elementor-widget-heading\" data-id=\"367714f\" data-element_type=\"widget\" data-e-type=\"widget\" data-widget_type=\"heading.default\">\n\t\t\t\t\t<h2 class=\"elementor-heading-title elementor-size-default\">Antapaccay proyecta mantener una producci\u00f3n cercana a 100 mil toneladas de cobre al a\u00f1o<\/h2>\t\t\t\t<\/div>\n\t\t\t\t<div class=\"elementor-element elementor-element-0b6b3d6 elementor-widget__width-initial elementor-widget elementor-widget-button\" data-id=\"0b6b3d6\" data-element_type=\"widget\" data-e-type=\"widget\" data-widget_type=\"button.default\">\n\t\t\t\t\t\t\t\t\t\t<a class=\"elementor-button elementor-button-link elementor-size-sm\" href=\"https:\/\/mineriayproyectos.com\/en\/mineria\/2026\/09\/01\/antapaccay-produccion-100-mil-toneladas-cobre\/\">\n\t\t\t\t\t\t<span class=\"elementor-button-content-wrapper\">\n\t\t\t\t\t\t\t\t\t<span class=\"elementor-button-text\">LEER M\u00c1S<\/span>\n\t\t\t\t\t<\/span>\n\t\t\t\t\t<\/a>\n\t\t\t\t\t\t\t\t<\/div>\n\t\t\t\t<\/div>\n\t\t\t\t<\/div>\n\t\t\t\t<\/div>\n\t\t<\/div>\n\t\t\t\t\t<div class=\"elementor-swiper-button elementor-swiper-button-prev\" role=\"button\" tabindex=\"0\" aria-label=\"Previous\">\n\t\t\t\t<svg aria-hidden=\"true\" class=\"e-font-icon-svg e-eicon-chevron-left\" viewBox=\"0 0 1000 1000\" xmlns=\"http:\/\/www.w3.org\/2000\/svg\"><path d=\"M646 125C629 125 613 133 604 142L308 442C296 454 292 471 292 487 292 504 296 521 308 533L604 854C617 867 629 875 646 875 663 875 679 871 692 858 704 846 713 829 713 812 713 796 708 779 692 767L438 487 692 225C700 217 708 204 708 187 708 171 704 154 692 142 675 129 663 125 646 125Z\"><\/path><\/svg>\t\t\t<\/div>\n\t\t\t<div class=\"elementor-swiper-button elementor-swiper-button-next\" role=\"button\" tabindex=\"0\" aria-label=\"Next\">\n\t\t\t\t<svg aria-hidden=\"true\" class=\"e-font-icon-svg e-fas-angle-right\" viewBox=\"0 0 256 512\" xmlns=\"http:\/\/www.w3.org\/2000\/svg\"><path d=\"M224.3 273l-136 136c-9.4 9.4-24.6 9.4-33.9 0l-22.6-22.6c-9.4-9.4-9.4-24.6 0-33.9l96.4-96.4-96.4-96.4c-9.4-9.4-9.4-24.6 0-33.9L54.3 103c9.4-9.4 24.6-9.4 33.9 0l136 136c9.5 9.4 9.5 24.6.1 34z\"><\/path><\/svg>\t\t\t<\/div>\n\t\t\t\t\t\t<\/div>\n\t\t\t\t<\/div>\n\t\t<div class=\"elementor-element elementor-element-6ba8222 e-con-full e-flex e-con e-parent\" data-id=\"6ba8222\" data-element_type=\"container\" data-e-type=\"container\">\n\t\t\t\t<div class=\"elementor-element elementor-element-c840080 elementor-widget__width-initial elementor-widget elementor-widget-html\" data-id=\"c840080\" data-element_type=\"widget\" data-e-type=\"widget\" data-widget_type=\"html.default\">\n\t\t\t\t\t<div class=\"tradingview-widget-container\">\n  <div class=\"tradingview-widget-container__widget\"><\/div>\n  <script type=\"text\/javascript\" src=\"https:\/\/s3.tradingview.com\/external-embedding\/embed-widget-ticker-tape.js\" async>\n  {\n  \"symbols\": [\n    {\n      \"proName\": \"FOREXCOM:COPPER\",\n      \"title\": \"Cobre\"\n    },\n    {\n      \"proName\": \"CAPITALCOM:ALUMINUM\",\n      \"title\": \"Aluminio\"\n    },\n    {\n      \"proName\": \"PEPPERSTONE:ZINC\",\n      \"title\": \"Zinc\"\n    },\n    {\n      \"proName\": \"OANDA:XAUUSD\",\n      \"title\": \"Oro\"\n    },\n    {\n      \"proName\": \"OANDA:XAGUSD\",\n      \"title\": \"Plata\"\n    },\n    {\n      \"proName\": \"FX_IDC:USDPEN\",\n      \"title\": \"D\u00f3lar (USD\/PEN)\"\n    },\n    {\n      \"proName\": \"FX_IDC:EURPEN\",\n      \"title\": \"Euro (EUR\/PEN)\"\n    },\n    {\n      \"proName\": \"FX_IDC:CADPEN\",\n      \"title\": \"D\u00f3lar CAD (CAD\/PEN)\"\n    }\n  ],\n  \"showSymbolLogo\": true,\n  \"isTransparent\": false,\n  \"displayMode\": \"regular\",\n  \"colorTheme\": \"light\",\n  \"locale\": \"es\"\n}\n  <\/script>\n<\/div>\t\t\t\t<\/div>\n\t\t\t\t<\/div>\n\t\t<div class=\"elementor-element elementor-element-f4faa32 e-con-full e-flex e-con e-parent\" data-id=\"f4faa32\" data-element_type=\"container\" data-e-type=\"container\">\n\t\t<div class=\"elementor-element elementor-element-d3d805a e-con-full e-flex e-con e-child\" data-id=\"d3d805a\" data-element_type=\"container\" data-e-type=\"container\">\n\t\t\t\t<div class=\"elementor-element elementor-element-e19aef7 elementor-widget__width-initial elementor-widget elementor-widget-image\" data-id=\"e19aef7\" data-element_type=\"widget\" data-e-type=\"widget\" data-widget_type=\"image.default\">\n\t\t\t\t\t\t\t\t\t\t\t\t\t\t\t\t<a href=\"https:\/\/wa.me\/51905448619?text=Hola%20Miner%C3%ADa%20y%20Proyectos!%20Estoy%20interesado%20en%20tener%20un%20espacio%20publicitario%20en%20tu%20web\">\n\t\t\t\t\t\t\t<img fetchpriority=\"high\" decoding=\"async\" width=\"388\" height=\"690\" src=\"https:\/\/mineriayproyectos.com\/wp-content\/uploads\/2026\/06\/ESPACIO-PUBLICITARIO-DISPONIBLE.gif\" class=\"attachment-2048x2048 size-2048x2048 wp-image-29714\" alt=\"\" \/>\t\t\t\t\t\t\t\t<\/a>\n\t\t\t\t\t\t\t\t\t\t\t\t\t\t\t<\/div>\n\t\t\t\t<\/div>\n\t\t<div class=\"elementor-element elementor-element-788e841 e-con-full e-flex e-con e-child\" data-id=\"788e841\" data-element_type=\"container\" data-e-type=\"container\">\n\t\t\t\t<div class=\"elementor-element elementor-element-a41141c elementor-widget elementor-widget-heading\" data-id=\"a41141c\" data-element_type=\"widget\" data-e-type=\"widget\" data-widget_type=\"heading.default\">\n\t\t\t\t\t<h2 class=\"elementor-heading-title elementor-size-default\">Lo m\u00e1s reciente:<\/h2>\t\t\t\t<\/div>\n\t\t\t\t<div class=\"elementor-element elementor-element-48001a8 elementor-arrows-position-outside elementor-pagination-type-bullets elementor-pagination-position-outside elementor-widget elementor-widget-loop-carousel\" data-id=\"48001a8\" data-element_type=\"widget\" data-e-type=\"widget\" data-settings=\"{&quot;template_id&quot;:&quot;29874&quot;,&quot;autoplay_speed&quot;:7000,&quot;image_spacing_custom&quot;:{&quot;unit&quot;:&quot;px&quot;,&quot;size&quot;:30,&quot;sizes&quot;:[]},&quot;_skin&quot;:&quot;post&quot;,&quot;slides_to_show&quot;:&quot;3&quot;,&quot;slides_to_show_tablet&quot;:&quot;2&quot;,&quot;slides_to_show_mobile&quot;:&quot;1&quot;,&quot;slides_to_scroll&quot;:&quot;1&quot;,&quot;edit_handle_selector&quot;:&quot;.elementor-loop-container&quot;,&quot;autoplay&quot;:&quot;yes&quot;,&quot;pause_on_hover&quot;:&quot;yes&quot;,&quot;pause_on_interaction&quot;:&quot;yes&quot;,&quot;infinite&quot;:&quot;yes&quot;,&quot;speed&quot;:500,&quot;offset_sides&quot;:&quot;none&quot;,&quot;arrows&quot;:&quot;yes&quot;,&quot;pagination&quot;:&quot;bullets&quot;,&quot;image_spacing_custom_tablet&quot;:{&quot;unit&quot;:&quot;px&quot;,&quot;size&quot;:&quot;&quot;,&quot;sizes&quot;:[]},&quot;image_spacing_custom_mobile&quot;:{&quot;unit&quot;:&quot;px&quot;,&quot;size&quot;:&quot;&quot;,&quot;sizes&quot;:[]}}\" data-widget_type=\"loop-carousel.post\">\n\t\t\t\t\t\t\t<div class=\"swiper elementor-loop-container elementor-grid\" role=\"list\" dir=\"ltr\">\n\t\t\t\t<div class=\"swiper-wrapper\" aria-live=\"off\">\n\t\t<style id=\"loop-29874\">.elementor-29874 .elementor-element.elementor-element-057fa25{--display:flex;--flex-direction:column;--container-widget-width:100%;--container-widget-height:initial;--container-widget-flex-grow:0;--container-widget-align-self:initial;--flex-wrap-mobile:wrap;}.elementor-29874 .elementor-element.elementor-element-057fa25:not(.elementor-motion-effects-element-type-background), .elementor-29874 .elementor-element.elementor-element-057fa25 > .elementor-motion-effects-container > .elementor-motion-effects-layer{background-color:#FFFFFF;}.elementor-widget-theme-post-featured-image .widget-image-caption{color:var( --e-global-color-text );font-family:var( --e-global-typography-text-font-family ), Sans-serif;font-weight:var( --e-global-typography-text-font-weight );}.elementor-widget-theme-post-title .elementor-heading-title{font-family:var( --e-global-typography-primary-font-family ), Sans-serif;font-weight:var( --e-global-typography-primary-font-weight );color:var( --e-global-color-primary );}.elementor-29874 .elementor-element.elementor-element-2b60229 .elementor-heading-title{font-family:\"Roboto\", Sans-serif;font-size:22px;font-weight:600;color:#000000;}.elementor-29874 .elementor-element.elementor-element-17c73eb{--display:grid;--e-con-grid-template-columns:repeat(1, 1fr);--e-con-grid-template-rows:repeat(1, 1fr);--grid-auto-flow:row;}.elementor-widget-post-info .elementor-icon-list-item:not(:last-child):after{border-color:var( --e-global-color-text );}.elementor-widget-post-info .elementor-icon-list-icon i{color:var( --e-global-color-primary );}.elementor-widget-post-info .elementor-icon-list-icon svg{fill:var( --e-global-color-primary );}.elementor-widget-post-info .elementor-icon-list-text, .elementor-widget-post-info .elementor-icon-list-text a{color:var( --e-global-color-secondary );}.elementor-widget-post-info .elementor-icon-list-item{font-family:var( --e-global-typography-text-font-family ), Sans-serif;font-weight:var( --e-global-typography-text-font-weight );}.elementor-29874 .elementor-element.elementor-element-5fbb05b .elementor-icon-list-items:not(.elementor-inline-items) .elementor-icon-list-item:not(:last-child){padding-bottom:calc(100px\/2);}.elementor-29874 .elementor-element.elementor-element-5fbb05b .elementor-icon-list-items:not(.elementor-inline-items) .elementor-icon-list-item:not(:first-child){margin-top:calc(100px\/2);}.elementor-29874 .elementor-element.elementor-element-5fbb05b .elementor-icon-list-items.elementor-inline-items .elementor-icon-list-item{margin-right:calc(100px\/2);margin-left:calc(100px\/2);}.elementor-29874 .elementor-element.elementor-element-5fbb05b .elementor-icon-list-items.elementor-inline-items{margin-right:calc(-100px\/2);margin-left:calc(-100px\/2);}body.rtl .elementor-29874 .elementor-element.elementor-element-5fbb05b .elementor-icon-list-items.elementor-inline-items .elementor-icon-list-item:after{left:calc(-100px\/2);}body:not(.rtl) .elementor-29874 .elementor-element.elementor-element-5fbb05b .elementor-icon-list-items.elementor-inline-items .elementor-icon-list-item:after{right:calc(-100px\/2);}.elementor-29874 .elementor-element.elementor-element-5fbb05b .elementor-icon-list-icon{width:14px;}.elementor-29874 .elementor-element.elementor-element-5fbb05b .elementor-icon-list-icon i{font-size:14px;}.elementor-29874 .elementor-element.elementor-element-5fbb05b .elementor-icon-list-icon svg{--e-icon-list-icon-size:14px;}@media(max-width:1024px){.elementor-29874 .elementor-element.elementor-element-17c73eb{--grid-auto-flow:row;}}@media(max-width:767px){.elementor-29874 .elementor-element.elementor-element-17c73eb{--e-con-grid-template-columns:repeat(1, 1fr);--grid-auto-flow:row;}}<\/style>\t\t<div data-elementor-type=\"loop-item\" data-elementor-id=\"29874\" class=\"elementor elementor-29874 swiper-slide e-loop-item e-loop-item-31371 post-31371 post type-post status-publish format-standard has-post-thumbnail hentry category-mineria tag-compania-minera-crespo tag-cusco\" data-elementor-post-type=\"elementor_library\" role=\"group\" aria-roledescription=\"slide\" data-custom-edit-handle=\"1\">\n\t\t\t<div class=\"elementor-element elementor-element-057fa25 e-flex e-con-boxed e-con e-parent\" data-id=\"057fa25\" data-element_type=\"container\" data-e-type=\"container\" data-settings=\"{&quot;background_background&quot;:&quot;classic&quot;}\">\n\t\t\t\t\t<div class=\"e-con-inner\">\n\t\t\t\t<div class=\"elementor-element elementor-element-416ae0b elementor-widget elementor-widget-theme-post-featured-image elementor-widget-image\" data-id=\"416ae0b\" data-element_type=\"widget\" data-e-type=\"widget\" data-widget_type=\"theme-post-featured-image.default\">\n\t\t\t\t\t\t\t\t\t\t\t\t\t\t\t\t<a href=\"https:\/\/mineriayproyectos.com\/en\/mineria\/2026\/09\/04\/minera-crespo-aprobacion-senace-cusco\/\">\n\t\t\t\t\t\t\t<img decoding=\"async\" width=\"800\" height=\"450\" src=\"https:\/\/mineriayproyectos.com\/wp-content\/uploads\/2026\/09\/minera-crespo-aprobacion-senace-cusco-1024x576.jpg\" class=\"attachment-large size-large wp-image-31372\" alt=\"Minera Crespo obtiene aprobaci\u00f3n ambiental del Senace para ampliar operaciones en Cusco\" srcset=\"https:\/\/mineriayproyectos.com\/wp-content\/uploads\/2026\/09\/minera-crespo-aprobacion-senace-cusco-1024x576.jpg 1024w, https:\/\/mineriayproyectos.com\/wp-content\/uploads\/2026\/09\/minera-crespo-aprobacion-senace-cusco-300x169.jpg 300w, https:\/\/mineriayproyectos.com\/wp-content\/uploads\/2026\/09\/minera-crespo-aprobacion-senace-cusco-768x432.jpg 768w, https:\/\/mineriayproyectos.com\/wp-content\/uploads\/2026\/09\/minera-crespo-aprobacion-senace-cusco-1536x864.jpg 1536w, https:\/\/mineriayproyectos.com\/wp-content\/uploads\/2026\/09\/minera-crespo-aprobacion-senace-cusco-18x10.jpg 18w, https:\/\/mineriayproyectos.com\/wp-content\/uploads\/2026\/09\/minera-crespo-aprobacion-senace-cusco.jpg 1920w\" sizes=\"(max-width: 800px) 100vw, 800px\" \/>\t\t\t\t\t\t\t\t<\/a>\n\t\t\t\t\t\t\t\t\t\t\t\t\t\t\t<\/div>\n\t\t\t\t<div class=\"elementor-element elementor-element-2b60229 elementor-widget elementor-widget-theme-post-title elementor-page-title elementor-widget-heading\" data-id=\"2b60229\" data-element_type=\"widget\" data-e-type=\"widget\" data-widget_type=\"theme-post-title.default\">\n\t\t\t\t\t<h1 class=\"elementor-heading-title elementor-size-default\"><a href=\"https:\/\/mineriayproyectos.com\/en\/mineria\/2026\/09\/04\/minera-crespo-aprobacion-senace-cusco\/\">Minera Crespo obtiene aprobaci\u00f3n ambiental del Senace para ampliar operaciones en Cusco<\/a><\/h1>\t\t\t\t<\/div>\n\t\t<div class=\"elementor-element elementor-element-17c73eb e-grid e-con-full e-con e-child\" data-id=\"17c73eb\" data-element_type=\"container\" data-e-type=\"container\">\n\t\t\t\t<div class=\"elementor-element elementor-element-5fbb05b elementor-widget elementor-widget-post-info\" data-id=\"5fbb05b\" data-element_type=\"widget\" data-e-type=\"widget\" data-widget_type=\"post-info.default\">\n\t\t\t\t\t\t\t<ul class=\"elementor-inline-items elementor-icon-list-items elementor-post-info\">\n\t\t\t\t\t\t\t\t<li class=\"elementor-icon-list-item elementor-repeater-item-eb9f5f3 elementor-inline-item\" itemprop=\"datePublished\">\n\t\t\t\t\t\t<a href=\"https:\/\/mineriayproyectos.com\/en\/2026\/09\/04\/\">\n\t\t\t\t\t\t\t\t\t\t\t\t\t\t<span class=\"elementor-icon-list-text elementor-post-info__item elementor-post-info__item--type-date\">\n\t\t\t\t\t\t\t\t\t\t<time>September 4, 2026<\/time>\t\t\t\t\t<\/span>\n\t\t\t\t\t\t\t\t\t<\/a>\n\t\t\t\t<\/li>\n\t\t\t\t<li class=\"elementor-icon-list-item elementor-repeater-item-6a7b8ee elementor-inline-item\" itemprop=\"about\">\n\t\t\t\t\t\t\t\t\t\t\t\t\t<span class=\"elementor-icon-list-text elementor-post-info__item elementor-post-info__item--type-terms\">\n\t\t\t\t\t\t\t\t\t\t<span class=\"elementor-post-info__terms-list\">\n\t\t\t\t<a href=\"https:\/\/mineriayproyectos.com\/en\/category\/mineria\/\" class=\"elementor-post-info__terms-list-item\">Miner\u00eda<\/a>\t\t\t\t<\/span>\n\t\t\t\t\t<\/span>\n\t\t\t\t\t\t\t\t<\/li>\n\t\t\t\t<\/ul>\n\t\t\t\t\t\t<\/div>\n\t\t\t\t<\/div>\n\t\t\t\t\t<\/div>\n\t\t\t\t<\/div>\n\t\t\t\t<\/div>\n\t\t\t\t<div data-elementor-type=\"loop-item\" data-elementor-id=\"29874\" class=\"elementor elementor-29874 swiper-slide e-loop-item e-loop-item-31367 post-31367 post type-post status-publish format-standard has-post-thumbnail hentry category-mineria tag-cip-lima\" data-elementor-post-type=\"elementor_library\" role=\"group\" aria-roledescription=\"slide\" data-custom-edit-handle=\"1\">\n\t\t\t<div class=\"elementor-element elementor-element-057fa25 e-flex e-con-boxed e-con e-parent\" data-id=\"057fa25\" data-element_type=\"container\" data-e-type=\"container\" data-settings=\"{&quot;background_background&quot;:&quot;classic&quot;}\">\n\t\t\t\t\t<div class=\"e-con-inner\">\n\t\t\t\t<div class=\"elementor-element elementor-element-416ae0b elementor-widget elementor-widget-theme-post-featured-image elementor-widget-image\" data-id=\"416ae0b\" data-element_type=\"widget\" data-e-type=\"widget\" data-widget_type=\"theme-post-featured-image.default\">\n\t\t\t\t\t\t\t\t\t\t\t\t\t\t\t\t<a href=\"https:\/\/mineriayproyectos.com\/en\/mineria\/2026\/09\/04\/cip-lima-certificacion-ambiental-ejecutivo\/\">\n\t\t\t\t\t\t\t<img decoding=\"async\" width=\"800\" height=\"450\" src=\"https:\/\/mineriayproyectos.com\/wp-content\/uploads\/2026\/09\/cip-lima-certificacion-ambiental-ejecutivo-1024x576.jpg\" class=\"attachment-large size-large wp-image-31368\" alt=\"CIP Lima expresa preocupaci\u00f3n por medidas del Ejecutivo en materia de certificaci\u00f3n ambiental\" srcset=\"https:\/\/mineriayproyectos.com\/wp-content\/uploads\/2026\/09\/cip-lima-certificacion-ambiental-ejecutivo-1024x576.jpg 1024w, https:\/\/mineriayproyectos.com\/wp-content\/uploads\/2026\/09\/cip-lima-certificacion-ambiental-ejecutivo-300x169.jpg 300w, https:\/\/mineriayproyectos.com\/wp-content\/uploads\/2026\/09\/cip-lima-certificacion-ambiental-ejecutivo-768x432.jpg 768w, https:\/\/mineriayproyectos.com\/wp-content\/uploads\/2026\/09\/cip-lima-certificacion-ambiental-ejecutivo-1536x864.jpg 1536w, https:\/\/mineriayproyectos.com\/wp-content\/uploads\/2026\/09\/cip-lima-certificacion-ambiental-ejecutivo-18x10.jpg 18w, https:\/\/mineriayproyectos.com\/wp-content\/uploads\/2026\/09\/cip-lima-certificacion-ambiental-ejecutivo.jpg 1920w\" sizes=\"(max-width: 800px) 100vw, 800px\" \/>\t\t\t\t\t\t\t\t<\/a>\n\t\t\t\t\t\t\t\t\t\t\t\t\t\t\t<\/div>\n\t\t\t\t<div class=\"elementor-element elementor-element-2b60229 elementor-widget elementor-widget-theme-post-title elementor-page-title elementor-widget-heading\" data-id=\"2b60229\" data-element_type=\"widget\" data-e-type=\"widget\" data-widget_type=\"theme-post-title.default\">\n\t\t\t\t\t<h1 class=\"elementor-heading-title elementor-size-default\"><a href=\"https:\/\/mineriayproyectos.com\/en\/mineria\/2026\/09\/04\/cip-lima-certificacion-ambiental-ejecutivo\/\">CIP Lima expresa preocupaci\u00f3n por medidas del Ejecutivo en materia ambiental<\/a><\/h1>\t\t\t\t<\/div>\n\t\t<div class=\"elementor-element elementor-element-17c73eb e-grid e-con-full e-con e-child\" data-id=\"17c73eb\" data-element_type=\"container\" data-e-type=\"container\">\n\t\t\t\t<div class=\"elementor-element elementor-element-5fbb05b elementor-widget elementor-widget-post-info\" data-id=\"5fbb05b\" data-element_type=\"widget\" data-e-type=\"widget\" data-widget_type=\"post-info.default\">\n\t\t\t\t\t\t\t<ul class=\"elementor-inline-items elementor-icon-list-items elementor-post-info\">\n\t\t\t\t\t\t\t\t<li class=\"elementor-icon-list-item elementor-repeater-item-eb9f5f3 elementor-inline-item\" itemprop=\"datePublished\">\n\t\t\t\t\t\t<a href=\"https:\/\/mineriayproyectos.com\/en\/2026\/09\/04\/\">\n\t\t\t\t\t\t\t\t\t\t\t\t\t\t<span class=\"elementor-icon-list-text elementor-post-info__item elementor-post-info__item--type-date\">\n\t\t\t\t\t\t\t\t\t\t<time>September 4, 2026<\/time>\t\t\t\t\t<\/span>\n\t\t\t\t\t\t\t\t\t<\/a>\n\t\t\t\t<\/li>\n\t\t\t\t<li class=\"elementor-icon-list-item elementor-repeater-item-6a7b8ee elementor-inline-item\" itemprop=\"about\">\n\t\t\t\t\t\t\t\t\t\t\t\t\t<span class=\"elementor-icon-list-text elementor-post-info__item elementor-post-info__item--type-terms\">\n\t\t\t\t\t\t\t\t\t\t<span class=\"elementor-post-info__terms-list\">\n\t\t\t\t<a href=\"https:\/\/mineriayproyectos.com\/en\/category\/mineria\/\" class=\"elementor-post-info__terms-list-item\">Miner\u00eda<\/a>\t\t\t\t<\/span>\n\t\t\t\t\t<\/span>\n\t\t\t\t\t\t\t\t<\/li>\n\t\t\t\t<\/ul>\n\t\t\t\t\t\t<\/div>\n\t\t\t\t<\/div>\n\t\t\t\t\t<\/div>\n\t\t\t\t<\/div>\n\t\t\t\t<\/div>\n\t\t\t\t<div data-elementor-type=\"loop-item\" data-elementor-id=\"29874\" class=\"elementor elementor-29874 swiper-slide e-loop-item e-loop-item-31364 post-31364 post type-post status-publish format-standard has-post-thumbnail hentry category-eventos category-mineria tag-congreso-peruano-de-geologia-2026 tag-geologia\" data-elementor-post-type=\"elementor_library\" role=\"group\" aria-roledescription=\"slide\" data-custom-edit-handle=\"1\">\n\t\t\t<div class=\"elementor-element elementor-element-057fa25 e-flex e-con-boxed e-con e-parent\" data-id=\"057fa25\" data-element_type=\"container\" data-e-type=\"container\" data-settings=\"{&quot;background_background&quot;:&quot;classic&quot;}\">\n\t\t\t\t\t<div class=\"e-con-inner\">\n\t\t\t\t<div class=\"elementor-element elementor-element-416ae0b elementor-widget elementor-widget-theme-post-featured-image elementor-widget-image\" data-id=\"416ae0b\" data-element_type=\"widget\" data-e-type=\"widget\" data-widget_type=\"theme-post-featured-image.default\">\n\t\t\t\t\t\t\t\t\t\t\t\t\t\t\t\t<a href=\"https:\/\/mineriayproyectos.com\/en\/eventos\/2026\/09\/04\/congreso-peruano-geologia-2026-prevencion-riesgos\/\">\n\t\t\t\t\t\t\t<img loading=\"lazy\" decoding=\"async\" width=\"800\" height=\"450\" src=\"https:\/\/mineriayproyectos.com\/wp-content\/uploads\/2026\/09\/congreso-peruano-geologia-2026-prevencion-riesgos-1024x576.jpg\" class=\"attachment-large size-large wp-image-31365\" alt=\"Congreso Peruano de Geolog\u00eda 2026 abordar\u00e1 prevenci\u00f3n de riesgos naturales y planificaci\u00f3n del territorio\" srcset=\"https:\/\/mineriayproyectos.com\/wp-content\/uploads\/2026\/09\/congreso-peruano-geologia-2026-prevencion-riesgos-1024x576.jpg 1024w, https:\/\/mineriayproyectos.com\/wp-content\/uploads\/2026\/09\/congreso-peruano-geologia-2026-prevencion-riesgos-300x169.jpg 300w, https:\/\/mineriayproyectos.com\/wp-content\/uploads\/2026\/09\/congreso-peruano-geologia-2026-prevencion-riesgos-768x432.jpg 768w, https:\/\/mineriayproyectos.com\/wp-content\/uploads\/2026\/09\/congreso-peruano-geologia-2026-prevencion-riesgos-1536x864.jpg 1536w, https:\/\/mineriayproyectos.com\/wp-content\/uploads\/2026\/09\/congreso-peruano-geologia-2026-prevencion-riesgos-18x10.jpg 18w, https:\/\/mineriayproyectos.com\/wp-content\/uploads\/2026\/09\/congreso-peruano-geologia-2026-prevencion-riesgos.jpg 1920w\" sizes=\"(max-width: 800px) 100vw, 800px\" \/>\t\t\t\t\t\t\t\t<\/a>\n\t\t\t\t\t\t\t\t\t\t\t\t\t\t\t<\/div>\n\t\t\t\t<div class=\"elementor-element elementor-element-2b60229 elementor-widget elementor-widget-theme-post-title elementor-page-title elementor-widget-heading\" data-id=\"2b60229\" data-element_type=\"widget\" data-e-type=\"widget\" data-widget_type=\"theme-post-title.default\">\n\t\t\t\t\t<h1 class=\"elementor-heading-title elementor-size-default\"><a href=\"https:\/\/mineriayproyectos.com\/en\/eventos\/2026\/09\/04\/congreso-peruano-geologia-2026-prevencion-riesgos\/\">Congreso Peruano de Geolog\u00eda 2026 plantear\u00e1 convertir riesgos naturales en oportunidades para el pa\u00eds<\/a><\/h1>\t\t\t\t<\/div>\n\t\t<div class=\"elementor-element elementor-element-17c73eb e-grid e-con-full e-con e-child\" data-id=\"17c73eb\" data-element_type=\"container\" data-e-type=\"container\">\n\t\t\t\t<div class=\"elementor-element elementor-element-5fbb05b elementor-widget elementor-widget-post-info\" data-id=\"5fbb05b\" data-element_type=\"widget\" data-e-type=\"widget\" data-widget_type=\"post-info.default\">\n\t\t\t\t\t\t\t<ul class=\"elementor-inline-items elementor-icon-list-items elementor-post-info\">\n\t\t\t\t\t\t\t\t<li class=\"elementor-icon-list-item elementor-repeater-item-eb9f5f3 elementor-inline-item\" itemprop=\"datePublished\">\n\t\t\t\t\t\t<a href=\"https:\/\/mineriayproyectos.com\/en\/2026\/09\/04\/\">\n\t\t\t\t\t\t\t\t\t\t\t\t\t\t<span class=\"elementor-icon-list-text elementor-post-info__item elementor-post-info__item--type-date\">\n\t\t\t\t\t\t\t\t\t\t<time>September 4, 2026<\/time>\t\t\t\t\t<\/span>\n\t\t\t\t\t\t\t\t\t<\/a>\n\t\t\t\t<\/li>\n\t\t\t\t<li class=\"elementor-icon-list-item elementor-repeater-item-6a7b8ee elementor-inline-item\" itemprop=\"about\">\n\t\t\t\t\t\t\t\t\t\t\t\t\t<span class=\"elementor-icon-list-text elementor-post-info__item elementor-post-info__item--type-terms\">\n\t\t\t\t\t\t\t\t\t\t<span class=\"elementor-post-info__terms-list\">\n\t\t\t\t<a href=\"https:\/\/mineriayproyectos.com\/en\/category\/eventos\/\" class=\"elementor-post-info__terms-list-item\">Eventos<\/a>, <a href=\"https:\/\/mineriayproyectos.com\/en\/category\/mineria\/\" class=\"elementor-post-info__terms-list-item\">Miner\u00eda<\/a>\t\t\t\t<\/span>\n\t\t\t\t\t<\/span>\n\t\t\t\t\t\t\t\t<\/li>\n\t\t\t\t<\/ul>\n\t\t\t\t\t\t<\/div>\n\t\t\t\t<\/div>\n\t\t\t\t\t<\/div>\n\t\t\t\t<\/div>\n\t\t\t\t<\/div>\n\t\t\t\t<div data-elementor-type=\"loop-item\" data-elementor-id=\"29874\" class=\"elementor elementor-29874 swiper-slide e-loop-item e-loop-item-31359 post-31359 post type-post status-publish format-standard has-post-thumbnail hentry category-mineria tag-minera-chinalco-peru tag-molino tag-toromocho\" data-elementor-post-type=\"elementor_library\" role=\"group\" aria-roledescription=\"slide\" data-custom-edit-handle=\"1\">\n\t\t\t<div class=\"elementor-element elementor-element-057fa25 e-flex e-con-boxed e-con e-parent\" data-id=\"057fa25\" data-element_type=\"container\" data-e-type=\"container\" data-settings=\"{&quot;background_background&quot;:&quot;classic&quot;}\">\n\t\t\t\t\t<div class=\"e-con-inner\">\n\t\t\t\t<div class=\"elementor-element elementor-element-416ae0b elementor-widget elementor-widget-theme-post-featured-image elementor-widget-image\" data-id=\"416ae0b\" data-element_type=\"widget\" data-e-type=\"widget\" data-widget_type=\"theme-post-featured-image.default\">\n\t\t\t\t\t\t\t\t\t\t\t\t\t\t\t\t<a href=\"https:\/\/mineriayproyectos.com\/en\/mineria\/2026\/09\/04\/toromocho-chinalco-cambio-molino-bolas-mb2\/\">\n\t\t\t\t\t\t\t<img loading=\"lazy\" decoding=\"async\" width=\"800\" height=\"450\" src=\"https:\/\/mineriayproyectos.com\/wp-content\/uploads\/2026\/09\/toromocho-chinalco-molino-bolas-mb2-1024x576.jpg\" class=\"attachment-large size-large wp-image-31360\" alt=\"Toromocho inicia cambio del Molino de Bolas MB2 tras reemplazar el MB1\" srcset=\"https:\/\/mineriayproyectos.com\/wp-content\/uploads\/2026\/09\/toromocho-chinalco-molino-bolas-mb2-1024x576.jpg 1024w, https:\/\/mineriayproyectos.com\/wp-content\/uploads\/2026\/09\/toromocho-chinalco-molino-bolas-mb2-300x169.jpg 300w, https:\/\/mineriayproyectos.com\/wp-content\/uploads\/2026\/09\/toromocho-chinalco-molino-bolas-mb2-768x432.jpg 768w, https:\/\/mineriayproyectos.com\/wp-content\/uploads\/2026\/09\/toromocho-chinalco-molino-bolas-mb2-1536x864.jpg 1536w, https:\/\/mineriayproyectos.com\/wp-content\/uploads\/2026\/09\/toromocho-chinalco-molino-bolas-mb2-18x10.jpg 18w, https:\/\/mineriayproyectos.com\/wp-content\/uploads\/2026\/09\/toromocho-chinalco-molino-bolas-mb2.jpg 1920w\" sizes=\"(max-width: 800px) 100vw, 800px\" \/>\t\t\t\t\t\t\t\t<\/a>\n\t\t\t\t\t\t\t\t\t\t\t\t\t\t\t<\/div>\n\t\t\t\t<div class=\"elementor-element elementor-element-2b60229 elementor-widget elementor-widget-theme-post-title elementor-page-title elementor-widget-heading\" data-id=\"2b60229\" data-element_type=\"widget\" data-e-type=\"widget\" data-widget_type=\"theme-post-title.default\">\n\t\t\t\t\t<h1 class=\"elementor-heading-title elementor-size-default\"><a href=\"https:\/\/mineriayproyectos.com\/en\/mineria\/2026\/09\/04\/toromocho-chinalco-cambio-molino-bolas-mb2\/\">Toromocho: Minera Chinalco inicia cambio del Molino de Bolas MB2 tras reemplazar el MB1<\/a><\/h1>\t\t\t\t<\/div>\n\t\t<div class=\"elementor-element elementor-element-17c73eb e-grid e-con-full e-con e-child\" data-id=\"17c73eb\" data-element_type=\"container\" data-e-type=\"container\">\n\t\t\t\t<div class=\"elementor-element elementor-element-5fbb05b elementor-widget elementor-widget-post-info\" data-id=\"5fbb05b\" data-element_type=\"widget\" data-e-type=\"widget\" data-widget_type=\"post-info.default\">\n\t\t\t\t\t\t\t<ul class=\"elementor-inline-items elementor-icon-list-items elementor-post-info\">\n\t\t\t\t\t\t\t\t<li class=\"elementor-icon-list-item elementor-repeater-item-eb9f5f3 elementor-inline-item\" itemprop=\"datePublished\">\n\t\t\t\t\t\t<a href=\"https:\/\/mineriayproyectos.com\/en\/2026\/09\/04\/\">\n\t\t\t\t\t\t\t\t\t\t\t\t\t\t<span class=\"elementor-icon-list-text elementor-post-info__item elementor-post-info__item--type-date\">\n\t\t\t\t\t\t\t\t\t\t<time>September 4, 2026<\/time>\t\t\t\t\t<\/span>\n\t\t\t\t\t\t\t\t\t<\/a>\n\t\t\t\t<\/li>\n\t\t\t\t<li class=\"elementor-icon-list-item elementor-repeater-item-6a7b8ee elementor-inline-item\" itemprop=\"about\">\n\t\t\t\t\t\t\t\t\t\t\t\t\t<span class=\"elementor-icon-list-text elementor-post-info__item elementor-post-info__item--type-terms\">\n\t\t\t\t\t\t\t\t\t\t<span class=\"elementor-post-info__terms-list\">\n\t\t\t\t<a href=\"https:\/\/mineriayproyectos.com\/en\/category\/mineria\/\" class=\"elementor-post-info__terms-list-item\">Miner\u00eda<\/a>\t\t\t\t<\/span>\n\t\t\t\t\t<\/span>\n\t\t\t\t\t\t\t\t<\/li>\n\t\t\t\t<\/ul>\n\t\t\t\t\t\t<\/div>\n\t\t\t\t<\/div>\n\t\t\t\t\t<\/div>\n\t\t\t\t<\/div>\n\t\t\t\t<\/div>\n\t\t\t\t<div data-elementor-type=\"loop-item\" data-elementor-id=\"29874\" class=\"elementor elementor-29874 swiper-slide e-loop-item e-loop-item-31356 post-31356 post type-post status-publish format-standard has-post-thumbnail hentry category-electricidad tag-electricidad tag-medidores-inteligentes\" data-elementor-post-type=\"elementor_library\" role=\"group\" aria-roledescription=\"slide\" data-custom-edit-handle=\"1\">\n\t\t\t<div class=\"elementor-element elementor-element-057fa25 e-flex e-con-boxed e-con e-parent\" data-id=\"057fa25\" data-element_type=\"container\" data-e-type=\"container\" data-settings=\"{&quot;background_background&quot;:&quot;classic&quot;}\">\n\t\t\t\t\t<div class=\"e-con-inner\">\n\t\t\t\t<div class=\"elementor-element elementor-element-416ae0b elementor-widget elementor-widget-theme-post-featured-image elementor-widget-image\" data-id=\"416ae0b\" data-element_type=\"widget\" data-e-type=\"widget\" data-widget_type=\"theme-post-featured-image.default\">\n\t\t\t\t\t\t\t\t\t\t\t\t\t\t\t\t<a href=\"https:\/\/mineriayproyectos.com\/en\/energia\/electricidad\/2026\/09\/04\/medidores-inteligentes-modernizacion-electrica-peru\/\">\n\t\t\t\t\t\t\t<img loading=\"lazy\" decoding=\"async\" width=\"800\" height=\"450\" src=\"https:\/\/mineriayproyectos.com\/wp-content\/uploads\/2026\/09\/medicion-inteligente-peru-8-millones-medidores-1024x576.jpg\" class=\"attachment-large size-large wp-image-31357\" alt=\"Medici\u00f3n inteligente en Per\u00fa enfrenta retrasos pese a contar con 8 millones de medidores el\u00e9ctricos\" srcset=\"https:\/\/mineriayproyectos.com\/wp-content\/uploads\/2026\/09\/medicion-inteligente-peru-8-millones-medidores-1024x576.jpg 1024w, https:\/\/mineriayproyectos.com\/wp-content\/uploads\/2026\/09\/medicion-inteligente-peru-8-millones-medidores-300x169.jpg 300w, https:\/\/mineriayproyectos.com\/wp-content\/uploads\/2026\/09\/medicion-inteligente-peru-8-millones-medidores-768x432.jpg 768w, https:\/\/mineriayproyectos.com\/wp-content\/uploads\/2026\/09\/medicion-inteligente-peru-8-millones-medidores-1536x864.jpg 1536w, https:\/\/mineriayproyectos.com\/wp-content\/uploads\/2026\/09\/medicion-inteligente-peru-8-millones-medidores-18x10.jpg 18w, https:\/\/mineriayproyectos.com\/wp-content\/uploads\/2026\/09\/medicion-inteligente-peru-8-millones-medidores.jpg 1920w\" sizes=\"(max-width: 800px) 100vw, 800px\" \/>\t\t\t\t\t\t\t\t<\/a>\n\t\t\t\t\t\t\t\t\t\t\t\t\t\t\t<\/div>\n\t\t\t\t<div class=\"elementor-element elementor-element-2b60229 elementor-widget elementor-widget-theme-post-title elementor-page-title elementor-widget-heading\" data-id=\"2b60229\" data-element_type=\"widget\" data-e-type=\"widget\" data-widget_type=\"theme-post-title.default\">\n\t\t\t\t\t<h1 class=\"elementor-heading-title elementor-size-default\"><a href=\"https:\/\/mineriayproyectos.com\/en\/energia\/electricidad\/2026\/09\/04\/medidores-inteligentes-modernizacion-electrica-peru\/\">Per\u00fa tiene 8 millones de medidores y a\u00fan no concreta su salto hacia la medici\u00f3n inteligente<\/a><\/h1>\t\t\t\t<\/div>\n\t\t<div class=\"elementor-element elementor-element-17c73eb e-grid e-con-full e-con e-child\" data-id=\"17c73eb\" data-element_type=\"container\" data-e-type=\"container\">\n\t\t\t\t<div class=\"elementor-element elementor-element-5fbb05b elementor-widget elementor-widget-post-info\" data-id=\"5fbb05b\" data-element_type=\"widget\" data-e-type=\"widget\" data-widget_type=\"post-info.default\">\n\t\t\t\t\t\t\t<ul class=\"elementor-inline-items elementor-icon-list-items elementor-post-info\">\n\t\t\t\t\t\t\t\t<li class=\"elementor-icon-list-item elementor-repeater-item-eb9f5f3 elementor-inline-item\" itemprop=\"datePublished\">\n\t\t\t\t\t\t<a href=\"https:\/\/mineriayproyectos.com\/en\/2026\/09\/04\/\">\n\t\t\t\t\t\t\t\t\t\t\t\t\t\t<span class=\"elementor-icon-list-text elementor-post-info__item elementor-post-info__item--type-date\">\n\t\t\t\t\t\t\t\t\t\t<time>September 4, 2026<\/time>\t\t\t\t\t<\/span>\n\t\t\t\t\t\t\t\t\t<\/a>\n\t\t\t\t<\/li>\n\t\t\t\t<li class=\"elementor-icon-list-item elementor-repeater-item-6a7b8ee elementor-inline-item\" itemprop=\"about\">\n\t\t\t\t\t\t\t\t\t\t\t\t\t<span class=\"elementor-icon-list-text elementor-post-info__item elementor-post-info__item--type-terms\">\n\t\t\t\t\t\t\t\t\t\t<span class=\"elementor-post-info__terms-list\">\n\t\t\t\t<a href=\"https:\/\/mineriayproyectos.com\/en\/category\/energia\/electricidad\/\" class=\"elementor-post-info__terms-list-item\">Electricidad<\/a>\t\t\t\t<\/span>\n\t\t\t\t\t<\/span>\n\t\t\t\t\t\t\t\t<\/li>\n\t\t\t\t<\/ul>\n\t\t\t\t\t\t<\/div>\n\t\t\t\t<\/div>\n\t\t\t\t\t<\/div>\n\t\t\t\t<\/div>\n\t\t\t\t<\/div>\n\t\t\t\t<div data-elementor-type=\"loop-item\" data-elementor-id=\"29874\" class=\"elementor elementor-29874 swiper-slide e-loop-item e-loop-item-31353 post-31353 post type-post status-publish format-standard has-post-thumbnail hentry category-eventos category-mineria tag-foro-gmg-lima-2026 tag-hub-de-innovacion-minera-del-peru tag-tecnologia\" data-elementor-post-type=\"elementor_library\" role=\"group\" aria-roledescription=\"slide\" data-custom-edit-handle=\"1\">\n\t\t\t<div class=\"elementor-element elementor-element-057fa25 e-flex e-con-boxed e-con e-parent\" data-id=\"057fa25\" data-element_type=\"container\" data-e-type=\"container\" data-settings=\"{&quot;background_background&quot;:&quot;classic&quot;}\">\n\t\t\t\t\t<div class=\"e-con-inner\">\n\t\t\t\t<div class=\"elementor-element elementor-element-416ae0b elementor-widget elementor-widget-theme-post-featured-image elementor-widget-image\" data-id=\"416ae0b\" data-element_type=\"widget\" data-e-type=\"widget\" data-widget_type=\"theme-post-featured-image.default\">\n\t\t\t\t\t\t\t\t\t\t\t\t\t\t\t\t<a href=\"https:\/\/mineriayproyectos.com\/en\/eventos\/2026\/09\/04\/foro-gmg-lima-2026-tecnologia-mineria\/\">\n\t\t\t\t\t\t\t<img loading=\"lazy\" decoding=\"async\" width=\"800\" height=\"450\" src=\"https:\/\/mineriayproyectos.com\/wp-content\/uploads\/2026\/09\/foro-gmg-lima-2026-tecnologia-mineria-1024x576.jpg\" class=\"attachment-large size-large wp-image-31354\" alt=\"Foro GMG Lima 2026 abordar\u00e1 inteligencia artificial, autonom\u00eda, datos y geometalurgia\" srcset=\"https:\/\/mineriayproyectos.com\/wp-content\/uploads\/2026\/09\/foro-gmg-lima-2026-tecnologia-mineria-1024x576.jpg 1024w, https:\/\/mineriayproyectos.com\/wp-content\/uploads\/2026\/09\/foro-gmg-lima-2026-tecnologia-mineria-300x169.jpg 300w, https:\/\/mineriayproyectos.com\/wp-content\/uploads\/2026\/09\/foro-gmg-lima-2026-tecnologia-mineria-768x432.jpg 768w, https:\/\/mineriayproyectos.com\/wp-content\/uploads\/2026\/09\/foro-gmg-lima-2026-tecnologia-mineria-1536x864.jpg 1536w, https:\/\/mineriayproyectos.com\/wp-content\/uploads\/2026\/09\/foro-gmg-lima-2026-tecnologia-mineria-18x10.jpg 18w, https:\/\/mineriayproyectos.com\/wp-content\/uploads\/2026\/09\/foro-gmg-lima-2026-tecnologia-mineria.jpg 1920w\" sizes=\"(max-width: 800px) 100vw, 800px\" \/>\t\t\t\t\t\t\t\t<\/a>\n\t\t\t\t\t\t\t\t\t\t\t\t\t\t\t<\/div>\n\t\t\t\t<div class=\"elementor-element elementor-element-2b60229 elementor-widget elementor-widget-theme-post-title elementor-page-title elementor-widget-heading\" data-id=\"2b60229\" data-element_type=\"widget\" data-e-type=\"widget\" data-widget_type=\"theme-post-title.default\">\n\t\t\t\t\t<h1 class=\"elementor-heading-title elementor-size-default\"><a href=\"https:\/\/mineriayproyectos.com\/en\/eventos\/2026\/09\/04\/foro-gmg-lima-2026-tecnologia-mineria\/\">Foro GMG Lima 2026 pondr\u00e1 el foco en c\u00f3mo llevar la tecnolog\u00eda minera de los pilotos a la operaci\u00f3n<\/a><\/h1>\t\t\t\t<\/div>\n\t\t<div class=\"elementor-element elementor-element-17c73eb e-grid e-con-full e-con e-child\" data-id=\"17c73eb\" data-element_type=\"container\" data-e-type=\"container\">\n\t\t\t\t<div class=\"elementor-element elementor-element-5fbb05b elementor-widget elementor-widget-post-info\" data-id=\"5fbb05b\" data-element_type=\"widget\" data-e-type=\"widget\" data-widget_type=\"post-info.default\">\n\t\t\t\t\t\t\t<ul class=\"elementor-inline-items elementor-icon-list-items elementor-post-info\">\n\t\t\t\t\t\t\t\t<li class=\"elementor-icon-list-item elementor-repeater-item-eb9f5f3 elementor-inline-item\" itemprop=\"datePublished\">\n\t\t\t\t\t\t<a href=\"https:\/\/mineriayproyectos.com\/en\/2026\/09\/04\/\">\n\t\t\t\t\t\t\t\t\t\t\t\t\t\t<span class=\"elementor-icon-list-text elementor-post-info__item elementor-post-info__item--type-date\">\n\t\t\t\t\t\t\t\t\t\t<time>September 4, 2026<\/time>\t\t\t\t\t<\/span>\n\t\t\t\t\t\t\t\t\t<\/a>\n\t\t\t\t<\/li>\n\t\t\t\t<li class=\"elementor-icon-list-item elementor-repeater-item-6a7b8ee elementor-inline-item\" itemprop=\"about\">\n\t\t\t\t\t\t\t\t\t\t\t\t\t<span class=\"elementor-icon-list-text elementor-post-info__item elementor-post-info__item--type-terms\">\n\t\t\t\t\t\t\t\t\t\t<span class=\"elementor-post-info__terms-list\">\n\t\t\t\t<a href=\"https:\/\/mineriayproyectos.com\/en\/category\/eventos\/\" class=\"elementor-post-info__terms-list-item\">Eventos<\/a>, <a href=\"https:\/\/mineriayproyectos.com\/en\/category\/mineria\/\" class=\"elementor-post-info__terms-list-item\">Miner\u00eda<\/a>\t\t\t\t<\/span>\n\t\t\t\t\t<\/span>\n\t\t\t\t\t\t\t\t<\/li>\n\t\t\t\t<\/ul>\n\t\t\t\t\t\t<\/div>\n\t\t\t\t<\/div>\n\t\t\t\t\t<\/div>\n\t\t\t\t<\/div>\n\t\t\t\t<\/div>\n\t\t\t\t<\/div>\n\t\t<\/div>\n\t\t\t\t\t<div class=\"elementor-swiper-button elementor-swiper-button-prev\" role=\"button\" tabindex=\"0\" aria-label=\"Previous\">\n\t\t\t\t<svg aria-hidden=\"true\" class=\"e-font-icon-svg e-eicon-chevron-left\" viewBox=\"0 0 1000 1000\" xmlns=\"http:\/\/www.w3.org\/2000\/svg\"><path d=\"M646 125C629 125 613 133 604 142L308 442C296 454 292 471 292 487 292 504 296 521 308 533L604 854C617 867 629 875 646 875 663 875 679 871 692 858 704 846 713 829 713 812 713 796 708 779 692 767L438 487 692 225C700 217 708 204 708 187 708 171 704 154 692 142 675 129 663 125 646 125Z\"><\/path><\/svg>\t\t\t<\/div>\n\t\t\t<div class=\"elementor-swiper-button elementor-swiper-button-next\" role=\"button\" tabindex=\"0\" aria-label=\"Next\">\n\t\t\t\t<svg aria-hidden=\"true\" class=\"e-font-icon-svg e-eicon-chevron-right\" viewBox=\"0 0 1000 1000\" xmlns=\"http:\/\/www.w3.org\/2000\/svg\"><path d=\"M696 533C708 521 713 504 713 487 713 471 708 454 696 446L400 146C388 133 375 125 354 125 338 125 325 129 313 142 300 154 292 171 292 187 292 204 296 221 308 233L563 492 304 771C292 783 288 800 288 817 288 833 296 850 308 863 321 871 338 875 354 875 371 875 388 867 400 854L696 533Z\"><\/path><\/svg>\t\t\t<\/div>\n\t\t\t\t\t<div class=\"swiper-pagination\"><\/div>\n\t\t\t\t\t\t<\/div>\n\t\t\t\t<\/div>\n\t\t<div class=\"elementor-element elementor-element-27596e7 e-con-full e-flex e-con e-child\" data-id=\"27596e7\" data-element_type=\"container\" data-e-type=\"container\">\n\t\t\t\t<div class=\"elementor-element elementor-element-388146c elementor-widget__width-initial elementor-widget elementor-widget-image\" data-id=\"388146c\" data-element_type=\"widget\" data-e-type=\"widget\" data-widget_type=\"image.default\">\n\t\t\t\t\t\t\t\t\t\t\t\t\t\t\t\t<a href=\"https:\/\/wa.me\/51905448619?text=Hola%20Miner%C3%ADa%20y%20Proyectos!%20Estoy%20interesado%20en%20tener%20un%20espacio%20publicitario%20en%20tu%20web\">\n\t\t\t\t\t\t\t<img fetchpriority=\"high\" decoding=\"async\" width=\"388\" height=\"690\" src=\"https:\/\/mineriayproyectos.com\/wp-content\/uploads\/2026\/06\/ESPACIO-PUBLICITARIO-DISPONIBLE.gif\" class=\"attachment-2048x2048 size-2048x2048 wp-image-29714\" alt=\"\" \/>\t\t\t\t\t\t\t\t<\/a>\n\t\t\t\t\t\t\t\t\t\t\t\t\t\t\t<\/div>\n\t\t\t\t<\/div>\n\t\t\t\t<\/div>\n\t\t<div class=\"elementor-element elementor-element-a14b608 e-flex e-con-boxed e-con e-parent\" data-id=\"a14b608\" data-element_type=\"container\" data-e-type=\"container\">\n\t\t\t\t\t<div class=\"e-con-inner\">\n\t\t\t\t<div class=\"elementor-element elementor-element-929f26f elementor-widget elementor-widget-image\" data-id=\"929f26f\" data-element_type=\"widget\" data-e-type=\"widget\" data-widget_type=\"image.default\">\n\t\t\t\t\t\t\t\t\t\t\t\t\t\t\t\t<a href=\"https:\/\/encuentrometalurgia.com\/flotacion-2026\/\" target=\"_blank\">\n\t\t\t\t\t\t\t<img loading=\"lazy\" decoding=\"async\" width=\"1124\" height=\"131\" src=\"https:\/\/mineriayproyectos.com\/wp-content\/uploads\/2026\/06\/Mineri\u0301a-y-Proyectos-banner-Flotacio\u0301n.gif\" class=\"attachment-full size-full wp-image-29703\" alt=\"\" \/>\t\t\t\t\t\t\t\t<\/a>\n\t\t\t\t\t\t\t\t\t\t\t\t\t\t\t<\/div>\n\t\t\t\t\t<\/div>\n\t\t\t\t<\/div>\n\t\t<div class=\"elementor-element elementor-element-b0585ef e-con-full e-flex e-con e-parent\" data-id=\"b0585ef\" data-element_type=\"container\" data-e-type=\"container\">\n\t\t<div class=\"elementor-element elementor-element-9bb6725 e-con-full elementor-hidden-tablet elementor-hidden-mobile e-flex e-con e-child\" data-id=\"9bb6725\" data-element_type=\"container\" data-e-type=\"container\">\n\t\t\t\t<div class=\"elementor-element elementor-element-a2c56b1 elementor-widget__width-initial elementor-widget elementor-widget-image\" data-id=\"a2c56b1\" data-element_type=\"widget\" data-e-type=\"widget\" data-widget_type=\"image.default\">\n\t\t\t\t\t\t\t\t\t\t\t\t\t\t\t\t<a href=\"https:\/\/encuentrometalurgia.com\/mineria-5-0-2026\/\">\n\t\t\t\t\t\t\t<img loading=\"lazy\" decoding=\"async\" width=\"388\" height=\"690\" src=\"https:\/\/mineriayproyectos.com\/wp-content\/uploads\/2026\/09\/388x690-Banner-Mineri\u0301a-y-proyectos-EXO.jpg\" class=\"attachment-2048x2048 size-2048x2048 wp-image-31291\" alt=\"\" srcset=\"https:\/\/mineriayproyectos.com\/wp-content\/uploads\/2026\/09\/388x690-Banner-Mineri\u0301a-y-proyectos-EXO.jpg 388w, https:\/\/mineriayproyectos.com\/wp-content\/uploads\/2026\/09\/388x690-Banner-Mineri\u0301a-y-proyectos-EXO-169x300.jpg 169w, https:\/\/mineriayproyectos.com\/wp-content\/uploads\/2026\/09\/388x690-Banner-Mineri\u0301a-y-proyectos-EXO-7x12.jpg 7w\" sizes=\"(max-width: 388px) 100vw, 388px\" \/>\t\t\t\t\t\t\t\t<\/a>\n\t\t\t\t\t\t\t\t\t\t\t\t\t\t\t<\/div>\n\t\t\t\t<div class=\"elementor-element elementor-element-9fcad93 elementor-align-center elementor-widget elementor-widget-button\" data-id=\"9fcad93\" data-element_type=\"widget\" data-e-type=\"widget\" data-widget_type=\"button.default\">\n\t\t\t\t\t\t\t\t\t\t<a class=\"elementor-button elementor-button-link elementor-size-sm\" href=\"https:\/\/encuentrometalurgia.com\/aguas-y-relaves-2026\/\">\n\t\t\t\t\t\t<span class=\"elementor-button-content-wrapper\">\n\t\t\t\t\t\t\t\t\t<span class=\"elementor-button-text\">Inscr\u00edbete<\/span>\n\t\t\t\t\t<\/span>\n\t\t\t\t\t<\/a>\n\t\t\t\t\t\t\t\t<\/div>\n\t\t\t\t<div class=\"elementor-element elementor-element-8b6f956 elementor-widget__width-initial elementor-widget elementor-widget-image\" data-id=\"8b6f956\" data-element_type=\"widget\" data-e-type=\"widget\" data-widget_type=\"image.default\">\n\t\t\t\t\t\t\t\t\t\t\t\t\t\t\t\t<a href=\"https:\/\/wa.me\/51905448619?text=Hola%20Miner%C3%ADa%20y%20Proyectos!%20Estoy%20interesado%20en%20tener%20un%20espacio%20publicitario%20en%20tu%20web\">\n\t\t\t\t\t\t\t<img fetchpriority=\"high\" decoding=\"async\" width=\"388\" height=\"690\" src=\"https:\/\/mineriayproyectos.com\/wp-content\/uploads\/2026\/06\/ESPACIO-PUBLICITARIO-DISPONIBLE.gif\" class=\"attachment-2048x2048 size-2048x2048 wp-image-29714\" alt=\"\" \/>\t\t\t\t\t\t\t\t<\/a>\n\t\t\t\t\t\t\t\t\t\t\t\t\t\t\t<\/div>\n\t\t\t\t<\/div>\n\t\t<div class=\"elementor-element elementor-element-405eafa e-con-full e-flex e-con e-child\" data-id=\"405eafa\" data-element_type=\"container\" data-e-type=\"container\">\n\t\t<div class=\"elementor-element elementor-element-3dcd3ce e-con-full e-flex e-con e-child\" data-id=\"3dcd3ce\" data-element_type=\"container\" data-e-type=\"container\" data-settings=\"{&quot;background_background&quot;:&quot;classic&quot;}\">\n\t\t\t\t<div class=\"elementor-element elementor-element-2cc9e6a elementor-widget elementor-widget-heading\" data-id=\"2cc9e6a\" data-element_type=\"widget\" data-e-type=\"widget\" data-widget_type=\"heading.default\">\n\t\t\t\t\t<h2 class=\"elementor-heading-title elementor-size-default\">ECONOM\u00cdA<\/h2>\t\t\t\t<\/div>\n\t\t\t\t<\/div>\n\t\t<div class=\"elementor-element elementor-element-d6d3f82 e-con-full e-flex e-con e-child\" data-id=\"d6d3f82\" data-element_type=\"container\" data-e-type=\"container\">\n\t\t\t\t<div class=\"elementor-element elementor-element-332bd42 elementor-arrows-position-outside elementor-pagination-type-bullets elementor-pagination-position-outside elementor-widget elementor-widget-loop-carousel\" data-id=\"332bd42\" data-element_type=\"widget\" data-e-type=\"widget\" data-settings=\"{&quot;template_id&quot;:&quot;29874&quot;,&quot;image_spacing_custom&quot;:{&quot;unit&quot;:&quot;px&quot;,&quot;size&quot;:30,&quot;sizes&quot;:[]},&quot;_skin&quot;:&quot;post&quot;,&quot;slides_to_show&quot;:&quot;3&quot;,&quot;slides_to_show_tablet&quot;:&quot;2&quot;,&quot;slides_to_show_mobile&quot;:&quot;1&quot;,&quot;slides_to_scroll&quot;:&quot;1&quot;,&quot;edit_handle_selector&quot;:&quot;.elementor-loop-container&quot;,&quot;autoplay&quot;:&quot;yes&quot;,&quot;autoplay_speed&quot;:5000,&quot;pause_on_hover&quot;:&quot;yes&quot;,&quot;pause_on_interaction&quot;:&quot;yes&quot;,&quot;infinite&quot;:&quot;yes&quot;,&quot;speed&quot;:500,&quot;offset_sides&quot;:&quot;none&quot;,&quot;arrows&quot;:&quot;yes&quot;,&quot;pagination&quot;:&quot;bullets&quot;,&quot;image_spacing_custom_tablet&quot;:{&quot;unit&quot;:&quot;px&quot;,&quot;size&quot;:&quot;&quot;,&quot;sizes&quot;:[]},&quot;image_spacing_custom_mobile&quot;:{&quot;unit&quot;:&quot;px&quot;,&quot;size&quot;:&quot;&quot;,&quot;sizes&quot;:[]}}\" data-widget_type=\"loop-carousel.post\">\n\t\t\t\t\t\t\t<div class=\"swiper elementor-loop-container elementor-grid\" role=\"list\" dir=\"ltr\">\n\t\t\t\t<div class=\"swiper-wrapper\" aria-live=\"off\">\n\t\t\t\t<div data-elementor-type=\"loop-item\" data-elementor-id=\"29874\" class=\"elementor elementor-29874 swiper-slide e-loop-item e-loop-item-31006 post-31006 post type-post status-publish format-standard has-post-thumbnail hentry category-economia category-eventos tag-cajamarca tag-gess-2026\" data-elementor-post-type=\"elementor_library\" role=\"group\" aria-roledescription=\"slide\" data-custom-edit-handle=\"1\">\n\t\t\t<div class=\"elementor-element elementor-element-057fa25 e-flex e-con-boxed e-con e-parent\" data-id=\"057fa25\" data-element_type=\"container\" data-e-type=\"container\" data-settings=\"{&quot;background_background&quot;:&quot;classic&quot;}\">\n\t\t\t\t\t<div class=\"e-con-inner\">\n\t\t\t\t<div class=\"elementor-element elementor-element-416ae0b elementor-widget elementor-widget-theme-post-featured-image elementor-widget-image\" data-id=\"416ae0b\" data-element_type=\"widget\" data-e-type=\"widget\" data-widget_type=\"theme-post-featured-image.default\">\n\t\t\t\t\t\t\t\t\t\t\t\t\t\t\t\t<a href=\"https:\/\/mineriayproyectos.com\/en\/economia\/2026\/08\/19\/cajamarca-estudios-superiores-15-por-ciento\/\">\n\t\t\t\t\t\t\t<img loading=\"lazy\" decoding=\"async\" width=\"800\" height=\"450\" src=\"https:\/\/mineriayproyectos.com\/wp-content\/uploads\/2026\/08\/cajamarca-estudios-superiores-15-por-ciento-1024x576.jpg\" class=\"attachment-large size-large wp-image-31007\" alt=\"Cajamarca registra solo 15% de poblaci\u00f3n con estudios superiores frente al 35% nacional.\" srcset=\"https:\/\/mineriayproyectos.com\/wp-content\/uploads\/2026\/08\/cajamarca-estudios-superiores-15-por-ciento-1024x576.jpg 1024w, https:\/\/mineriayproyectos.com\/wp-content\/uploads\/2026\/08\/cajamarca-estudios-superiores-15-por-ciento-300x169.jpg 300w, https:\/\/mineriayproyectos.com\/wp-content\/uploads\/2026\/08\/cajamarca-estudios-superiores-15-por-ciento-768x432.jpg 768w, https:\/\/mineriayproyectos.com\/wp-content\/uploads\/2026\/08\/cajamarca-estudios-superiores-15-por-ciento-1536x864.jpg 1536w, https:\/\/mineriayproyectos.com\/wp-content\/uploads\/2026\/08\/cajamarca-estudios-superiores-15-por-ciento-18x10.jpg 18w, https:\/\/mineriayproyectos.com\/wp-content\/uploads\/2026\/08\/cajamarca-estudios-superiores-15-por-ciento.jpg 1920w\" sizes=\"(max-width: 800px) 100vw, 800px\" \/>\t\t\t\t\t\t\t\t<\/a>\n\t\t\t\t\t\t\t\t\t\t\t\t\t\t\t<\/div>\n\t\t\t\t<div class=\"elementor-element elementor-element-2b60229 elementor-widget elementor-widget-theme-post-title elementor-page-title elementor-widget-heading\" data-id=\"2b60229\" data-element_type=\"widget\" data-e-type=\"widget\" data-widget_type=\"theme-post-title.default\">\n\t\t\t\t\t<h1 class=\"elementor-heading-title elementor-size-default\"><a href=\"https:\/\/mineriayproyectos.com\/en\/economia\/2026\/08\/19\/cajamarca-estudios-superiores-15-por-ciento\/\">Cajamarca: solo 15% de la poblaci\u00f3n tiene estudios superiores frente al 35% nacional<\/a><\/h1>\t\t\t\t<\/div>\n\t\t<div class=\"elementor-element elementor-element-17c73eb e-grid e-con-full e-con e-child\" data-id=\"17c73eb\" data-element_type=\"container\" data-e-type=\"container\">\n\t\t\t\t<div class=\"elementor-element elementor-element-5fbb05b elementor-widget elementor-widget-post-info\" data-id=\"5fbb05b\" data-element_type=\"widget\" data-e-type=\"widget\" data-widget_type=\"post-info.default\">\n\t\t\t\t\t\t\t<ul class=\"elementor-inline-items elementor-icon-list-items elementor-post-info\">\n\t\t\t\t\t\t\t\t<li class=\"elementor-icon-list-item elementor-repeater-item-eb9f5f3 elementor-inline-item\" itemprop=\"datePublished\">\n\t\t\t\t\t\t<a href=\"https:\/\/mineriayproyectos.com\/en\/2026\/08\/19\/\">\n\t\t\t\t\t\t\t\t\t\t\t\t\t\t<span class=\"elementor-icon-list-text elementor-post-info__item elementor-post-info__item--type-date\">\n\t\t\t\t\t\t\t\t\t\t<time>August 19, 2026<\/time>\t\t\t\t\t<\/span>\n\t\t\t\t\t\t\t\t\t<\/a>\n\t\t\t\t<\/li>\n\t\t\t\t<li class=\"elementor-icon-list-item elementor-repeater-item-6a7b8ee elementor-inline-item\" itemprop=\"about\">\n\t\t\t\t\t\t\t\t\t\t\t\t\t<span class=\"elementor-icon-list-text elementor-post-info__item elementor-post-info__item--type-terms\">\n\t\t\t\t\t\t\t\t\t\t<span class=\"elementor-post-info__terms-list\">\n\t\t\t\t<a href=\"https:\/\/mineriayproyectos.com\/en\/category\/economia\/\" class=\"elementor-post-info__terms-list-item\">Econom\u00eda<\/a>, <a href=\"https:\/\/mineriayproyectos.com\/en\/category\/eventos\/\" class=\"elementor-post-info__terms-list-item\">Eventos<\/a>\t\t\t\t<\/span>\n\t\t\t\t\t<\/span>\n\t\t\t\t\t\t\t\t<\/li>\n\t\t\t\t<\/ul>\n\t\t\t\t\t\t<\/div>\n\t\t\t\t<\/div>\n\t\t\t\t\t<\/div>\n\t\t\t\t<\/div>\n\t\t\t\t<\/div>\n\t\t\t\t<div data-elementor-type=\"loop-item\" data-elementor-id=\"29874\" class=\"elementor elementor-29874 swiper-slide e-loop-item e-loop-item-30818 post-30818 post type-post status-publish format-standard has-post-thumbnail hentry category-economia tag-cobre tag-ee-uu tag-estados-unidos tag-precio-del-cobre\" data-elementor-post-type=\"elementor_library\" role=\"group\" aria-roledescription=\"slide\" data-custom-edit-handle=\"1\">\n\t\t\t<div class=\"elementor-element elementor-element-057fa25 e-flex e-con-boxed e-con e-parent\" data-id=\"057fa25\" data-element_type=\"container\" data-e-type=\"container\" data-settings=\"{&quot;background_background&quot;:&quot;classic&quot;}\">\n\t\t\t\t\t<div class=\"e-con-inner\">\n\t\t\t\t<div class=\"elementor-element elementor-element-416ae0b elementor-widget elementor-widget-theme-post-featured-image elementor-widget-image\" data-id=\"416ae0b\" data-element_type=\"widget\" data-e-type=\"widget\" data-widget_type=\"theme-post-featured-image.default\">\n\t\t\t\t\t\t\t\t\t\t\t\t\t\t\t\t<a href=\"https:\/\/mineriayproyectos.com\/en\/economia\/2026\/08\/10\/precio-cobre-escasez-oferta-eeuu\/\">\n\t\t\t\t\t\t\t<img loading=\"lazy\" decoding=\"async\" width=\"800\" height=\"450\" src=\"https:\/\/mineriayproyectos.com\/wp-content\/uploads\/2026\/08\/precio-cobre-escasez-oferta-eeuu-1024x576.jpg\" class=\"attachment-large size-large wp-image-30819\" alt=\"El precio del cobre se mantiene sobre los US$ 14,000 por tonelada impulsado por la escasez de oferta y las compras en Estados Unidos.\" srcset=\"https:\/\/mineriayproyectos.com\/wp-content\/uploads\/2026\/08\/precio-cobre-escasez-oferta-eeuu-1024x576.jpg 1024w, https:\/\/mineriayproyectos.com\/wp-content\/uploads\/2026\/08\/precio-cobre-escasez-oferta-eeuu-300x169.jpg 300w, https:\/\/mineriayproyectos.com\/wp-content\/uploads\/2026\/08\/precio-cobre-escasez-oferta-eeuu-768x432.jpg 768w, https:\/\/mineriayproyectos.com\/wp-content\/uploads\/2026\/08\/precio-cobre-escasez-oferta-eeuu-1536x864.jpg 1536w, https:\/\/mineriayproyectos.com\/wp-content\/uploads\/2026\/08\/precio-cobre-escasez-oferta-eeuu-18x10.jpg 18w, https:\/\/mineriayproyectos.com\/wp-content\/uploads\/2026\/08\/precio-cobre-escasez-oferta-eeuu.jpg 1920w\" sizes=\"(max-width: 800px) 100vw, 800px\" \/>\t\t\t\t\t\t\t\t<\/a>\n\t\t\t\t\t\t\t\t\t\t\t\t\t\t\t<\/div>\n\t\t\t\t<div class=\"elementor-element elementor-element-2b60229 elementor-widget elementor-widget-theme-post-title elementor-page-title elementor-widget-heading\" data-id=\"2b60229\" data-element_type=\"widget\" data-e-type=\"widget\" data-widget_type=\"theme-post-title.default\">\n\t\t\t\t\t<h1 class=\"elementor-heading-title elementor-size-default\"><a href=\"https:\/\/mineriayproyectos.com\/en\/economia\/2026\/08\/10\/precio-cobre-escasez-oferta-eeuu\/\">Cobre se mantiene sobre los US$ 14,000 por tonelada por escasez de oferta y compras en EE.UU.<\/a><\/h1>\t\t\t\t<\/div>\n\t\t<div class=\"elementor-element elementor-element-17c73eb e-grid e-con-full e-con e-child\" data-id=\"17c73eb\" data-element_type=\"container\" data-e-type=\"container\">\n\t\t\t\t<div class=\"elementor-element elementor-element-5fbb05b elementor-widget elementor-widget-post-info\" data-id=\"5fbb05b\" data-element_type=\"widget\" data-e-type=\"widget\" data-widget_type=\"post-info.default\">\n\t\t\t\t\t\t\t<ul class=\"elementor-inline-items elementor-icon-list-items elementor-post-info\">\n\t\t\t\t\t\t\t\t<li class=\"elementor-icon-list-item elementor-repeater-item-eb9f5f3 elementor-inline-item\" itemprop=\"datePublished\">\n\t\t\t\t\t\t<a href=\"https:\/\/mineriayproyectos.com\/en\/2026\/08\/10\/\">\n\t\t\t\t\t\t\t\t\t\t\t\t\t\t<span class=\"elementor-icon-list-text elementor-post-info__item elementor-post-info__item--type-date\">\n\t\t\t\t\t\t\t\t\t\t<time>August 10, 2026<\/time>\t\t\t\t\t<\/span>\n\t\t\t\t\t\t\t\t\t<\/a>\n\t\t\t\t<\/li>\n\t\t\t\t<li class=\"elementor-icon-list-item elementor-repeater-item-6a7b8ee elementor-inline-item\" itemprop=\"about\">\n\t\t\t\t\t\t\t\t\t\t\t\t\t<span class=\"elementor-icon-list-text elementor-post-info__item elementor-post-info__item--type-terms\">\n\t\t\t\t\t\t\t\t\t\t<span class=\"elementor-post-info__terms-list\">\n\t\t\t\t<a href=\"https:\/\/mineriayproyectos.com\/en\/category\/economia\/\" class=\"elementor-post-info__terms-list-item\">Econom\u00eda<\/a>\t\t\t\t<\/span>\n\t\t\t\t\t<\/span>\n\t\t\t\t\t\t\t\t<\/li>\n\t\t\t\t<\/ul>\n\t\t\t\t\t\t<\/div>\n\t\t\t\t<\/div>\n\t\t\t\t\t<\/div>\n\t\t\t\t<\/div>\n\t\t\t\t<\/div>\n\t\t\t\t<div data-elementor-type=\"loop-item\" data-elementor-id=\"29874\" class=\"elementor elementor-29874 swiper-slide e-loop-item e-loop-item-30601 post-30601 post type-post status-publish format-standard has-post-thumbnail hentry category-economia tag-keiko-fujimori tag-mef\" data-elementor-post-type=\"elementor_library\" role=\"group\" aria-roledescription=\"slide\" data-custom-edit-handle=\"1\">\n\t\t\t<div class=\"elementor-element elementor-element-057fa25 e-flex e-con-boxed e-con e-parent\" data-id=\"057fa25\" data-element_type=\"container\" data-e-type=\"container\" data-settings=\"{&quot;background_background&quot;:&quot;classic&quot;}\">\n\t\t\t\t\t<div class=\"e-con-inner\">\n\t\t\t\t<div class=\"elementor-element elementor-element-416ae0b elementor-widget elementor-widget-theme-post-featured-image elementor-widget-image\" data-id=\"416ae0b\" data-element_type=\"widget\" data-e-type=\"widget\" data-widget_type=\"theme-post-featured-image.default\">\n\t\t\t\t\t\t\t\t\t\t\t\t\t\t\t\t<a href=\"https:\/\/mineriayproyectos.com\/en\/economia\/2026\/07\/27\/elmer-cuba-ministro-economia-finanzas\/\">\n\t\t\t\t\t\t\t<img loading=\"lazy\" decoding=\"async\" width=\"800\" height=\"450\" src=\"https:\/\/mineriayproyectos.com\/wp-content\/uploads\/2026\/07\/elmer-cuba-ministro-economia-finanzas-keiko-fujimori-1024x576.png\" class=\"attachment-large size-large wp-image-30602\" alt=\"Keiko Fujimori presenta a Elmer Cuba como nuevo ministro de Econom\u00eda y Finanzas.\" srcset=\"https:\/\/mineriayproyectos.com\/wp-content\/uploads\/2026\/07\/elmer-cuba-ministro-economia-finanzas-keiko-fujimori-1024x576.png 1024w, https:\/\/mineriayproyectos.com\/wp-content\/uploads\/2026\/07\/elmer-cuba-ministro-economia-finanzas-keiko-fujimori-300x169.png 300w, https:\/\/mineriayproyectos.com\/wp-content\/uploads\/2026\/07\/elmer-cuba-ministro-economia-finanzas-keiko-fujimori-768x432.png 768w, https:\/\/mineriayproyectos.com\/wp-content\/uploads\/2026\/07\/elmer-cuba-ministro-economia-finanzas-keiko-fujimori-1536x864.png 1536w, https:\/\/mineriayproyectos.com\/wp-content\/uploads\/2026\/07\/elmer-cuba-ministro-economia-finanzas-keiko-fujimori-18x10.png 18w, https:\/\/mineriayproyectos.com\/wp-content\/uploads\/2026\/07\/elmer-cuba-ministro-economia-finanzas-keiko-fujimori.png 1920w\" sizes=\"(max-width: 800px) 100vw, 800px\" \/>\t\t\t\t\t\t\t\t<\/a>\n\t\t\t\t\t\t\t\t\t\t\t\t\t\t\t<\/div>\n\t\t\t\t<div class=\"elementor-element elementor-element-2b60229 elementor-widget elementor-widget-theme-post-title elementor-page-title elementor-widget-heading\" data-id=\"2b60229\" data-element_type=\"widget\" data-e-type=\"widget\" data-widget_type=\"theme-post-title.default\">\n\t\t\t\t\t<h1 class=\"elementor-heading-title elementor-size-default\"><a href=\"https:\/\/mineriayproyectos.com\/en\/economia\/2026\/07\/27\/elmer-cuba-ministro-economia-finanzas\/\">Keiko Fujimori anuncia a Elmer Cuba como nuevo ministro de Econom\u00eda y Finanzas<\/a><\/h1>\t\t\t\t<\/div>\n\t\t<div class=\"elementor-element elementor-element-17c73eb e-grid e-con-full e-con e-child\" data-id=\"17c73eb\" data-element_type=\"container\" data-e-type=\"container\">\n\t\t\t\t<div class=\"elementor-element elementor-element-5fbb05b elementor-widget elementor-widget-post-info\" data-id=\"5fbb05b\" data-element_type=\"widget\" data-e-type=\"widget\" data-widget_type=\"post-info.default\">\n\t\t\t\t\t\t\t<ul class=\"elementor-inline-items elementor-icon-list-items elementor-post-info\">\n\t\t\t\t\t\t\t\t<li class=\"elementor-icon-list-item elementor-repeater-item-eb9f5f3 elementor-inline-item\" itemprop=\"datePublished\">\n\t\t\t\t\t\t<a href=\"https:\/\/mineriayproyectos.com\/en\/2026\/07\/27\/\">\n\t\t\t\t\t\t\t\t\t\t\t\t\t\t<span class=\"elementor-icon-list-text elementor-post-info__item elementor-post-info__item--type-date\">\n\t\t\t\t\t\t\t\t\t\t<time>July 27, 2026<\/time>\t\t\t\t\t<\/span>\n\t\t\t\t\t\t\t\t\t<\/a>\n\t\t\t\t<\/li>\n\t\t\t\t<li class=\"elementor-icon-list-item elementor-repeater-item-6a7b8ee elementor-inline-item\" itemprop=\"about\">\n\t\t\t\t\t\t\t\t\t\t\t\t\t<span class=\"elementor-icon-list-text elementor-post-info__item elementor-post-info__item--type-terms\">\n\t\t\t\t\t\t\t\t\t\t<span class=\"elementor-post-info__terms-list\">\n\t\t\t\t<a href=\"https:\/\/mineriayproyectos.com\/en\/category\/economia\/\" class=\"elementor-post-info__terms-list-item\">Econom\u00eda<\/a>\t\t\t\t<\/span>\n\t\t\t\t\t<\/span>\n\t\t\t\t\t\t\t\t<\/li>\n\t\t\t\t<\/ul>\n\t\t\t\t\t\t<\/div>\n\t\t\t\t<\/div>\n\t\t\t\t\t<\/div>\n\t\t\t\t<\/div>\n\t\t\t\t<\/div>\n\t\t\t\t<div data-elementor-type=\"loop-item\" data-elementor-id=\"29874\" class=\"elementor elementor-29874 swiper-slide e-loop-item e-loop-item-29546 post-29546 post type-post status-publish format-standard has-post-thumbnail hentry category-economia tag-peru tag-sapcham tag-sudafrica\" data-elementor-post-type=\"elementor_library\" role=\"group\" aria-roledescription=\"slide\" data-custom-edit-handle=\"1\">\n\t\t\t<div class=\"elementor-element elementor-element-057fa25 e-flex e-con-boxed e-con e-parent\" data-id=\"057fa25\" data-element_type=\"container\" data-e-type=\"container\" data-settings=\"{&quot;background_background&quot;:&quot;classic&quot;}\">\n\t\t\t\t\t<div class=\"e-con-inner\">\n\t\t\t\t<div class=\"elementor-element elementor-element-416ae0b elementor-widget elementor-widget-theme-post-featured-image elementor-widget-image\" data-id=\"416ae0b\" data-element_type=\"widget\" data-e-type=\"widget\" data-widget_type=\"theme-post-featured-image.default\">\n\t\t\t\t\t\t\t\t\t\t\t\t\t\t\t\t<a href=\"https:\/\/mineriayproyectos.com\/en\/economia\/2026\/06\/10\/domingo-drago-asume-la-presidencia-de-sapcham-para-impulsar-una-nueva-etapa-de-inversiones-y-comercio-entre-peru-y-sudafrica\/\">\n\t\t\t\t\t\t\t<img loading=\"lazy\" decoding=\"async\" width=\"800\" height=\"500\" src=\"https:\/\/mineriayproyectos.com\/wp-content\/uploads\/2026\/06\/Domingo-Drago-asume-la-presidencia-de-SAPCHAM-para-impulsar-una-nueva-etapa-de-inversiones-y-comercio-entre-Peru-y-Sudafrica-1024x640.jpg\" class=\"attachment-large size-large wp-image-29548\" alt=\"Domingo-Drago-asume-la-presidencia-de-SAPCHAM-para-impulsar-una-nueva-etapa-de-inversiones-y-comercio-entre-Per\u00fa-y-Sud\u00e1frica\" srcset=\"https:\/\/mineriayproyectos.com\/wp-content\/uploads\/2026\/06\/Domingo-Drago-asume-la-presidencia-de-SAPCHAM-para-impulsar-una-nueva-etapa-de-inversiones-y-comercio-entre-Peru-y-Sudafrica-1024x640.jpg 1024w, https:\/\/mineriayproyectos.com\/wp-content\/uploads\/2026\/06\/Domingo-Drago-asume-la-presidencia-de-SAPCHAM-para-impulsar-una-nueva-etapa-de-inversiones-y-comercio-entre-Peru-y-Sudafrica-300x188.jpg 300w, https:\/\/mineriayproyectos.com\/wp-content\/uploads\/2026\/06\/Domingo-Drago-asume-la-presidencia-de-SAPCHAM-para-impulsar-una-nueva-etapa-de-inversiones-y-comercio-entre-Peru-y-Sudafrica-768x480.jpg 768w, https:\/\/mineriayproyectos.com\/wp-content\/uploads\/2026\/06\/Domingo-Drago-asume-la-presidencia-de-SAPCHAM-para-impulsar-una-nueva-etapa-de-inversiones-y-comercio-entre-Peru-y-Sudafrica-18x12.jpg 18w, https:\/\/mineriayproyectos.com\/wp-content\/uploads\/2026\/06\/Domingo-Drago-asume-la-presidencia-de-SAPCHAM-para-impulsar-una-nueva-etapa-de-inversiones-y-comercio-entre-Peru-y-Sudafrica.jpg 1200w\" sizes=\"(max-width: 800px) 100vw, 800px\" \/>\t\t\t\t\t\t\t\t<\/a>\n\t\t\t\t\t\t\t\t\t\t\t\t\t\t\t<\/div>\n\t\t\t\t<div class=\"elementor-element elementor-element-2b60229 elementor-widget elementor-widget-theme-post-title elementor-page-title elementor-widget-heading\" data-id=\"2b60229\" data-element_type=\"widget\" data-e-type=\"widget\" data-widget_type=\"theme-post-title.default\">\n\t\t\t\t\t<h1 class=\"elementor-heading-title elementor-size-default\"><a href=\"https:\/\/mineriayproyectos.com\/en\/economia\/2026\/06\/10\/domingo-drago-asume-la-presidencia-de-sapcham-para-impulsar-una-nueva-etapa-de-inversiones-y-comercio-entre-peru-y-sudafrica\/\">Domingo Drago asume la presidencia de SAPCHAM para impulsar una nueva etapa de inversiones y comercio entre Per\u00fa y Sud\u00e1frica<\/a><\/h1>\t\t\t\t<\/div>\n\t\t<div class=\"elementor-element elementor-element-17c73eb e-grid e-con-full e-con e-child\" data-id=\"17c73eb\" data-element_type=\"container\" data-e-type=\"container\">\n\t\t\t\t<div class=\"elementor-element elementor-element-5fbb05b elementor-widget elementor-widget-post-info\" data-id=\"5fbb05b\" data-element_type=\"widget\" data-e-type=\"widget\" data-widget_type=\"post-info.default\">\n\t\t\t\t\t\t\t<ul class=\"elementor-inline-items elementor-icon-list-items elementor-post-info\">\n\t\t\t\t\t\t\t\t<li class=\"elementor-icon-list-item elementor-repeater-item-eb9f5f3 elementor-inline-item\" itemprop=\"datePublished\">\n\t\t\t\t\t\t<a href=\"https:\/\/mineriayproyectos.com\/en\/2026\/06\/10\/\">\n\t\t\t\t\t\t\t\t\t\t\t\t\t\t<span class=\"elementor-icon-list-text elementor-post-info__item elementor-post-info__item--type-date\">\n\t\t\t\t\t\t\t\t\t\t<time>June 10, 2026<\/time>\t\t\t\t\t<\/span>\n\t\t\t\t\t\t\t\t\t<\/a>\n\t\t\t\t<\/li>\n\t\t\t\t<li class=\"elementor-icon-list-item elementor-repeater-item-6a7b8ee elementor-inline-item\" itemprop=\"about\">\n\t\t\t\t\t\t\t\t\t\t\t\t\t<span class=\"elementor-icon-list-text elementor-post-info__item elementor-post-info__item--type-terms\">\n\t\t\t\t\t\t\t\t\t\t<span class=\"elementor-post-info__terms-list\">\n\t\t\t\t<a href=\"https:\/\/mineriayproyectos.com\/en\/category\/economia\/\" class=\"elementor-post-info__terms-list-item\">Econom\u00eda<\/a>\t\t\t\t<\/span>\n\t\t\t\t\t<\/span>\n\t\t\t\t\t\t\t\t<\/li>\n\t\t\t\t<\/ul>\n\t\t\t\t\t\t<\/div>\n\t\t\t\t<\/div>\n\t\t\t\t\t<\/div>\n\t\t\t\t<\/div>\n\t\t\t\t<\/div>\n\t\t\t\t<div data-elementor-type=\"loop-item\" data-elementor-id=\"29874\" class=\"elementor elementor-29874 swiper-slide e-loop-item e-loop-item-29022 post-29022 post type-post status-publish format-standard has-post-thumbnail hentry category-economia tag-america-latina tag-estados-unidos tag-vt-market\" data-elementor-post-type=\"elementor_library\" role=\"group\" aria-roledescription=\"slide\" data-custom-edit-handle=\"1\">\n\t\t\t<div class=\"elementor-element elementor-element-057fa25 e-flex e-con-boxed e-con e-parent\" data-id=\"057fa25\" data-element_type=\"container\" data-e-type=\"container\" data-settings=\"{&quot;background_background&quot;:&quot;classic&quot;}\">\n\t\t\t\t\t<div class=\"e-con-inner\">\n\t\t\t\t<div class=\"elementor-element elementor-element-416ae0b elementor-widget elementor-widget-theme-post-featured-image elementor-widget-image\" data-id=\"416ae0b\" data-element_type=\"widget\" data-e-type=\"widget\" data-widget_type=\"theme-post-featured-image.default\">\n\t\t\t\t\t\t\t\t\t\t\t\t\t\t\t\t<a href=\"https:\/\/mineriayproyectos.com\/en\/economia\/2026\/06\/02\/39-nuevas-acciones-y-etf-estadounidenses-llegan-a-america-latina\/\">\n\t\t\t\t\t\t\t<img loading=\"lazy\" decoding=\"async\" width=\"800\" height=\"500\" src=\"https:\/\/mineriayproyectos.com\/wp-content\/uploads\/2026\/06\/39-nuevas-acciones-y-ETF-estadounidenses-llegan-a-America-Latina-1024x640.jpg\" class=\"attachment-large size-large wp-image-29024\" alt=\"39-nuevas-acciones-y-ETF-estadounidenses-llegan-a-Am\u00e9rica-Latina\" srcset=\"https:\/\/mineriayproyectos.com\/wp-content\/uploads\/2026\/06\/39-nuevas-acciones-y-ETF-estadounidenses-llegan-a-America-Latina-1024x640.jpg 1024w, https:\/\/mineriayproyectos.com\/wp-content\/uploads\/2026\/06\/39-nuevas-acciones-y-ETF-estadounidenses-llegan-a-America-Latina-300x188.jpg 300w, https:\/\/mineriayproyectos.com\/wp-content\/uploads\/2026\/06\/39-nuevas-acciones-y-ETF-estadounidenses-llegan-a-America-Latina-768x480.jpg 768w, https:\/\/mineriayproyectos.com\/wp-content\/uploads\/2026\/06\/39-nuevas-acciones-y-ETF-estadounidenses-llegan-a-America-Latina.jpg 1200w\" sizes=\"(max-width: 800px) 100vw, 800px\" \/>\t\t\t\t\t\t\t\t<\/a>\n\t\t\t\t\t\t\t\t\t\t\t\t\t\t\t<\/div>\n\t\t\t\t<div class=\"elementor-element elementor-element-2b60229 elementor-widget elementor-widget-theme-post-title elementor-page-title elementor-widget-heading\" data-id=\"2b60229\" data-element_type=\"widget\" data-e-type=\"widget\" data-widget_type=\"theme-post-title.default\">\n\t\t\t\t\t<h1 class=\"elementor-heading-title elementor-size-default\"><a href=\"https:\/\/mineriayproyectos.com\/en\/economia\/2026\/06\/02\/39-nuevas-acciones-y-etf-estadounidenses-llegan-a-america-latina\/\">39 nuevas acciones y ETF estadounidenses llegan a Am\u00e9rica Latina<\/a><\/h1>\t\t\t\t<\/div>\n\t\t<div class=\"elementor-element elementor-element-17c73eb e-grid e-con-full e-con e-child\" data-id=\"17c73eb\" data-element_type=\"container\" data-e-type=\"container\">\n\t\t\t\t<div class=\"elementor-element elementor-element-5fbb05b elementor-widget elementor-widget-post-info\" data-id=\"5fbb05b\" data-element_type=\"widget\" data-e-type=\"widget\" data-widget_type=\"post-info.default\">\n\t\t\t\t\t\t\t<ul class=\"elementor-inline-items elementor-icon-list-items elementor-post-info\">\n\t\t\t\t\t\t\t\t<li class=\"elementor-icon-list-item elementor-repeater-item-eb9f5f3 elementor-inline-item\" itemprop=\"datePublished\">\n\t\t\t\t\t\t<a href=\"https:\/\/mineriayproyectos.com\/en\/2026\/06\/02\/\">\n\t\t\t\t\t\t\t\t\t\t\t\t\t\t<span class=\"elementor-icon-list-text elementor-post-info__item elementor-post-info__item--type-date\">\n\t\t\t\t\t\t\t\t\t\t<time>June 2, 2026<\/time>\t\t\t\t\t<\/span>\n\t\t\t\t\t\t\t\t\t<\/a>\n\t\t\t\t<\/li>\n\t\t\t\t<li class=\"elementor-icon-list-item elementor-repeater-item-6a7b8ee elementor-inline-item\" itemprop=\"about\">\n\t\t\t\t\t\t\t\t\t\t\t\t\t<span class=\"elementor-icon-list-text elementor-post-info__item elementor-post-info__item--type-terms\">\n\t\t\t\t\t\t\t\t\t\t<span class=\"elementor-post-info__terms-list\">\n\t\t\t\t<a href=\"https:\/\/mineriayproyectos.com\/en\/category\/economia\/\" class=\"elementor-post-info__terms-list-item\">Econom\u00eda<\/a>\t\t\t\t<\/span>\n\t\t\t\t\t<\/span>\n\t\t\t\t\t\t\t\t<\/li>\n\t\t\t\t<\/ul>\n\t\t\t\t\t\t<\/div>\n\t\t\t\t<\/div>\n\t\t\t\t\t<\/div>\n\t\t\t\t<\/div>\n\t\t\t\t<\/div>\n\t\t\t\t<div data-elementor-type=\"loop-item\" data-elementor-id=\"29874\" class=\"elementor elementor-29874 swiper-slide e-loop-item e-loop-item-28779 post-28779 post type-post status-publish format-standard has-post-thumbnail hentry category-economia tag-infraestructura tag-snci\" data-elementor-post-type=\"elementor_library\" role=\"group\" aria-roledescription=\"slide\" data-custom-edit-handle=\"1\">\n\t\t\t<div class=\"elementor-element elementor-element-057fa25 e-flex e-con-boxed e-con e-parent\" data-id=\"057fa25\" data-element_type=\"container\" data-e-type=\"container\" data-settings=\"{&quot;background_background&quot;:&quot;classic&quot;}\">\n\t\t\t\t\t<div class=\"e-con-inner\">\n\t\t\t\t<div class=\"elementor-element elementor-element-416ae0b elementor-widget elementor-widget-theme-post-featured-image elementor-widget-image\" data-id=\"416ae0b\" data-element_type=\"widget\" data-e-type=\"widget\" data-widget_type=\"theme-post-featured-image.default\">\n\t\t\t\t\t\t\t\t\t\t\t\t\t\t\t\t<a href=\"https:\/\/mineriayproyectos.com\/en\/economia\/2026\/05\/27\/snci-el-peru-necesita-acciones-concretas-para-impulsar-infraestructura\/\">\n\t\t\t\t\t\t\t<img loading=\"lazy\" decoding=\"async\" width=\"800\" height=\"500\" src=\"https:\/\/mineriayproyectos.com\/wp-content\/uploads\/2026\/05\/snci-infraestructura-1024x640.jpg\" class=\"attachment-large size-large wp-image-28781\" alt=\"snci-infraestructura\" srcset=\"https:\/\/mineriayproyectos.com\/wp-content\/uploads\/2026\/05\/snci-infraestructura-1024x640.jpg 1024w, https:\/\/mineriayproyectos.com\/wp-content\/uploads\/2026\/05\/snci-infraestructura-300x188.jpg 300w, https:\/\/mineriayproyectos.com\/wp-content\/uploads\/2026\/05\/snci-infraestructura-768x480.jpg 768w, https:\/\/mineriayproyectos.com\/wp-content\/uploads\/2026\/05\/snci-infraestructura.jpg 1200w\" sizes=\"(max-width: 800px) 100vw, 800px\" \/>\t\t\t\t\t\t\t\t<\/a>\n\t\t\t\t\t\t\t\t\t\t\t\t\t\t\t<\/div>\n\t\t\t\t<div class=\"elementor-element elementor-element-2b60229 elementor-widget elementor-widget-theme-post-title elementor-page-title elementor-widget-heading\" data-id=\"2b60229\" data-element_type=\"widget\" data-e-type=\"widget\" data-widget_type=\"theme-post-title.default\">\n\t\t\t\t\t<h1 class=\"elementor-heading-title elementor-size-default\"><a href=\"https:\/\/mineriayproyectos.com\/en\/economia\/2026\/05\/27\/snci-el-peru-necesita-acciones-concretas-para-impulsar-infraestructura\/\">SNCI: El Per\u00fa necesita acciones concretas para impulsar infraestructura<\/a><\/h1>\t\t\t\t<\/div>\n\t\t<div class=\"elementor-element elementor-element-17c73eb e-grid e-con-full e-con e-child\" data-id=\"17c73eb\" data-element_type=\"container\" data-e-type=\"container\">\n\t\t\t\t<div class=\"elementor-element elementor-element-5fbb05b elementor-widget elementor-widget-post-info\" data-id=\"5fbb05b\" data-element_type=\"widget\" data-e-type=\"widget\" data-widget_type=\"post-info.default\">\n\t\t\t\t\t\t\t<ul class=\"elementor-inline-items elementor-icon-list-items elementor-post-info\">\n\t\t\t\t\t\t\t\t<li class=\"elementor-icon-list-item elementor-repeater-item-eb9f5f3 elementor-inline-item\" itemprop=\"datePublished\">\n\t\t\t\t\t\t<a href=\"https:\/\/mineriayproyectos.com\/en\/2026\/05\/27\/\">\n\t\t\t\t\t\t\t\t\t\t\t\t\t\t<span class=\"elementor-icon-list-text elementor-post-info__item elementor-post-info__item--type-date\">\n\t\t\t\t\t\t\t\t\t\t<time>May 27, 2026<\/time>\t\t\t\t\t<\/span>\n\t\t\t\t\t\t\t\t\t<\/a>\n\t\t\t\t<\/li>\n\t\t\t\t<li class=\"elementor-icon-list-item elementor-repeater-item-6a7b8ee elementor-inline-item\" itemprop=\"about\">\n\t\t\t\t\t\t\t\t\t\t\t\t\t<span class=\"elementor-icon-list-text elementor-post-info__item elementor-post-info__item--type-terms\">\n\t\t\t\t\t\t\t\t\t\t<span class=\"elementor-post-info__terms-list\">\n\t\t\t\t<a href=\"https:\/\/mineriayproyectos.com\/en\/category\/economia\/\" class=\"elementor-post-info__terms-list-item\">Econom\u00eda<\/a>\t\t\t\t<\/span>\n\t\t\t\t\t<\/span>\n\t\t\t\t\t\t\t\t<\/li>\n\t\t\t\t<\/ul>\n\t\t\t\t\t\t<\/div>\n\t\t\t\t<\/div>\n\t\t\t\t\t<\/div>\n\t\t\t\t<\/div>\n\t\t\t\t<\/div>\n\t\t\t\t<div data-elementor-type=\"loop-item\" data-elementor-id=\"29874\" class=\"elementor elementor-29874 swiper-slide e-loop-item e-loop-item-28458 post-28458 post type-post status-publish format-standard has-post-thumbnail hentry category-economia tag-negocios tag-tmf-group\" data-elementor-post-type=\"elementor_library\" role=\"group\" aria-roledescription=\"slide\" data-custom-edit-handle=\"1\">\n\t\t\t<div class=\"elementor-element elementor-element-057fa25 e-flex e-con-boxed e-con e-parent\" data-id=\"057fa25\" data-element_type=\"container\" data-e-type=\"container\" data-settings=\"{&quot;background_background&quot;:&quot;classic&quot;}\">\n\t\t\t\t\t<div class=\"e-con-inner\">\n\t\t\t\t<div class=\"elementor-element elementor-element-416ae0b elementor-widget elementor-widget-theme-post-featured-image elementor-widget-image\" data-id=\"416ae0b\" data-element_type=\"widget\" data-e-type=\"widget\" data-widget_type=\"theme-post-featured-image.default\">\n\t\t\t\t\t\t\t\t\t\t\t\t\t\t\t\t<a href=\"https:\/\/mineriayproyectos.com\/en\/economia\/2026\/05\/20\/peru-vuelve-al-top-10-de-los-paises-mas-complejos-del-mundo-para-hacer-negocios-segun-tmf-group\/\">\n\t\t\t\t\t\t\t<img loading=\"lazy\" decoding=\"async\" width=\"800\" height=\"500\" src=\"https:\/\/mineriayproyectos.com\/wp-content\/uploads\/2026\/05\/Peru-vuelve-al-Top-10-de-los-paises-mas-complejos-del-mundo-para-hacer-negocios-segun-TMF-Group-1024x640.jpg\" class=\"attachment-large size-large wp-image-28461\" alt=\"Per\u00fa-vuelve-al-Top-10-de-los-pa\u00edses-m\u00e1s-complejos-del-mundo-para-hacer-negocios,-seg\u00fan-TMF-Group\" srcset=\"https:\/\/mineriayproyectos.com\/wp-content\/uploads\/2026\/05\/Peru-vuelve-al-Top-10-de-los-paises-mas-complejos-del-mundo-para-hacer-negocios-segun-TMF-Group-1024x640.jpg 1024w, https:\/\/mineriayproyectos.com\/wp-content\/uploads\/2026\/05\/Peru-vuelve-al-Top-10-de-los-paises-mas-complejos-del-mundo-para-hacer-negocios-segun-TMF-Group-300x188.jpg 300w, https:\/\/mineriayproyectos.com\/wp-content\/uploads\/2026\/05\/Peru-vuelve-al-Top-10-de-los-paises-mas-complejos-del-mundo-para-hacer-negocios-segun-TMF-Group-768x480.jpg 768w, https:\/\/mineriayproyectos.com\/wp-content\/uploads\/2026\/05\/Peru-vuelve-al-Top-10-de-los-paises-mas-complejos-del-mundo-para-hacer-negocios-segun-TMF-Group.jpg 1200w\" sizes=\"(max-width: 800px) 100vw, 800px\" \/>\t\t\t\t\t\t\t\t<\/a>\n\t\t\t\t\t\t\t\t\t\t\t\t\t\t\t<\/div>\n\t\t\t\t<div class=\"elementor-element elementor-element-2b60229 elementor-widget elementor-widget-theme-post-title elementor-page-title elementor-widget-heading\" data-id=\"2b60229\" data-element_type=\"widget\" data-e-type=\"widget\" data-widget_type=\"theme-post-title.default\">\n\t\t\t\t\t<h1 class=\"elementor-heading-title elementor-size-default\"><a href=\"https:\/\/mineriayproyectos.com\/en\/economia\/2026\/05\/20\/peru-vuelve-al-top-10-de-los-paises-mas-complejos-del-mundo-para-hacer-negocios-segun-tmf-group\/\">Per\u00fa vuelve al Top 10 de los pa\u00edses m\u00e1s complejos del mundo para hacer negocios, seg\u00fan TMF Group<\/a><\/h1>\t\t\t\t<\/div>\n\t\t<div class=\"elementor-element elementor-element-17c73eb e-grid e-con-full e-con e-child\" data-id=\"17c73eb\" data-element_type=\"container\" data-e-type=\"container\">\n\t\t\t\t<div class=\"elementor-element elementor-element-5fbb05b elementor-widget elementor-widget-post-info\" data-id=\"5fbb05b\" data-element_type=\"widget\" data-e-type=\"widget\" data-widget_type=\"post-info.default\">\n\t\t\t\t\t\t\t<ul class=\"elementor-inline-items elementor-icon-list-items elementor-post-info\">\n\t\t\t\t\t\t\t\t<li class=\"elementor-icon-list-item elementor-repeater-item-eb9f5f3 elementor-inline-item\" itemprop=\"datePublished\">\n\t\t\t\t\t\t<a href=\"https:\/\/mineriayproyectos.com\/en\/2026\/05\/20\/\">\n\t\t\t\t\t\t\t\t\t\t\t\t\t\t<span class=\"elementor-icon-list-text elementor-post-info__item elementor-post-info__item--type-date\">\n\t\t\t\t\t\t\t\t\t\t<time>May 20, 2026<\/time>\t\t\t\t\t<\/span>\n\t\t\t\t\t\t\t\t\t<\/a>\n\t\t\t\t<\/li>\n\t\t\t\t<li class=\"elementor-icon-list-item elementor-repeater-item-6a7b8ee elementor-inline-item\" itemprop=\"about\">\n\t\t\t\t\t\t\t\t\t\t\t\t\t<span class=\"elementor-icon-list-text elementor-post-info__item elementor-post-info__item--type-terms\">\n\t\t\t\t\t\t\t\t\t\t<span class=\"elementor-post-info__terms-list\">\n\t\t\t\t<a href=\"https:\/\/mineriayproyectos.com\/en\/category\/economia\/\" class=\"elementor-post-info__terms-list-item\">Econom\u00eda<\/a>\t\t\t\t<\/span>\n\t\t\t\t\t<\/span>\n\t\t\t\t\t\t\t\t<\/li>\n\t\t\t\t<\/ul>\n\t\t\t\t\t\t<\/div>\n\t\t\t\t<\/div>\n\t\t\t\t\t<\/div>\n\t\t\t\t<\/div>\n\t\t\t\t<\/div>\n\t\t\t\t<div data-elementor-type=\"loop-item\" data-elementor-id=\"29874\" class=\"elementor elementor-29874 swiper-slide e-loop-item e-loop-item-28128 post-28128 post type-post status-publish format-standard has-post-thumbnail hentry category-economia tag-india tag-minerales-criticos tag-peru tag-tlc tag-tratado-de-libre-comercio\" data-elementor-post-type=\"elementor_library\" role=\"group\" aria-roledescription=\"slide\" data-custom-edit-handle=\"1\">\n\t\t\t<div class=\"elementor-element elementor-element-057fa25 e-flex e-con-boxed e-con e-parent\" data-id=\"057fa25\" data-element_type=\"container\" data-e-type=\"container\" data-settings=\"{&quot;background_background&quot;:&quot;classic&quot;}\">\n\t\t\t\t\t<div class=\"e-con-inner\">\n\t\t\t\t<div class=\"elementor-element elementor-element-416ae0b elementor-widget elementor-widget-theme-post-featured-image elementor-widget-image\" data-id=\"416ae0b\" data-element_type=\"widget\" data-e-type=\"widget\" data-widget_type=\"theme-post-featured-image.default\">\n\t\t\t\t\t\t\t\t\t\t\t\t\t\t\t\t<a href=\"https:\/\/mineriayproyectos.com\/en\/economia\/2026\/05\/12\/peru-e-india-retoman-negociaciones-para-un-tlc-enfocado-en-minerales-criticos-y-agroexportaciones\/\">\n\t\t\t\t\t\t\t<img loading=\"lazy\" decoding=\"async\" width=\"800\" height=\"500\" src=\"https:\/\/mineriayproyectos.com\/wp-content\/uploads\/2026\/05\/peru-india-tratado-de-libre-comercio-minerales-criticos-1024x640.jpg\" class=\"attachment-large size-large wp-image-28130\" alt=\"peru-india-tratado-de-libre-comercio-minerales-criticos\" srcset=\"https:\/\/mineriayproyectos.com\/wp-content\/uploads\/2026\/05\/peru-india-tratado-de-libre-comercio-minerales-criticos-1024x640.jpg 1024w, https:\/\/mineriayproyectos.com\/wp-content\/uploads\/2026\/05\/peru-india-tratado-de-libre-comercio-minerales-criticos-300x188.jpg 300w, https:\/\/mineriayproyectos.com\/wp-content\/uploads\/2026\/05\/peru-india-tratado-de-libre-comercio-minerales-criticos-768x480.jpg 768w, https:\/\/mineriayproyectos.com\/wp-content\/uploads\/2026\/05\/peru-india-tratado-de-libre-comercio-minerales-criticos.jpg 1200w\" sizes=\"(max-width: 800px) 100vw, 800px\" \/>\t\t\t\t\t\t\t\t<\/a>\n\t\t\t\t\t\t\t\t\t\t\t\t\t\t\t<\/div>\n\t\t\t\t<div class=\"elementor-element elementor-element-2b60229 elementor-widget elementor-widget-theme-post-title elementor-page-title elementor-widget-heading\" data-id=\"2b60229\" data-element_type=\"widget\" data-e-type=\"widget\" data-widget_type=\"theme-post-title.default\">\n\t\t\t\t\t<h1 class=\"elementor-heading-title elementor-size-default\"><a href=\"https:\/\/mineriayproyectos.com\/en\/economia\/2026\/05\/12\/peru-e-india-retoman-negociaciones-para-un-tlc-enfocado-en-minerales-criticos-y-agroexportaciones\/\">Per\u00fa e India retoman negociaciones para un TLC enfocado en minerales cr\u00edticos y agroexportaciones<\/a><\/h1>\t\t\t\t<\/div>\n\t\t<div class=\"elementor-element elementor-element-17c73eb e-grid e-con-full e-con e-child\" data-id=\"17c73eb\" data-element_type=\"container\" data-e-type=\"container\">\n\t\t\t\t<div class=\"elementor-element elementor-element-5fbb05b elementor-widget elementor-widget-post-info\" data-id=\"5fbb05b\" data-element_type=\"widget\" data-e-type=\"widget\" data-widget_type=\"post-info.default\">\n\t\t\t\t\t\t\t<ul class=\"elementor-inline-items elementor-icon-list-items elementor-post-info\">\n\t\t\t\t\t\t\t\t<li class=\"elementor-icon-list-item elementor-repeater-item-eb9f5f3 elementor-inline-item\" itemprop=\"datePublished\">\n\t\t\t\t\t\t<a href=\"https:\/\/mineriayproyectos.com\/en\/2026\/05\/12\/\">\n\t\t\t\t\t\t\t\t\t\t\t\t\t\t<span class=\"elementor-icon-list-text elementor-post-info__item elementor-post-info__item--type-date\">\n\t\t\t\t\t\t\t\t\t\t<time>May 12, 2026<\/time>\t\t\t\t\t<\/span>\n\t\t\t\t\t\t\t\t\t<\/a>\n\t\t\t\t<\/li>\n\t\t\t\t<li class=\"elementor-icon-list-item elementor-repeater-item-6a7b8ee elementor-inline-item\" itemprop=\"about\">\n\t\t\t\t\t\t\t\t\t\t\t\t\t<span class=\"elementor-icon-list-text elementor-post-info__item elementor-post-info__item--type-terms\">\n\t\t\t\t\t\t\t\t\t\t<span class=\"elementor-post-info__terms-list\">\n\t\t\t\t<a href=\"https:\/\/mineriayproyectos.com\/en\/category\/economia\/\" class=\"elementor-post-info__terms-list-item\">Econom\u00eda<\/a>\t\t\t\t<\/span>\n\t\t\t\t\t<\/span>\n\t\t\t\t\t\t\t\t<\/li>\n\t\t\t\t<\/ul>\n\t\t\t\t\t\t<\/div>\n\t\t\t\t<\/div>\n\t\t\t\t\t<\/div>\n\t\t\t\t<\/div>\n\t\t\t\t<\/div>\n\t\t\t\t<div data-elementor-type=\"loop-item\" data-elementor-id=\"29874\" class=\"elementor elementor-29874 swiper-slide e-loop-item e-loop-item-27932 post-27932 post type-post status-publish format-standard has-post-thumbnail hentry category-economia tag-dia-del-trabajo\" data-elementor-post-type=\"elementor_library\" role=\"group\" aria-roledescription=\"slide\" data-custom-edit-handle=\"1\">\n\t\t\t<div class=\"elementor-element elementor-element-057fa25 e-flex e-con-boxed e-con e-parent\" data-id=\"057fa25\" data-element_type=\"container\" data-e-type=\"container\" data-settings=\"{&quot;background_background&quot;:&quot;classic&quot;}\">\n\t\t\t\t\t<div class=\"e-con-inner\">\n\t\t\t\t<div class=\"elementor-element elementor-element-416ae0b elementor-widget elementor-widget-theme-post-featured-image elementor-widget-image\" data-id=\"416ae0b\" data-element_type=\"widget\" data-e-type=\"widget\" data-widget_type=\"theme-post-featured-image.default\">\n\t\t\t\t\t\t\t\t\t\t\t\t\t\t\t\t<a href=\"https:\/\/mineriayproyectos.com\/en\/economia\/2026\/05\/06\/dia-del-trabajo-95-de-trabajadoras-del-hogar-en-peru-labora-sin-beneficios-sociales\/\">\n\t\t\t\t\t\t\t<img loading=\"lazy\" decoding=\"async\" width=\"800\" height=\"500\" src=\"https:\/\/mineriayproyectos.com\/wp-content\/uploads\/2026\/05\/dia-del-trabajo-1024x640.jpg\" class=\"attachment-large size-large wp-image-27934\" alt=\"dia-del-trabajo\" srcset=\"https:\/\/mineriayproyectos.com\/wp-content\/uploads\/2026\/05\/dia-del-trabajo-1024x640.jpg 1024w, https:\/\/mineriayproyectos.com\/wp-content\/uploads\/2026\/05\/dia-del-trabajo-300x188.jpg 300w, https:\/\/mineriayproyectos.com\/wp-content\/uploads\/2026\/05\/dia-del-trabajo-768x480.jpg 768w, https:\/\/mineriayproyectos.com\/wp-content\/uploads\/2026\/05\/dia-del-trabajo.jpg 1200w\" sizes=\"(max-width: 800px) 100vw, 800px\" \/>\t\t\t\t\t\t\t\t<\/a>\n\t\t\t\t\t\t\t\t\t\t\t\t\t\t\t<\/div>\n\t\t\t\t<div class=\"elementor-element elementor-element-2b60229 elementor-widget elementor-widget-theme-post-title elementor-page-title elementor-widget-heading\" data-id=\"2b60229\" data-element_type=\"widget\" data-e-type=\"widget\" data-widget_type=\"theme-post-title.default\">\n\t\t\t\t\t<h1 class=\"elementor-heading-title elementor-size-default\"><a href=\"https:\/\/mineriayproyectos.com\/en\/economia\/2026\/05\/06\/dia-del-trabajo-95-de-trabajadoras-del-hogar-en-peru-labora-sin-beneficios-sociales\/\">D\u00eda del Trabajo: 95% de trabajadoras del hogar en Per\u00fa labora sin beneficios sociales<\/a><\/h1>\t\t\t\t<\/div>\n\t\t<div class=\"elementor-element elementor-element-17c73eb e-grid e-con-full e-con e-child\" data-id=\"17c73eb\" data-element_type=\"container\" data-e-type=\"container\">\n\t\t\t\t<div class=\"elementor-element elementor-element-5fbb05b elementor-widget elementor-widget-post-info\" data-id=\"5fbb05b\" data-element_type=\"widget\" data-e-type=\"widget\" data-widget_type=\"post-info.default\">\n\t\t\t\t\t\t\t<ul class=\"elementor-inline-items elementor-icon-list-items elementor-post-info\">\n\t\t\t\t\t\t\t\t<li class=\"elementor-icon-list-item elementor-repeater-item-eb9f5f3 elementor-inline-item\" itemprop=\"datePublished\">\n\t\t\t\t\t\t<a href=\"https:\/\/mineriayproyectos.com\/en\/2026\/05\/06\/\">\n\t\t\t\t\t\t\t\t\t\t\t\t\t\t<span class=\"elementor-icon-list-text elementor-post-info__item elementor-post-info__item--type-date\">\n\t\t\t\t\t\t\t\t\t\t<time>May 6, 2026<\/time>\t\t\t\t\t<\/span>\n\t\t\t\t\t\t\t\t\t<\/a>\n\t\t\t\t<\/li>\n\t\t\t\t<li class=\"elementor-icon-list-item elementor-repeater-item-6a7b8ee elementor-inline-item\" itemprop=\"about\">\n\t\t\t\t\t\t\t\t\t\t\t\t\t<span class=\"elementor-icon-list-text elementor-post-info__item elementor-post-info__item--type-terms\">\n\t\t\t\t\t\t\t\t\t\t<span class=\"elementor-post-info__terms-list\">\n\t\t\t\t<a href=\"https:\/\/mineriayproyectos.com\/en\/category\/economia\/\" class=\"elementor-post-info__terms-list-item\">Econom\u00eda<\/a>\t\t\t\t<\/span>\n\t\t\t\t\t<\/span>\n\t\t\t\t\t\t\t\t<\/li>\n\t\t\t\t<\/ul>\n\t\t\t\t\t\t<\/div>\n\t\t\t\t<\/div>\n\t\t\t\t\t<\/div>\n\t\t\t\t<\/div>\n\t\t\t\t<\/div>\n\t\t\t\t<\/div>\n\t\t<\/div>\n\t\t\t\t\t<div class=\"elementor-swiper-button elementor-swiper-button-prev\" role=\"button\" tabindex=\"0\" aria-label=\"Previous\">\n\t\t\t\t<svg aria-hidden=\"true\" class=\"e-font-icon-svg e-eicon-chevron-left\" viewBox=\"0 0 1000 1000\" xmlns=\"http:\/\/www.w3.org\/2000\/svg\"><path d=\"M646 125C629 125 613 133 604 142L308 442C296 454 292 471 292 487 292 504 296 521 308 533L604 854C617 867 629 875 646 875 663 875 679 871 692 858 704 846 713 829 713 812 713 796 708 779 692 767L438 487 692 225C700 217 708 204 708 187 708 171 704 154 692 142 675 129 663 125 646 125Z\"><\/path><\/svg>\t\t\t<\/div>\n\t\t\t<div class=\"elementor-swiper-button elementor-swiper-button-next\" role=\"button\" tabindex=\"0\" aria-label=\"Next\">\n\t\t\t\t<svg aria-hidden=\"true\" class=\"e-font-icon-svg e-eicon-chevron-right\" viewBox=\"0 0 1000 1000\" xmlns=\"http:\/\/www.w3.org\/2000\/svg\"><path d=\"M696 533C708 521 713 504 713 487 713 471 708 454 696 446L400 146C388 133 375 125 354 125 338 125 325 129 313 142 300 154 292 171 292 187 292 204 296 221 308 233L563 492 304 771C292 783 288 800 288 817 288 833 296 850 308 863 321 871 338 875 354 875 371 875 388 867 400 854L696 533Z\"><\/path><\/svg>\t\t\t<\/div>\n\t\t\t\t\t<div class=\"swiper-pagination\"><\/div>\n\t\t\t\t\t\t<\/div>\n\t\t\t\t<\/div>\n\t\t<div class=\"elementor-element elementor-element-2c635a8 e-con-full e-flex e-con e-child\" data-id=\"2c635a8\" data-element_type=\"container\" data-e-type=\"container\">\n\t\t\t\t<div class=\"elementor-element elementor-element-9053a73 elementor-widget elementor-widget-image\" data-id=\"9053a73\" data-element_type=\"widget\" data-e-type=\"widget\" data-widget_type=\"image.default\">\n\t\t\t\t\t\t\t\t\t\t\t\t\t\t\t\t<a href=\"https:\/\/encuentrometalurgia.com\/mineria-5-0-2026\/\" target=\"_blank\">\n\t\t\t\t\t\t\t<img loading=\"lazy\" decoding=\"async\" width=\"1124\" height=\"131\" src=\"https:\/\/mineriayproyectos.com\/wp-content\/uploads\/2026\/08\/1024x131-Mineri\u0301a-y-Excelencia-O.jpg\" class=\"attachment-full size-full wp-image-30826\" alt=\"\" srcset=\"https:\/\/mineriayproyectos.com\/wp-content\/uploads\/2026\/08\/1024x131-Mineri\u0301a-y-Excelencia-O.jpg 1124w, https:\/\/mineriayproyectos.com\/wp-content\/uploads\/2026\/08\/1024x131-Mineri\u0301a-y-Excelencia-O-300x35.jpg 300w, https:\/\/mineriayproyectos.com\/wp-content\/uploads\/2026\/08\/1024x131-Mineri\u0301a-y-Excelencia-O-1024x119.jpg 1024w, https:\/\/mineriayproyectos.com\/wp-content\/uploads\/2026\/08\/1024x131-Mineri\u0301a-y-Excelencia-O-768x90.jpg 768w, https:\/\/mineriayproyectos.com\/wp-content\/uploads\/2026\/08\/1024x131-Mineri\u0301a-y-Excelencia-O-18x2.jpg 18w\" sizes=\"(max-width: 1124px) 100vw, 1124px\" \/>\t\t\t\t\t\t\t\t<\/a>\n\t\t\t\t\t\t\t\t\t\t\t\t\t\t\t<\/div>\n\t\t\t\t<\/div>\n\t\t<div class=\"elementor-element elementor-element-668da5f e-con-full e-flex e-con e-child\" data-id=\"668da5f\" data-element_type=\"container\" data-e-type=\"container\">\n\t\t<div class=\"elementor-element elementor-element-d3e689f e-con-full e-flex e-con e-child\" data-id=\"d3e689f\" data-element_type=\"container\" data-e-type=\"container\" data-settings=\"{&quot;background_background&quot;:&quot;classic&quot;}\">\n\t\t\t\t<div class=\"elementor-element elementor-element-7767f5c elementor-widget elementor-widget-heading\" data-id=\"7767f5c\" data-element_type=\"widget\" data-e-type=\"widget\" data-widget_type=\"heading.default\">\n\t\t\t\t\t<h2 class=\"elementor-heading-title elementor-size-default\">EMPRESARIAL<\/h2>\t\t\t\t<\/div>\n\t\t\t\t<\/div>\n\t\t\t\t<\/div>\n\t\t<div class=\"elementor-element elementor-element-0ca12b0 e-con-full e-flex e-con e-child\" data-id=\"0ca12b0\" data-element_type=\"container\" data-e-type=\"container\">\n\t\t\t\t<div class=\"elementor-element elementor-element-5e57603 elementor-arrows-position-outside elementor-pagination-type-bullets elementor-pagination-position-outside elementor-widget elementor-widget-loop-carousel\" data-id=\"5e57603\" data-element_type=\"widget\" data-e-type=\"widget\" data-settings=\"{&quot;template_id&quot;:&quot;29874&quot;,&quot;image_spacing_custom&quot;:{&quot;unit&quot;:&quot;px&quot;,&quot;size&quot;:30,&quot;sizes&quot;:[]},&quot;_skin&quot;:&quot;post&quot;,&quot;slides_to_show&quot;:&quot;3&quot;,&quot;slides_to_show_tablet&quot;:&quot;2&quot;,&quot;slides_to_show_mobile&quot;:&quot;1&quot;,&quot;slides_to_scroll&quot;:&quot;1&quot;,&quot;edit_handle_selector&quot;:&quot;.elementor-loop-container&quot;,&quot;autoplay&quot;:&quot;yes&quot;,&quot;autoplay_speed&quot;:5000,&quot;pause_on_hover&quot;:&quot;yes&quot;,&quot;pause_on_interaction&quot;:&quot;yes&quot;,&quot;infinite&quot;:&quot;yes&quot;,&quot;speed&quot;:500,&quot;offset_sides&quot;:&quot;none&quot;,&quot;arrows&quot;:&quot;yes&quot;,&quot;pagination&quot;:&quot;bullets&quot;,&quot;image_spacing_custom_tablet&quot;:{&quot;unit&quot;:&quot;px&quot;,&quot;size&quot;:&quot;&quot;,&quot;sizes&quot;:[]},&quot;image_spacing_custom_mobile&quot;:{&quot;unit&quot;:&quot;px&quot;,&quot;size&quot;:&quot;&quot;,&quot;sizes&quot;:[]}}\" data-widget_type=\"loop-carousel.post\">\n\t\t\t\t\t\t\t<div class=\"swiper elementor-loop-container elementor-grid\" role=\"list\" dir=\"ltr\">\n\t\t\t\t<div class=\"swiper-wrapper\" aria-live=\"off\">\n\t\t\t\t<div data-elementor-type=\"loop-item\" data-elementor-id=\"29874\" class=\"elementor elementor-29874 swiper-slide e-loop-item e-loop-item-31125 post-31125 post type-post status-publish format-standard has-post-thumbnail hentry category-empresarial category-mineria tag-kaeser-compresores\" data-elementor-post-type=\"elementor_library\" role=\"group\" aria-roledescription=\"slide\" data-custom-edit-handle=\"1\">\n\t\t\t<div class=\"elementor-element elementor-element-057fa25 e-flex e-con-boxed e-con e-parent\" data-id=\"057fa25\" data-element_type=\"container\" data-e-type=\"container\" data-settings=\"{&quot;background_background&quot;:&quot;classic&quot;}\">\n\t\t\t\t\t<div class=\"e-con-inner\">\n\t\t\t\t<div class=\"elementor-element elementor-element-416ae0b elementor-widget elementor-widget-theme-post-featured-image elementor-widget-image\" data-id=\"416ae0b\" data-element_type=\"widget\" data-e-type=\"widget\" data-widget_type=\"theme-post-featured-image.default\">\n\t\t\t\t\t\t\t\t\t\t\t\t\t\t\t\t<a href=\"https:\/\/mineriayproyectos.com\/en\/mineria\/2026\/08\/27\/kaeser-eficiencia-energetica-mineria\/\">\n\t\t\t\t\t\t\t<img loading=\"lazy\" decoding=\"async\" width=\"800\" height=\"450\" src=\"https:\/\/mineriayproyectos.com\/wp-content\/uploads\/2026\/08\/kaeser-eficiencia-energetica-mineria-1024x576.jpg\" class=\"attachment-large size-large wp-image-31126\" alt=\"KAESER presenta soluciones de aire comprimido para mejorar la eficiencia energ\u00e9tica en miner\u00eda.\" srcset=\"https:\/\/mineriayproyectos.com\/wp-content\/uploads\/2026\/08\/kaeser-eficiencia-energetica-mineria-1024x576.jpg 1024w, https:\/\/mineriayproyectos.com\/wp-content\/uploads\/2026\/08\/kaeser-eficiencia-energetica-mineria-300x169.jpg 300w, https:\/\/mineriayproyectos.com\/wp-content\/uploads\/2026\/08\/kaeser-eficiencia-energetica-mineria-768x432.jpg 768w, https:\/\/mineriayproyectos.com\/wp-content\/uploads\/2026\/08\/kaeser-eficiencia-energetica-mineria-1536x864.jpg 1536w, https:\/\/mineriayproyectos.com\/wp-content\/uploads\/2026\/08\/kaeser-eficiencia-energetica-mineria-18x10.jpg 18w, https:\/\/mineriayproyectos.com\/wp-content\/uploads\/2026\/08\/kaeser-eficiencia-energetica-mineria.jpg 1920w\" sizes=\"(max-width: 800px) 100vw, 800px\" \/>\t\t\t\t\t\t\t\t<\/a>\n\t\t\t\t\t\t\t\t\t\t\t\t\t\t\t<\/div>\n\t\t\t\t<div class=\"elementor-element elementor-element-2b60229 elementor-widget elementor-widget-theme-post-title elementor-page-title elementor-widget-heading\" data-id=\"2b60229\" data-element_type=\"widget\" data-e-type=\"widget\" data-widget_type=\"theme-post-title.default\">\n\t\t\t\t\t<h1 class=\"elementor-heading-title elementor-size-default\"><a href=\"https:\/\/mineriayproyectos.com\/en\/mineria\/2026\/08\/27\/kaeser-eficiencia-energetica-mineria\/\">KAESER apunta a reducir hasta 25% el consumo energ\u00e9tico con soluciones para miner\u00eda<\/a><\/h1>\t\t\t\t<\/div>\n\t\t<div class=\"elementor-element elementor-element-17c73eb e-grid e-con-full e-con e-child\" data-id=\"17c73eb\" data-element_type=\"container\" data-e-type=\"container\">\n\t\t\t\t<div class=\"elementor-element elementor-element-5fbb05b elementor-widget elementor-widget-post-info\" data-id=\"5fbb05b\" data-element_type=\"widget\" data-e-type=\"widget\" data-widget_type=\"post-info.default\">\n\t\t\t\t\t\t\t<ul class=\"elementor-inline-items elementor-icon-list-items elementor-post-info\">\n\t\t\t\t\t\t\t\t<li class=\"elementor-icon-list-item elementor-repeater-item-eb9f5f3 elementor-inline-item\" itemprop=\"datePublished\">\n\t\t\t\t\t\t<a href=\"https:\/\/mineriayproyectos.com\/en\/2026\/08\/27\/\">\n\t\t\t\t\t\t\t\t\t\t\t\t\t\t<span class=\"elementor-icon-list-text elementor-post-info__item elementor-post-info__item--type-date\">\n\t\t\t\t\t\t\t\t\t\t<time>August 27, 2026<\/time>\t\t\t\t\t<\/span>\n\t\t\t\t\t\t\t\t\t<\/a>\n\t\t\t\t<\/li>\n\t\t\t\t<li class=\"elementor-icon-list-item elementor-repeater-item-6a7b8ee elementor-inline-item\" itemprop=\"about\">\n\t\t\t\t\t\t\t\t\t\t\t\t\t<span class=\"elementor-icon-list-text elementor-post-info__item elementor-post-info__item--type-terms\">\n\t\t\t\t\t\t\t\t\t\t<span class=\"elementor-post-info__terms-list\">\n\t\t\t\t<a href=\"https:\/\/mineriayproyectos.com\/en\/category\/empresarial\/\" class=\"elementor-post-info__terms-list-item\">Empresarial<\/a>, <a href=\"https:\/\/mineriayproyectos.com\/en\/category\/mineria\/\" class=\"elementor-post-info__terms-list-item\">Miner\u00eda<\/a>\t\t\t\t<\/span>\n\t\t\t\t\t<\/span>\n\t\t\t\t\t\t\t\t<\/li>\n\t\t\t\t<\/ul>\n\t\t\t\t\t\t<\/div>\n\t\t\t\t<\/div>\n\t\t\t\t\t<\/div>\n\t\t\t\t<\/div>\n\t\t\t\t<\/div>\n\t\t\t\t<div data-elementor-type=\"loop-item\" data-elementor-id=\"29874\" class=\"elementor elementor-29874 swiper-slide e-loop-item e-loop-item-31096 post-31096 post type-post status-publish format-standard has-post-thumbnail hentry category-empresarial tag-camiones tag-tracto-camiones-usa tag-transporte\" data-elementor-post-type=\"elementor_library\" role=\"group\" aria-roledescription=\"slide\" data-custom-edit-handle=\"1\">\n\t\t\t<div class=\"elementor-element elementor-element-057fa25 e-flex e-con-boxed e-con e-parent\" data-id=\"057fa25\" data-element_type=\"container\" data-e-type=\"container\" data-settings=\"{&quot;background_background&quot;:&quot;classic&quot;}\">\n\t\t\t\t\t<div class=\"e-con-inner\">\n\t\t\t\t<div class=\"elementor-element elementor-element-416ae0b elementor-widget elementor-widget-theme-post-featured-image elementor-widget-image\" data-id=\"416ae0b\" data-element_type=\"widget\" data-e-type=\"widget\" data-widget_type=\"theme-post-featured-image.default\">\n\t\t\t\t\t\t\t\t\t\t\t\t\t\t\t\t<a href=\"https:\/\/mineriayproyectos.com\/en\/empresarial\/2026\/08\/26\/tracto-camiones-usa-vehiculos-pesados-peru\/\">\n\t\t\t\t\t\t\t<img loading=\"lazy\" decoding=\"async\" width=\"800\" height=\"450\" src=\"https:\/\/mineriayproyectos.com\/wp-content\/uploads\/2026\/08\/tracto-camiones-usa-vehiculos-pesados-peru-1024x576.jpg\" class=\"attachment-large size-large wp-image-31097\" alt=\"Tracto Camiones USA analiza los nuevos criterios de compra de veh\u00edculos pesados en el Per\u00fa.\" srcset=\"https:\/\/mineriayproyectos.com\/wp-content\/uploads\/2026\/08\/tracto-camiones-usa-vehiculos-pesados-peru-1024x576.jpg 1024w, https:\/\/mineriayproyectos.com\/wp-content\/uploads\/2026\/08\/tracto-camiones-usa-vehiculos-pesados-peru-300x169.jpg 300w, https:\/\/mineriayproyectos.com\/wp-content\/uploads\/2026\/08\/tracto-camiones-usa-vehiculos-pesados-peru-768x432.jpg 768w, https:\/\/mineriayproyectos.com\/wp-content\/uploads\/2026\/08\/tracto-camiones-usa-vehiculos-pesados-peru-1536x864.jpg 1536w, https:\/\/mineriayproyectos.com\/wp-content\/uploads\/2026\/08\/tracto-camiones-usa-vehiculos-pesados-peru-18x10.jpg 18w, https:\/\/mineriayproyectos.com\/wp-content\/uploads\/2026\/08\/tracto-camiones-usa-vehiculos-pesados-peru.jpg 1920w\" sizes=\"(max-width: 800px) 100vw, 800px\" \/>\t\t\t\t\t\t\t\t<\/a>\n\t\t\t\t\t\t\t\t\t\t\t\t\t\t\t<\/div>\n\t\t\t\t<div class=\"elementor-element elementor-element-2b60229 elementor-widget elementor-widget-theme-post-title elementor-page-title elementor-widget-heading\" data-id=\"2b60229\" data-element_type=\"widget\" data-e-type=\"widget\" data-widget_type=\"theme-post-title.default\">\n\t\t\t\t\t<h1 class=\"elementor-heading-title elementor-size-default\"><a href=\"https:\/\/mineriayproyectos.com\/en\/empresarial\/2026\/08\/26\/tracto-camiones-usa-vehiculos-pesados-peru\/\">M\u00e1s all\u00e1 del precio: Tracto Camiones USA revela c\u00f3mo est\u00e1 cambiando la compra de veh\u00edculos pesados en el Per\u00fa<\/a><\/h1>\t\t\t\t<\/div>\n\t\t<div class=\"elementor-element elementor-element-17c73eb e-grid e-con-full e-con e-child\" data-id=\"17c73eb\" data-element_type=\"container\" data-e-type=\"container\">\n\t\t\t\t<div class=\"elementor-element elementor-element-5fbb05b elementor-widget elementor-widget-post-info\" data-id=\"5fbb05b\" data-element_type=\"widget\" data-e-type=\"widget\" data-widget_type=\"post-info.default\">\n\t\t\t\t\t\t\t<ul class=\"elementor-inline-items elementor-icon-list-items elementor-post-info\">\n\t\t\t\t\t\t\t\t<li class=\"elementor-icon-list-item elementor-repeater-item-eb9f5f3 elementor-inline-item\" itemprop=\"datePublished\">\n\t\t\t\t\t\t<a href=\"https:\/\/mineriayproyectos.com\/en\/2026\/08\/26\/\">\n\t\t\t\t\t\t\t\t\t\t\t\t\t\t<span class=\"elementor-icon-list-text elementor-post-info__item elementor-post-info__item--type-date\">\n\t\t\t\t\t\t\t\t\t\t<time>August 26, 2026<\/time>\t\t\t\t\t<\/span>\n\t\t\t\t\t\t\t\t\t<\/a>\n\t\t\t\t<\/li>\n\t\t\t\t<li class=\"elementor-icon-list-item elementor-repeater-item-6a7b8ee elementor-inline-item\" itemprop=\"about\">\n\t\t\t\t\t\t\t\t\t\t\t\t\t<span class=\"elementor-icon-list-text elementor-post-info__item elementor-post-info__item--type-terms\">\n\t\t\t\t\t\t\t\t\t\t<span class=\"elementor-post-info__terms-list\">\n\t\t\t\t<a href=\"https:\/\/mineriayproyectos.com\/en\/category\/empresarial\/\" class=\"elementor-post-info__terms-list-item\">Empresarial<\/a>\t\t\t\t<\/span>\n\t\t\t\t\t<\/span>\n\t\t\t\t\t\t\t\t<\/li>\n\t\t\t\t<\/ul>\n\t\t\t\t\t\t<\/div>\n\t\t\t\t<\/div>\n\t\t\t\t\t<\/div>\n\t\t\t\t<\/div>\n\t\t\t\t<\/div>\n\t\t\t\t<div data-elementor-type=\"loop-item\" data-elementor-id=\"29874\" class=\"elementor elementor-29874 swiper-slide e-loop-item e-loop-item-31069 post-31069 post type-post status-publish format-standard has-post-thumbnail hentry category-empresarial tag-gexac tag-maquinarias tag-southern-copper-corporation tag-southern-peru\" data-elementor-post-type=\"elementor_library\" role=\"group\" aria-roledescription=\"slide\" data-custom-edit-handle=\"1\">\n\t\t\t<div class=\"elementor-element elementor-element-057fa25 e-flex e-con-boxed e-con e-parent\" data-id=\"057fa25\" data-element_type=\"container\" data-e-type=\"container\" data-settings=\"{&quot;background_background&quot;:&quot;classic&quot;}\">\n\t\t\t\t\t<div class=\"e-con-inner\">\n\t\t\t\t<div class=\"elementor-element elementor-element-416ae0b elementor-widget elementor-widget-theme-post-featured-image elementor-widget-image\" data-id=\"416ae0b\" data-element_type=\"widget\" data-e-type=\"widget\" data-widget_type=\"theme-post-featured-image.default\">\n\t\t\t\t\t\t\t\t\t\t\t\t\t\t\t\t<a href=\"https:\/\/mineriayproyectos.com\/en\/empresarial\/2026\/08\/25\/gexac-subasta-maquinaria-southern-peru\/\">\n\t\t\t\t\t\t\t<img loading=\"lazy\" decoding=\"async\" width=\"800\" height=\"450\" src=\"https:\/\/mineriayproyectos.com\/wp-content\/uploads\/2026\/08\/gexac-subasta-maquinaria-southern-peru-1024x576.jpg\" class=\"attachment-large size-large wp-image-31070\" alt=\"Gexac realizar\u00e1 una subasta virtual de maquinaria y equipos de Southern Per\u00fa.\" srcset=\"https:\/\/mineriayproyectos.com\/wp-content\/uploads\/2026\/08\/gexac-subasta-maquinaria-southern-peru-1024x576.jpg 1024w, https:\/\/mineriayproyectos.com\/wp-content\/uploads\/2026\/08\/gexac-subasta-maquinaria-southern-peru-300x169.jpg 300w, https:\/\/mineriayproyectos.com\/wp-content\/uploads\/2026\/08\/gexac-subasta-maquinaria-southern-peru-768x432.jpg 768w, https:\/\/mineriayproyectos.com\/wp-content\/uploads\/2026\/08\/gexac-subasta-maquinaria-southern-peru-1536x864.jpg 1536w, https:\/\/mineriayproyectos.com\/wp-content\/uploads\/2026\/08\/gexac-subasta-maquinaria-southern-peru-18x10.jpg 18w, https:\/\/mineriayproyectos.com\/wp-content\/uploads\/2026\/08\/gexac-subasta-maquinaria-southern-peru.jpg 1920w\" sizes=\"(max-width: 800px) 100vw, 800px\" \/>\t\t\t\t\t\t\t\t<\/a>\n\t\t\t\t\t\t\t\t\t\t\t\t\t\t\t<\/div>\n\t\t\t\t<div class=\"elementor-element elementor-element-2b60229 elementor-widget elementor-widget-theme-post-title elementor-page-title elementor-widget-heading\" data-id=\"2b60229\" data-element_type=\"widget\" data-e-type=\"widget\" data-widget_type=\"theme-post-title.default\">\n\t\t\t\t\t<h1 class=\"elementor-heading-title elementor-size-default\"><a href=\"https:\/\/mineriayproyectos.com\/en\/empresarial\/2026\/08\/25\/gexac-subasta-maquinaria-southern-peru\/\">Gexac organiza gran subasta virtual de maquinaria y equipos de Southern Per\u00fa Copper<\/a><\/h1>\t\t\t\t<\/div>\n\t\t<div class=\"elementor-element elementor-element-17c73eb e-grid e-con-full e-con e-child\" data-id=\"17c73eb\" data-element_type=\"container\" data-e-type=\"container\">\n\t\t\t\t<div class=\"elementor-element elementor-element-5fbb05b elementor-widget elementor-widget-post-info\" data-id=\"5fbb05b\" data-element_type=\"widget\" data-e-type=\"widget\" data-widget_type=\"post-info.default\">\n\t\t\t\t\t\t\t<ul class=\"elementor-inline-items elementor-icon-list-items elementor-post-info\">\n\t\t\t\t\t\t\t\t<li class=\"elementor-icon-list-item elementor-repeater-item-eb9f5f3 elementor-inline-item\" itemprop=\"datePublished\">\n\t\t\t\t\t\t<a href=\"https:\/\/mineriayproyectos.com\/en\/2026\/08\/25\/\">\n\t\t\t\t\t\t\t\t\t\t\t\t\t\t<span class=\"elementor-icon-list-text elementor-post-info__item elementor-post-info__item--type-date\">\n\t\t\t\t\t\t\t\t\t\t<time>August 25, 2026<\/time>\t\t\t\t\t<\/span>\n\t\t\t\t\t\t\t\t\t<\/a>\n\t\t\t\t<\/li>\n\t\t\t\t<li class=\"elementor-icon-list-item elementor-repeater-item-6a7b8ee elementor-inline-item\" itemprop=\"about\">\n\t\t\t\t\t\t\t\t\t\t\t\t\t<span class=\"elementor-icon-list-text elementor-post-info__item elementor-post-info__item--type-terms\">\n\t\t\t\t\t\t\t\t\t\t<span class=\"elementor-post-info__terms-list\">\n\t\t\t\t<a href=\"https:\/\/mineriayproyectos.com\/en\/category\/empresarial\/\" class=\"elementor-post-info__terms-list-item\">Empresarial<\/a>\t\t\t\t<\/span>\n\t\t\t\t\t<\/span>\n\t\t\t\t\t\t\t\t<\/li>\n\t\t\t\t<\/ul>\n\t\t\t\t\t\t<\/div>\n\t\t\t\t<\/div>\n\t\t\t\t\t<\/div>\n\t\t\t\t<\/div>\n\t\t\t\t<\/div>\n\t\t\t\t<div data-elementor-type=\"loop-item\" data-elementor-id=\"29874\" class=\"elementor elementor-29874 swiper-slide e-loop-item e-loop-item-31026 post-31026 post type-post status-publish format-standard has-post-thumbnail hentry category-empresarial tag-maquinarias tag-scania-peru\" data-elementor-post-type=\"elementor_library\" role=\"group\" aria-roledescription=\"slide\" data-custom-edit-handle=\"1\">\n\t\t\t<div class=\"elementor-element elementor-element-057fa25 e-flex e-con-boxed e-con e-parent\" data-id=\"057fa25\" data-element_type=\"container\" data-e-type=\"container\" data-settings=\"{&quot;background_background&quot;:&quot;classic&quot;}\">\n\t\t\t\t\t<div class=\"e-con-inner\">\n\t\t\t\t<div class=\"elementor-element elementor-element-416ae0b elementor-widget elementor-widget-theme-post-featured-image elementor-widget-image\" data-id=\"416ae0b\" data-element_type=\"widget\" data-e-type=\"widget\" data-widget_type=\"theme-post-featured-image.default\">\n\t\t\t\t\t\t\t\t\t\t\t\t\t\t\t\t<a href=\"https:\/\/mineriayproyectos.com\/en\/empresarial\/2026\/08\/20\/scania-tren-motriz-super-buses\/\">\n\t\t\t\t\t\t\t<img loading=\"lazy\" decoding=\"async\" width=\"800\" height=\"450\" src=\"https:\/\/mineriayproyectos.com\/wp-content\/uploads\/2026\/08\/scania-tren-motriz-super-buses-1024x576.jpg\" class=\"attachment-large size-large wp-image-31027\" alt=\"Scania presenta nuevo tren motriz Super para buses con ahorro de combustible desde 8%.\" srcset=\"https:\/\/mineriayproyectos.com\/wp-content\/uploads\/2026\/08\/scania-tren-motriz-super-buses-1024x576.jpg 1024w, https:\/\/mineriayproyectos.com\/wp-content\/uploads\/2026\/08\/scania-tren-motriz-super-buses-300x169.jpg 300w, https:\/\/mineriayproyectos.com\/wp-content\/uploads\/2026\/08\/scania-tren-motriz-super-buses-768x432.jpg 768w, https:\/\/mineriayproyectos.com\/wp-content\/uploads\/2026\/08\/scania-tren-motriz-super-buses-1536x864.jpg 1536w, https:\/\/mineriayproyectos.com\/wp-content\/uploads\/2026\/08\/scania-tren-motriz-super-buses-18x10.jpg 18w, https:\/\/mineriayproyectos.com\/wp-content\/uploads\/2026\/08\/scania-tren-motriz-super-buses.jpg 1920w\" sizes=\"(max-width: 800px) 100vw, 800px\" \/>\t\t\t\t\t\t\t\t<\/a>\n\t\t\t\t\t\t\t\t\t\t\t\t\t\t\t<\/div>\n\t\t\t\t<div class=\"elementor-element elementor-element-2b60229 elementor-widget elementor-widget-theme-post-title elementor-page-title elementor-widget-heading\" data-id=\"2b60229\" data-element_type=\"widget\" data-e-type=\"widget\" data-widget_type=\"theme-post-title.default\">\n\t\t\t\t\t<h1 class=\"elementor-heading-title elementor-size-default\"><a href=\"https:\/\/mineriayproyectos.com\/en\/empresarial\/2026\/08\/20\/scania-tren-motriz-super-buses\/\">Scania presenta en Lat.Bus 2026 su nuevo tren motriz Super para buses<\/a><\/h1>\t\t\t\t<\/div>\n\t\t<div class=\"elementor-element elementor-element-17c73eb e-grid e-con-full e-con e-child\" data-id=\"17c73eb\" data-element_type=\"container\" data-e-type=\"container\">\n\t\t\t\t<div class=\"elementor-element elementor-element-5fbb05b elementor-widget elementor-widget-post-info\" data-id=\"5fbb05b\" data-element_type=\"widget\" data-e-type=\"widget\" data-widget_type=\"post-info.default\">\n\t\t\t\t\t\t\t<ul class=\"elementor-inline-items elementor-icon-list-items elementor-post-info\">\n\t\t\t\t\t\t\t\t<li class=\"elementor-icon-list-item elementor-repeater-item-eb9f5f3 elementor-inline-item\" itemprop=\"datePublished\">\n\t\t\t\t\t\t<a href=\"https:\/\/mineriayproyectos.com\/en\/2026\/08\/20\/\">\n\t\t\t\t\t\t\t\t\t\t\t\t\t\t<span class=\"elementor-icon-list-text elementor-post-info__item elementor-post-info__item--type-date\">\n\t\t\t\t\t\t\t\t\t\t<time>August 20, 2026<\/time>\t\t\t\t\t<\/span>\n\t\t\t\t\t\t\t\t\t<\/a>\n\t\t\t\t<\/li>\n\t\t\t\t<li class=\"elementor-icon-list-item elementor-repeater-item-6a7b8ee elementor-inline-item\" itemprop=\"about\">\n\t\t\t\t\t\t\t\t\t\t\t\t\t<span class=\"elementor-icon-list-text elementor-post-info__item elementor-post-info__item--type-terms\">\n\t\t\t\t\t\t\t\t\t\t<span class=\"elementor-post-info__terms-list\">\n\t\t\t\t<a href=\"https:\/\/mineriayproyectos.com\/en\/category\/empresarial\/\" class=\"elementor-post-info__terms-list-item\">Empresarial<\/a>\t\t\t\t<\/span>\n\t\t\t\t\t<\/span>\n\t\t\t\t\t\t\t\t<\/li>\n\t\t\t\t<\/ul>\n\t\t\t\t\t\t<\/div>\n\t\t\t\t<\/div>\n\t\t\t\t\t<\/div>\n\t\t\t\t<\/div>\n\t\t\t\t<\/div>\n\t\t\t\t<div data-elementor-type=\"loop-item\" data-elementor-id=\"29874\" class=\"elementor elementor-29874 swiper-slide e-loop-item e-loop-item-31015 post-31015 post type-post status-publish format-standard has-post-thumbnail hentry category-empresarial category-energia tag-hitachi-energy\" data-elementor-post-type=\"elementor_library\" role=\"group\" aria-roledescription=\"slide\" data-custom-edit-handle=\"1\">\n\t\t\t<div class=\"elementor-element elementor-element-057fa25 e-flex e-con-boxed e-con e-parent\" data-id=\"057fa25\" data-element_type=\"container\" data-e-type=\"container\" data-settings=\"{&quot;background_background&quot;:&quot;classic&quot;}\">\n\t\t\t\t\t<div class=\"e-con-inner\">\n\t\t\t\t<div class=\"elementor-element elementor-element-416ae0b elementor-widget elementor-widget-theme-post-featured-image elementor-widget-image\" data-id=\"416ae0b\" data-element_type=\"widget\" data-e-type=\"widget\" data-widget_type=\"theme-post-featured-image.default\">\n\t\t\t\t\t\t\t\t\t\t\t\t\t\t\t\t<a href=\"https:\/\/mineriayproyectos.com\/en\/empresarial\/2026\/08\/19\/hitachi-energy-andy-goggin-americas\/\">\n\t\t\t\t\t\t\t<img loading=\"lazy\" decoding=\"async\" width=\"800\" height=\"450\" src=\"https:\/\/mineriayproyectos.com\/wp-content\/uploads\/2026\/08\/hitachi-energy-nuevo-director-americas-1024x576.jpg\" class=\"attachment-large size-large wp-image-31016\" alt=\"Hitachi Energy nombra a Andy Goggin para liderar sus operaciones y crecimiento en las Am\u00e9ricas.\" srcset=\"https:\/\/mineriayproyectos.com\/wp-content\/uploads\/2026\/08\/hitachi-energy-nuevo-director-americas-1024x576.jpg 1024w, https:\/\/mineriayproyectos.com\/wp-content\/uploads\/2026\/08\/hitachi-energy-nuevo-director-americas-300x169.jpg 300w, https:\/\/mineriayproyectos.com\/wp-content\/uploads\/2026\/08\/hitachi-energy-nuevo-director-americas-768x432.jpg 768w, https:\/\/mineriayproyectos.com\/wp-content\/uploads\/2026\/08\/hitachi-energy-nuevo-director-americas-1536x864.jpg 1536w, https:\/\/mineriayproyectos.com\/wp-content\/uploads\/2026\/08\/hitachi-energy-nuevo-director-americas-18x10.jpg 18w, https:\/\/mineriayproyectos.com\/wp-content\/uploads\/2026\/08\/hitachi-energy-nuevo-director-americas.jpg 1920w\" sizes=\"(max-width: 800px) 100vw, 800px\" \/>\t\t\t\t\t\t\t\t<\/a>\n\t\t\t\t\t\t\t\t\t\t\t\t\t\t\t<\/div>\n\t\t\t\t<div class=\"elementor-element elementor-element-2b60229 elementor-widget elementor-widget-theme-post-title elementor-page-title elementor-widget-heading\" data-id=\"2b60229\" data-element_type=\"widget\" data-e-type=\"widget\" data-widget_type=\"theme-post-title.default\">\n\t\t\t\t\t<h1 class=\"elementor-heading-title elementor-size-default\"><a href=\"https:\/\/mineriayproyectos.com\/en\/empresarial\/2026\/08\/19\/hitachi-energy-andy-goggin-americas\/\">Hitachi Energy nombra a Andy Goggin como nuevo Vicepresidente Ejecutivo y Director de la Regi\u00f3n Am\u00e9ricas<\/a><\/h1>\t\t\t\t<\/div>\n\t\t<div class=\"elementor-element elementor-element-17c73eb e-grid e-con-full e-con e-child\" data-id=\"17c73eb\" data-element_type=\"container\" data-e-type=\"container\">\n\t\t\t\t<div class=\"elementor-element elementor-element-5fbb05b elementor-widget elementor-widget-post-info\" data-id=\"5fbb05b\" data-element_type=\"widget\" data-e-type=\"widget\" data-widget_type=\"post-info.default\">\n\t\t\t\t\t\t\t<ul class=\"elementor-inline-items elementor-icon-list-items elementor-post-info\">\n\t\t\t\t\t\t\t\t<li class=\"elementor-icon-list-item elementor-repeater-item-eb9f5f3 elementor-inline-item\" itemprop=\"datePublished\">\n\t\t\t\t\t\t<a href=\"https:\/\/mineriayproyectos.com\/en\/2026\/08\/19\/\">\n\t\t\t\t\t\t\t\t\t\t\t\t\t\t<span class=\"elementor-icon-list-text elementor-post-info__item elementor-post-info__item--type-date\">\n\t\t\t\t\t\t\t\t\t\t<time>August 19, 2026<\/time>\t\t\t\t\t<\/span>\n\t\t\t\t\t\t\t\t\t<\/a>\n\t\t\t\t<\/li>\n\t\t\t\t<li class=\"elementor-icon-list-item elementor-repeater-item-6a7b8ee elementor-inline-item\" itemprop=\"about\">\n\t\t\t\t\t\t\t\t\t\t\t\t\t<span class=\"elementor-icon-list-text elementor-post-info__item elementor-post-info__item--type-terms\">\n\t\t\t\t\t\t\t\t\t\t<span class=\"elementor-post-info__terms-list\">\n\t\t\t\t<a href=\"https:\/\/mineriayproyectos.com\/en\/category\/empresarial\/\" class=\"elementor-post-info__terms-list-item\">Empresarial<\/a>, <a href=\"https:\/\/mineriayproyectos.com\/en\/category\/energia\/\" class=\"elementor-post-info__terms-list-item\">Energ\u00eda<\/a>\t\t\t\t<\/span>\n\t\t\t\t\t<\/span>\n\t\t\t\t\t\t\t\t<\/li>\n\t\t\t\t<\/ul>\n\t\t\t\t\t\t<\/div>\n\t\t\t\t<\/div>\n\t\t\t\t\t<\/div>\n\t\t\t\t<\/div>\n\t\t\t\t<\/div>\n\t\t\t\t<div data-elementor-type=\"loop-item\" data-elementor-id=\"29874\" class=\"elementor elementor-29874 swiper-slide e-loop-item e-loop-item-30953 post-30953 post type-post status-publish format-standard has-post-thumbnail hentry category-empresarial tag-ferreycorp tag-sostenibilidad\" data-elementor-post-type=\"elementor_library\" role=\"group\" aria-roledescription=\"slide\" data-custom-edit-handle=\"1\">\n\t\t\t<div class=\"elementor-element elementor-element-057fa25 e-flex e-con-boxed e-con e-parent\" data-id=\"057fa25\" data-element_type=\"container\" data-e-type=\"container\" data-settings=\"{&quot;background_background&quot;:&quot;classic&quot;}\">\n\t\t\t\t\t<div class=\"e-con-inner\">\n\t\t\t\t<div class=\"elementor-element elementor-element-416ae0b elementor-widget elementor-widget-theme-post-featured-image elementor-widget-image\" data-id=\"416ae0b\" data-element_type=\"widget\" data-e-type=\"widget\" data-widget_type=\"theme-post-featured-image.default\">\n\t\t\t\t\t\t\t\t\t\t\t\t\t\t\t\t<a href=\"https:\/\/mineriayproyectos.com\/en\/empresarial\/2026\/08\/17\/ferreycorp-empresas-gestion-sostenible\/\">\n\t\t\t\t\t\t\t<img loading=\"lazy\" decoding=\"async\" width=\"800\" height=\"450\" src=\"https:\/\/mineriayproyectos.com\/wp-content\/uploads\/2026\/08\/ferreycorp-empresas-gestion-sostenible-1024x576.jpg\" class=\"attachment-large size-large wp-image-30954\" alt=\"Seis empresas de Ferreycorp reciben el Distintivo Empresa con Gesti\u00f3n Sostenible.\" srcset=\"https:\/\/mineriayproyectos.com\/wp-content\/uploads\/2026\/08\/ferreycorp-empresas-gestion-sostenible-1024x576.jpg 1024w, https:\/\/mineriayproyectos.com\/wp-content\/uploads\/2026\/08\/ferreycorp-empresas-gestion-sostenible-300x169.jpg 300w, https:\/\/mineriayproyectos.com\/wp-content\/uploads\/2026\/08\/ferreycorp-empresas-gestion-sostenible-768x432.jpg 768w, https:\/\/mineriayproyectos.com\/wp-content\/uploads\/2026\/08\/ferreycorp-empresas-gestion-sostenible-1536x864.jpg 1536w, https:\/\/mineriayproyectos.com\/wp-content\/uploads\/2026\/08\/ferreycorp-empresas-gestion-sostenible-18x10.jpg 18w, https:\/\/mineriayproyectos.com\/wp-content\/uploads\/2026\/08\/ferreycorp-empresas-gestion-sostenible.jpg 1920w\" sizes=\"(max-width: 800px) 100vw, 800px\" \/>\t\t\t\t\t\t\t\t<\/a>\n\t\t\t\t\t\t\t\t\t\t\t\t\t\t\t<\/div>\n\t\t\t\t<div class=\"elementor-element elementor-element-2b60229 elementor-widget elementor-widget-theme-post-title elementor-page-title elementor-widget-heading\" data-id=\"2b60229\" data-element_type=\"widget\" data-e-type=\"widget\" data-widget_type=\"theme-post-title.default\">\n\t\t\t\t\t<h1 class=\"elementor-heading-title elementor-size-default\"><a href=\"https:\/\/mineriayproyectos.com\/en\/empresarial\/2026\/08\/17\/ferreycorp-empresas-gestion-sostenible\/\">Seis empresas Ferreycorp obtienen el Distintivo Empresa con Gesti\u00f3n Sostenible<\/a><\/h1>\t\t\t\t<\/div>\n\t\t<div class=\"elementor-element elementor-element-17c73eb e-grid e-con-full e-con e-child\" data-id=\"17c73eb\" data-element_type=\"container\" data-e-type=\"container\">\n\t\t\t\t<div class=\"elementor-element elementor-element-5fbb05b elementor-widget elementor-widget-post-info\" data-id=\"5fbb05b\" data-element_type=\"widget\" data-e-type=\"widget\" data-widget_type=\"post-info.default\">\n\t\t\t\t\t\t\t<ul class=\"elementor-inline-items elementor-icon-list-items elementor-post-info\">\n\t\t\t\t\t\t\t\t<li class=\"elementor-icon-list-item elementor-repeater-item-eb9f5f3 elementor-inline-item\" itemprop=\"datePublished\">\n\t\t\t\t\t\t<a href=\"https:\/\/mineriayproyectos.com\/en\/2026\/08\/17\/\">\n\t\t\t\t\t\t\t\t\t\t\t\t\t\t<span class=\"elementor-icon-list-text elementor-post-info__item elementor-post-info__item--type-date\">\n\t\t\t\t\t\t\t\t\t\t<time>August 17, 2026<\/time>\t\t\t\t\t<\/span>\n\t\t\t\t\t\t\t\t\t<\/a>\n\t\t\t\t<\/li>\n\t\t\t\t<li class=\"elementor-icon-list-item elementor-repeater-item-6a7b8ee elementor-inline-item\" itemprop=\"about\">\n\t\t\t\t\t\t\t\t\t\t\t\t\t<span class=\"elementor-icon-list-text elementor-post-info__item elementor-post-info__item--type-terms\">\n\t\t\t\t\t\t\t\t\t\t<span class=\"elementor-post-info__terms-list\">\n\t\t\t\t<a href=\"https:\/\/mineriayproyectos.com\/en\/category\/empresarial\/\" class=\"elementor-post-info__terms-list-item\">Empresarial<\/a>\t\t\t\t<\/span>\n\t\t\t\t\t<\/span>\n\t\t\t\t\t\t\t\t<\/li>\n\t\t\t\t<\/ul>\n\t\t\t\t\t\t<\/div>\n\t\t\t\t<\/div>\n\t\t\t\t\t<\/div>\n\t\t\t\t<\/div>\n\t\t\t\t<\/div>\n\t\t\t\t<div data-elementor-type=\"loop-item\" data-elementor-id=\"29874\" class=\"elementor elementor-29874 swiper-slide e-loop-item e-loop-item-30929 post-30929 post type-post status-publish format-standard has-post-thumbnail hentry category-empresarial tag-repsol\" data-elementor-post-type=\"elementor_library\" role=\"group\" aria-roledescription=\"slide\" data-custom-edit-handle=\"1\">\n\t\t\t<div class=\"elementor-element elementor-element-057fa25 e-flex e-con-boxed e-con e-parent\" data-id=\"057fa25\" data-element_type=\"container\" data-e-type=\"container\" data-settings=\"{&quot;background_background&quot;:&quot;classic&quot;}\">\n\t\t\t\t\t<div class=\"e-con-inner\">\n\t\t\t\t<div class=\"elementor-element elementor-element-416ae0b elementor-widget elementor-widget-theme-post-featured-image elementor-widget-image\" data-id=\"416ae0b\" data-element_type=\"widget\" data-e-type=\"widget\" data-widget_type=\"theme-post-featured-image.default\">\n\t\t\t\t\t\t\t\t\t\t\t\t\t\t\t\t<a href=\"https:\/\/mineriayproyectos.com\/en\/empresarial\/2026\/08\/14\/repsol-guardianes-del-saber\/\">\n\t\t\t\t\t\t\t<img loading=\"lazy\" decoding=\"async\" width=\"800\" height=\"450\" src=\"https:\/\/mineriayproyectos.com\/wp-content\/uploads\/2026\/08\/repsol-guardianes-del-saber-cusco-1024x576.jpg\" class=\"attachment-large size-large wp-image-30930\" alt=\"Repsol presenta \u201cGuardianes del Saber\u201d, documental sobre conocimientos ancestrales del Bajo Urubamba.\" srcset=\"https:\/\/mineriayproyectos.com\/wp-content\/uploads\/2026\/08\/repsol-guardianes-del-saber-cusco-1024x576.jpg 1024w, https:\/\/mineriayproyectos.com\/wp-content\/uploads\/2026\/08\/repsol-guardianes-del-saber-cusco-300x169.jpg 300w, https:\/\/mineriayproyectos.com\/wp-content\/uploads\/2026\/08\/repsol-guardianes-del-saber-cusco-768x432.jpg 768w, https:\/\/mineriayproyectos.com\/wp-content\/uploads\/2026\/08\/repsol-guardianes-del-saber-cusco-1536x864.jpg 1536w, https:\/\/mineriayproyectos.com\/wp-content\/uploads\/2026\/08\/repsol-guardianes-del-saber-cusco-18x10.jpg 18w, https:\/\/mineriayproyectos.com\/wp-content\/uploads\/2026\/08\/repsol-guardianes-del-saber-cusco.jpg 1920w\" sizes=\"(max-width: 800px) 100vw, 800px\" \/>\t\t\t\t\t\t\t\t<\/a>\n\t\t\t\t\t\t\t\t\t\t\t\t\t\t\t<\/div>\n\t\t\t\t<div class=\"elementor-element elementor-element-2b60229 elementor-widget elementor-widget-theme-post-title elementor-page-title elementor-widget-heading\" data-id=\"2b60229\" data-element_type=\"widget\" data-e-type=\"widget\" data-widget_type=\"theme-post-title.default\">\n\t\t\t\t\t<h1 class=\"elementor-heading-title elementor-size-default\"><a href=\"https:\/\/mineriayproyectos.com\/en\/empresarial\/2026\/08\/14\/repsol-guardianes-del-saber\/\">Repsol Per\u00fa present\u00f3 el documental \u201cGuardianes del Saber\u201d orientado apreservar los conocimientos ancestrales del Bajo Urubamba<\/a><\/h1>\t\t\t\t<\/div>\n\t\t<div class=\"elementor-element elementor-element-17c73eb e-grid e-con-full e-con e-child\" data-id=\"17c73eb\" data-element_type=\"container\" data-e-type=\"container\">\n\t\t\t\t<div class=\"elementor-element elementor-element-5fbb05b elementor-widget elementor-widget-post-info\" data-id=\"5fbb05b\" data-element_type=\"widget\" data-e-type=\"widget\" data-widget_type=\"post-info.default\">\n\t\t\t\t\t\t\t<ul class=\"elementor-inline-items elementor-icon-list-items elementor-post-info\">\n\t\t\t\t\t\t\t\t<li class=\"elementor-icon-list-item elementor-repeater-item-eb9f5f3 elementor-inline-item\" itemprop=\"datePublished\">\n\t\t\t\t\t\t<a href=\"https:\/\/mineriayproyectos.com\/en\/2026\/08\/14\/\">\n\t\t\t\t\t\t\t\t\t\t\t\t\t\t<span class=\"elementor-icon-list-text elementor-post-info__item elementor-post-info__item--type-date\">\n\t\t\t\t\t\t\t\t\t\t<time>August 14, 2026<\/time>\t\t\t\t\t<\/span>\n\t\t\t\t\t\t\t\t\t<\/a>\n\t\t\t\t<\/li>\n\t\t\t\t<li class=\"elementor-icon-list-item elementor-repeater-item-6a7b8ee elementor-inline-item\" itemprop=\"about\">\n\t\t\t\t\t\t\t\t\t\t\t\t\t<span class=\"elementor-icon-list-text elementor-post-info__item elementor-post-info__item--type-terms\">\n\t\t\t\t\t\t\t\t\t\t<span class=\"elementor-post-info__terms-list\">\n\t\t\t\t<a href=\"https:\/\/mineriayproyectos.com\/en\/category\/empresarial\/\" class=\"elementor-post-info__terms-list-item\">Empresarial<\/a>\t\t\t\t<\/span>\n\t\t\t\t\t<\/span>\n\t\t\t\t\t\t\t\t<\/li>\n\t\t\t\t<\/ul>\n\t\t\t\t\t\t<\/div>\n\t\t\t\t<\/div>\n\t\t\t\t\t<\/div>\n\t\t\t\t<\/div>\n\t\t\t\t<\/div>\n\t\t\t\t<div data-elementor-type=\"loop-item\" data-elementor-id=\"29874\" class=\"elementor elementor-29874 swiper-slide e-loop-item e-loop-item-30923 post-30923 post type-post status-publish format-standard has-post-thumbnail hentry category-empresarial category-hidrocarburos tag-liderazgo-femenino tag-terpel\" data-elementor-post-type=\"elementor_library\" role=\"group\" aria-roledescription=\"slide\" data-custom-edit-handle=\"1\">\n\t\t\t<div class=\"elementor-element elementor-element-057fa25 e-flex e-con-boxed e-con e-parent\" data-id=\"057fa25\" data-element_type=\"container\" data-e-type=\"container\" data-settings=\"{&quot;background_background&quot;:&quot;classic&quot;}\">\n\t\t\t\t\t<div class=\"e-con-inner\">\n\t\t\t\t<div class=\"elementor-element elementor-element-416ae0b elementor-widget elementor-widget-theme-post-featured-image elementor-widget-image\" data-id=\"416ae0b\" data-element_type=\"widget\" data-e-type=\"widget\" data-widget_type=\"theme-post-featured-image.default\">\n\t\t\t\t\t\t\t\t\t\t\t\t\t\t\t\t<a href=\"https:\/\/mineriayproyectos.com\/en\/empresarial\/2026\/08\/14\/terpel-mujeres-roca-liderazgo-femenino\/\">\n\t\t\t\t\t\t\t<img loading=\"lazy\" decoding=\"async\" width=\"800\" height=\"450\" src=\"https:\/\/mineriayproyectos.com\/wp-content\/uploads\/2026\/08\/terpel-mujeres-roca-liderazgo-femenino-1024x576.jpg\" class=\"attachment-large size-large wp-image-30924\" alt=\"Terpel impulsa el liderazgo femenino con el programa Mujeres Roca 2026.\" srcset=\"https:\/\/mineriayproyectos.com\/wp-content\/uploads\/2026\/08\/terpel-mujeres-roca-liderazgo-femenino-1024x576.jpg 1024w, https:\/\/mineriayproyectos.com\/wp-content\/uploads\/2026\/08\/terpel-mujeres-roca-liderazgo-femenino-300x169.jpg 300w, https:\/\/mineriayproyectos.com\/wp-content\/uploads\/2026\/08\/terpel-mujeres-roca-liderazgo-femenino-768x432.jpg 768w, https:\/\/mineriayproyectos.com\/wp-content\/uploads\/2026\/08\/terpel-mujeres-roca-liderazgo-femenino-1536x864.jpg 1536w, https:\/\/mineriayproyectos.com\/wp-content\/uploads\/2026\/08\/terpel-mujeres-roca-liderazgo-femenino-18x10.jpg 18w, https:\/\/mineriayproyectos.com\/wp-content\/uploads\/2026\/08\/terpel-mujeres-roca-liderazgo-femenino.jpg 1920w\" sizes=\"(max-width: 800px) 100vw, 800px\" \/>\t\t\t\t\t\t\t\t<\/a>\n\t\t\t\t\t\t\t\t\t\t\t\t\t\t\t<\/div>\n\t\t\t\t<div class=\"elementor-element elementor-element-2b60229 elementor-widget elementor-widget-theme-post-title elementor-page-title elementor-widget-heading\" data-id=\"2b60229\" data-element_type=\"widget\" data-e-type=\"widget\" data-widget_type=\"theme-post-title.default\">\n\t\t\t\t\t<h1 class=\"elementor-heading-title elementor-size-default\"><a href=\"https:\/\/mineriayproyectos.com\/en\/empresarial\/2026\/08\/14\/terpel-mujeres-roca-liderazgo-femenino\/\">Terpel impulsa liderazgo femenino con programa Mujeres Roca en su f\u00e1brica de lubricantes<\/a><\/h1>\t\t\t\t<\/div>\n\t\t<div class=\"elementor-element elementor-element-17c73eb e-grid e-con-full e-con e-child\" data-id=\"17c73eb\" data-element_type=\"container\" data-e-type=\"container\">\n\t\t\t\t<div class=\"elementor-element elementor-element-5fbb05b elementor-widget elementor-widget-post-info\" data-id=\"5fbb05b\" data-element_type=\"widget\" data-e-type=\"widget\" data-widget_type=\"post-info.default\">\n\t\t\t\t\t\t\t<ul class=\"elementor-inline-items elementor-icon-list-items elementor-post-info\">\n\t\t\t\t\t\t\t\t<li class=\"elementor-icon-list-item elementor-repeater-item-eb9f5f3 elementor-inline-item\" itemprop=\"datePublished\">\n\t\t\t\t\t\t<a href=\"https:\/\/mineriayproyectos.com\/en\/2026\/08\/14\/\">\n\t\t\t\t\t\t\t\t\t\t\t\t\t\t<span class=\"elementor-icon-list-text elementor-post-info__item elementor-post-info__item--type-date\">\n\t\t\t\t\t\t\t\t\t\t<time>August 14, 2026<\/time>\t\t\t\t\t<\/span>\n\t\t\t\t\t\t\t\t\t<\/a>\n\t\t\t\t<\/li>\n\t\t\t\t<li class=\"elementor-icon-list-item elementor-repeater-item-6a7b8ee elementor-inline-item\" itemprop=\"about\">\n\t\t\t\t\t\t\t\t\t\t\t\t\t<span class=\"elementor-icon-list-text elementor-post-info__item elementor-post-info__item--type-terms\">\n\t\t\t\t\t\t\t\t\t\t<span class=\"elementor-post-info__terms-list\">\n\t\t\t\t<a href=\"https:\/\/mineriayproyectos.com\/en\/category\/empresarial\/\" class=\"elementor-post-info__terms-list-item\">Empresarial<\/a>, <a href=\"https:\/\/mineriayproyectos.com\/en\/category\/hidrocarburos\/\" class=\"elementor-post-info__terms-list-item\">Hidrocarburos<\/a>\t\t\t\t<\/span>\n\t\t\t\t\t<\/span>\n\t\t\t\t\t\t\t\t<\/li>\n\t\t\t\t<\/ul>\n\t\t\t\t\t\t<\/div>\n\t\t\t\t<\/div>\n\t\t\t\t\t<\/div>\n\t\t\t\t<\/div>\n\t\t\t\t<\/div>\n\t\t\t\t<div data-elementor-type=\"loop-item\" data-elementor-id=\"29874\" class=\"elementor elementor-29874 swiper-slide e-loop-item e-loop-item-30910 post-30910 post type-post status-publish format-standard has-post-thumbnail hentry category-empresarial category-renovables tag-abb tag-energia-limpia tag-levelten-energy\" data-elementor-post-type=\"elementor_library\" role=\"group\" aria-roledescription=\"slide\" data-custom-edit-handle=\"1\">\n\t\t\t<div class=\"elementor-element elementor-element-057fa25 e-flex e-con-boxed e-con e-parent\" data-id=\"057fa25\" data-element_type=\"container\" data-e-type=\"container\" data-settings=\"{&quot;background_background&quot;:&quot;classic&quot;}\">\n\t\t\t\t\t<div class=\"e-con-inner\">\n\t\t\t\t<div class=\"elementor-element elementor-element-416ae0b elementor-widget elementor-widget-theme-post-featured-image elementor-widget-image\" data-id=\"416ae0b\" data-element_type=\"widget\" data-e-type=\"widget\" data-widget_type=\"theme-post-featured-image.default\">\n\t\t\t\t\t\t\t\t\t\t\t\t\t\t\t\t<a href=\"https:\/\/mineriayproyectos.com\/en\/empresarial\/2026\/08\/13\/abb-levelten-energy-energia-limpia\/\">\n\t\t\t\t\t\t\t<img loading=\"lazy\" decoding=\"async\" width=\"800\" height=\"450\" src=\"https:\/\/mineriayproyectos.com\/wp-content\/uploads\/2026\/08\/abb-invierte-en-levelten-energy-para-contribuir-al-suministro-de-energia-limpia-1024x576.jpg\" class=\"attachment-large size-large wp-image-30911\" alt=\"ABB invierte en LevelTen Energy para impulsar el suministro de energ\u00eda limpia.\" srcset=\"https:\/\/mineriayproyectos.com\/wp-content\/uploads\/2026\/08\/abb-invierte-en-levelten-energy-para-contribuir-al-suministro-de-energia-limpia-1024x576.jpg 1024w, https:\/\/mineriayproyectos.com\/wp-content\/uploads\/2026\/08\/abb-invierte-en-levelten-energy-para-contribuir-al-suministro-de-energia-limpia-300x169.jpg 300w, https:\/\/mineriayproyectos.com\/wp-content\/uploads\/2026\/08\/abb-invierte-en-levelten-energy-para-contribuir-al-suministro-de-energia-limpia-768x432.jpg 768w, https:\/\/mineriayproyectos.com\/wp-content\/uploads\/2026\/08\/abb-invierte-en-levelten-energy-para-contribuir-al-suministro-de-energia-limpia-1536x864.jpg 1536w, https:\/\/mineriayproyectos.com\/wp-content\/uploads\/2026\/08\/abb-invierte-en-levelten-energy-para-contribuir-al-suministro-de-energia-limpia-18x10.jpg 18w, https:\/\/mineriayproyectos.com\/wp-content\/uploads\/2026\/08\/abb-invierte-en-levelten-energy-para-contribuir-al-suministro-de-energia-limpia.jpg 1920w\" sizes=\"(max-width: 800px) 100vw, 800px\" \/>\t\t\t\t\t\t\t\t<\/a>\n\t\t\t\t\t\t\t\t\t\t\t\t\t\t\t<\/div>\n\t\t\t\t<div class=\"elementor-element elementor-element-2b60229 elementor-widget elementor-widget-theme-post-title elementor-page-title elementor-widget-heading\" data-id=\"2b60229\" data-element_type=\"widget\" data-e-type=\"widget\" data-widget_type=\"theme-post-title.default\">\n\t\t\t\t\t<h1 class=\"elementor-heading-title elementor-size-default\"><a href=\"https:\/\/mineriayproyectos.com\/en\/empresarial\/2026\/08\/13\/abb-levelten-energy-energia-limpia\/\">ABB invierte en LevelTen Energy para contribuir al suministro de energ\u00eda limpia<\/a><\/h1>\t\t\t\t<\/div>\n\t\t<div class=\"elementor-element elementor-element-17c73eb e-grid e-con-full e-con e-child\" data-id=\"17c73eb\" data-element_type=\"container\" data-e-type=\"container\">\n\t\t\t\t<div class=\"elementor-element elementor-element-5fbb05b elementor-widget elementor-widget-post-info\" data-id=\"5fbb05b\" data-element_type=\"widget\" data-e-type=\"widget\" data-widget_type=\"post-info.default\">\n\t\t\t\t\t\t\t<ul class=\"elementor-inline-items elementor-icon-list-items elementor-post-info\">\n\t\t\t\t\t\t\t\t<li class=\"elementor-icon-list-item elementor-repeater-item-eb9f5f3 elementor-inline-item\" itemprop=\"datePublished\">\n\t\t\t\t\t\t<a href=\"https:\/\/mineriayproyectos.com\/en\/2026\/08\/13\/\">\n\t\t\t\t\t\t\t\t\t\t\t\t\t\t<span class=\"elementor-icon-list-text elementor-post-info__item elementor-post-info__item--type-date\">\n\t\t\t\t\t\t\t\t\t\t<time>August 13, 2026<\/time>\t\t\t\t\t<\/span>\n\t\t\t\t\t\t\t\t\t<\/a>\n\t\t\t\t<\/li>\n\t\t\t\t<li class=\"elementor-icon-list-item elementor-repeater-item-6a7b8ee elementor-inline-item\" itemprop=\"about\">\n\t\t\t\t\t\t\t\t\t\t\t\t\t<span class=\"elementor-icon-list-text elementor-post-info__item elementor-post-info__item--type-terms\">\n\t\t\t\t\t\t\t\t\t\t<span class=\"elementor-post-info__terms-list\">\n\t\t\t\t<a href=\"https:\/\/mineriayproyectos.com\/en\/category\/empresarial\/\" class=\"elementor-post-info__terms-list-item\">Empresarial<\/a>, <a href=\"https:\/\/mineriayproyectos.com\/en\/category\/energia\/renovables\/\" class=\"elementor-post-info__terms-list-item\">Renovables<\/a>\t\t\t\t<\/span>\n\t\t\t\t\t<\/span>\n\t\t\t\t\t\t\t\t<\/li>\n\t\t\t\t<\/ul>\n\t\t\t\t\t\t<\/div>\n\t\t\t\t<\/div>\n\t\t\t\t\t<\/div>\n\t\t\t\t<\/div>\n\t\t\t\t<\/div>\n\t\t\t\t<\/div>\n\t\t<\/div>\n\t\t\t\t\t<div class=\"elementor-swiper-button elementor-swiper-button-prev\" role=\"button\" tabindex=\"0\" aria-label=\"Previous\">\n\t\t\t\t<svg aria-hidden=\"true\" class=\"e-font-icon-svg e-eicon-chevron-left\" viewBox=\"0 0 1000 1000\" xmlns=\"http:\/\/www.w3.org\/2000\/svg\"><path d=\"M646 125C629 125 613 133 604 142L308 442C296 454 292 471 292 487 292 504 296 521 308 533L604 854C617 867 629 875 646 875 663 875 679 871 692 858 704 846 713 829 713 812 713 796 708 779 692 767L438 487 692 225C700 217 708 204 708 187 708 171 704 154 692 142 675 129 663 125 646 125Z\"><\/path><\/svg>\t\t\t<\/div>\n\t\t\t<div class=\"elementor-swiper-button elementor-swiper-button-next\" role=\"button\" tabindex=\"0\" aria-label=\"Next\">\n\t\t\t\t<svg aria-hidden=\"true\" class=\"e-font-icon-svg e-eicon-chevron-right\" viewBox=\"0 0 1000 1000\" xmlns=\"http:\/\/www.w3.org\/2000\/svg\"><path d=\"M696 533C708 521 713 504 713 487 713 471 708 454 696 446L400 146C388 133 375 125 354 125 338 125 325 129 313 142 300 154 292 171 292 187 292 204 296 221 308 233L563 492 304 771C292 783 288 800 288 817 288 833 296 850 308 863 321 871 338 875 354 875 371 875 388 867 400 854L696 533Z\"><\/path><\/svg>\t\t\t<\/div>\n\t\t\t\t\t<div class=\"swiper-pagination\"><\/div>\n\t\t\t\t\t\t<\/div>\n\t\t\t\t<\/div>\n\t\t<div class=\"elementor-element elementor-element-002f0b4 e-con-full e-flex e-con e-child\" data-id=\"002f0b4\" data-element_type=\"container\" data-e-type=\"container\">\n\t\t<div class=\"elementor-element elementor-element-4490370 e-con-full e-flex e-con e-child\" data-id=\"4490370\" data-element_type=\"container\" data-e-type=\"container\" data-settings=\"{&quot;background_background&quot;:&quot;classic&quot;}\">\n\t\t\t\t<div class=\"elementor-element elementor-element-92ab218 elementor-widget elementor-widget-heading\" data-id=\"92ab218\" data-element_type=\"widget\" data-e-type=\"widget\" data-widget_type=\"heading.default\">\n\t\t\t\t\t<h2 class=\"elementor-heading-title elementor-size-default\">ENERG\u00cdA<\/h2>\t\t\t\t<\/div>\n\t\t\t\t<\/div>\n\t\t\t\t<\/div>\n\t\t<div class=\"elementor-element elementor-element-334f163 e-con-full e-flex e-con e-child\" data-id=\"334f163\" data-element_type=\"container\" data-e-type=\"container\">\n\t\t\t\t<div class=\"elementor-element elementor-element-c3138c1 elementor-arrows-position-outside elementor-pagination-type-bullets elementor-pagination-position-outside elementor-widget elementor-widget-loop-carousel\" data-id=\"c3138c1\" data-element_type=\"widget\" data-e-type=\"widget\" data-settings=\"{&quot;template_id&quot;:&quot;29874&quot;,&quot;image_spacing_custom&quot;:{&quot;unit&quot;:&quot;px&quot;,&quot;size&quot;:30,&quot;sizes&quot;:[]},&quot;_skin&quot;:&quot;post&quot;,&quot;slides_to_show&quot;:&quot;3&quot;,&quot;slides_to_show_tablet&quot;:&quot;2&quot;,&quot;slides_to_show_mobile&quot;:&quot;1&quot;,&quot;slides_to_scroll&quot;:&quot;1&quot;,&quot;edit_handle_selector&quot;:&quot;.elementor-loop-container&quot;,&quot;autoplay&quot;:&quot;yes&quot;,&quot;autoplay_speed&quot;:5000,&quot;pause_on_hover&quot;:&quot;yes&quot;,&quot;pause_on_interaction&quot;:&quot;yes&quot;,&quot;infinite&quot;:&quot;yes&quot;,&quot;speed&quot;:500,&quot;offset_sides&quot;:&quot;none&quot;,&quot;arrows&quot;:&quot;yes&quot;,&quot;pagination&quot;:&quot;bullets&quot;,&quot;image_spacing_custom_tablet&quot;:{&quot;unit&quot;:&quot;px&quot;,&quot;size&quot;:&quot;&quot;,&quot;sizes&quot;:[]},&quot;image_spacing_custom_mobile&quot;:{&quot;unit&quot;:&quot;px&quot;,&quot;size&quot;:&quot;&quot;,&quot;sizes&quot;:[]}}\" data-widget_type=\"loop-carousel.post\">\n\t\t\t\t\t\t\t<div class=\"swiper elementor-loop-container elementor-grid\" role=\"list\" dir=\"ltr\">\n\t\t\t\t<div class=\"swiper-wrapper\" aria-live=\"off\">\n\t\t\t\t<div data-elementor-type=\"loop-item\" data-elementor-id=\"29874\" class=\"elementor elementor-29874 swiper-slide e-loop-item e-loop-item-31356 post-31356 post type-post status-publish format-standard has-post-thumbnail hentry category-electricidad tag-electricidad tag-medidores-inteligentes\" data-elementor-post-type=\"elementor_library\" role=\"group\" aria-roledescription=\"slide\" data-custom-edit-handle=\"1\">\n\t\t\t<div class=\"elementor-element elementor-element-057fa25 e-flex e-con-boxed e-con e-parent\" data-id=\"057fa25\" data-element_type=\"container\" data-e-type=\"container\" data-settings=\"{&quot;background_background&quot;:&quot;classic&quot;}\">\n\t\t\t\t\t<div class=\"e-con-inner\">\n\t\t\t\t<div class=\"elementor-element elementor-element-416ae0b elementor-widget elementor-widget-theme-post-featured-image elementor-widget-image\" data-id=\"416ae0b\" data-element_type=\"widget\" data-e-type=\"widget\" data-widget_type=\"theme-post-featured-image.default\">\n\t\t\t\t\t\t\t\t\t\t\t\t\t\t\t\t<a href=\"https:\/\/mineriayproyectos.com\/en\/energia\/electricidad\/2026\/09\/04\/medidores-inteligentes-modernizacion-electrica-peru\/\">\n\t\t\t\t\t\t\t<img loading=\"lazy\" decoding=\"async\" width=\"800\" height=\"450\" src=\"https:\/\/mineriayproyectos.com\/wp-content\/uploads\/2026\/09\/medicion-inteligente-peru-8-millones-medidores-1024x576.jpg\" class=\"attachment-large size-large wp-image-31357\" alt=\"Medici\u00f3n inteligente en Per\u00fa enfrenta retrasos pese a contar con 8 millones de medidores el\u00e9ctricos\" srcset=\"https:\/\/mineriayproyectos.com\/wp-content\/uploads\/2026\/09\/medicion-inteligente-peru-8-millones-medidores-1024x576.jpg 1024w, https:\/\/mineriayproyectos.com\/wp-content\/uploads\/2026\/09\/medicion-inteligente-peru-8-millones-medidores-300x169.jpg 300w, https:\/\/mineriayproyectos.com\/wp-content\/uploads\/2026\/09\/medicion-inteligente-peru-8-millones-medidores-768x432.jpg 768w, https:\/\/mineriayproyectos.com\/wp-content\/uploads\/2026\/09\/medicion-inteligente-peru-8-millones-medidores-1536x864.jpg 1536w, https:\/\/mineriayproyectos.com\/wp-content\/uploads\/2026\/09\/medicion-inteligente-peru-8-millones-medidores-18x10.jpg 18w, https:\/\/mineriayproyectos.com\/wp-content\/uploads\/2026\/09\/medicion-inteligente-peru-8-millones-medidores.jpg 1920w\" sizes=\"(max-width: 800px) 100vw, 800px\" \/>\t\t\t\t\t\t\t\t<\/a>\n\t\t\t\t\t\t\t\t\t\t\t\t\t\t\t<\/div>\n\t\t\t\t<div class=\"elementor-element elementor-element-2b60229 elementor-widget elementor-widget-theme-post-title elementor-page-title elementor-widget-heading\" data-id=\"2b60229\" data-element_type=\"widget\" data-e-type=\"widget\" data-widget_type=\"theme-post-title.default\">\n\t\t\t\t\t<h1 class=\"elementor-heading-title elementor-size-default\"><a href=\"https:\/\/mineriayproyectos.com\/en\/energia\/electricidad\/2026\/09\/04\/medidores-inteligentes-modernizacion-electrica-peru\/\">Per\u00fa tiene 8 millones de medidores y a\u00fan no concreta su salto hacia la medici\u00f3n inteligente<\/a><\/h1>\t\t\t\t<\/div>\n\t\t<div class=\"elementor-element elementor-element-17c73eb e-grid e-con-full e-con e-child\" data-id=\"17c73eb\" data-element_type=\"container\" data-e-type=\"container\">\n\t\t\t\t<div class=\"elementor-element elementor-element-5fbb05b elementor-widget elementor-widget-post-info\" data-id=\"5fbb05b\" data-element_type=\"widget\" data-e-type=\"widget\" data-widget_type=\"post-info.default\">\n\t\t\t\t\t\t\t<ul class=\"elementor-inline-items elementor-icon-list-items elementor-post-info\">\n\t\t\t\t\t\t\t\t<li class=\"elementor-icon-list-item elementor-repeater-item-eb9f5f3 elementor-inline-item\" itemprop=\"datePublished\">\n\t\t\t\t\t\t<a href=\"https:\/\/mineriayproyectos.com\/en\/2026\/09\/04\/\">\n\t\t\t\t\t\t\t\t\t\t\t\t\t\t<span class=\"elementor-icon-list-text elementor-post-info__item elementor-post-info__item--type-date\">\n\t\t\t\t\t\t\t\t\t\t<time>September 4, 2026<\/time>\t\t\t\t\t<\/span>\n\t\t\t\t\t\t\t\t\t<\/a>\n\t\t\t\t<\/li>\n\t\t\t\t<li class=\"elementor-icon-list-item elementor-repeater-item-6a7b8ee elementor-inline-item\" itemprop=\"about\">\n\t\t\t\t\t\t\t\t\t\t\t\t\t<span class=\"elementor-icon-list-text elementor-post-info__item elementor-post-info__item--type-terms\">\n\t\t\t\t\t\t\t\t\t\t<span class=\"elementor-post-info__terms-list\">\n\t\t\t\t<a href=\"https:\/\/mineriayproyectos.com\/en\/category\/energia\/electricidad\/\" class=\"elementor-post-info__terms-list-item\">Electricidad<\/a>\t\t\t\t<\/span>\n\t\t\t\t\t<\/span>\n\t\t\t\t\t\t\t\t<\/li>\n\t\t\t\t<\/ul>\n\t\t\t\t\t\t<\/div>\n\t\t\t\t<\/div>\n\t\t\t\t\t<\/div>\n\t\t\t\t<\/div>\n\t\t\t\t<\/div>\n\t\t\t\t<div data-elementor-type=\"loop-item\" data-elementor-id=\"29874\" class=\"elementor elementor-29874 swiper-slide e-loop-item e-loop-item-31342 post-31342 post type-post status-publish format-standard has-post-thumbnail hentry category-energia tag-celaris-energy tag-electricidad\" data-elementor-post-type=\"elementor_library\" role=\"group\" aria-roledescription=\"slide\" data-custom-edit-handle=\"1\">\n\t\t\t<div class=\"elementor-element elementor-element-057fa25 e-flex e-con-boxed e-con e-parent\" data-id=\"057fa25\" data-element_type=\"container\" data-e-type=\"container\" data-settings=\"{&quot;background_background&quot;:&quot;classic&quot;}\">\n\t\t\t\t\t<div class=\"e-con-inner\">\n\t\t\t\t<div class=\"elementor-element elementor-element-416ae0b elementor-widget elementor-widget-theme-post-featured-image elementor-widget-image\" data-id=\"416ae0b\" data-element_type=\"widget\" data-e-type=\"widget\" data-widget_type=\"theme-post-featured-image.default\">\n\t\t\t\t\t\t\t\t\t\t\t\t\t\t\t\t<a href=\"https:\/\/mineriayproyectos.com\/en\/energia\/2026\/09\/03\/demanda-electrica-peru-9500-mw-2030\/\">\n\t\t\t\t\t\t\t<img loading=\"lazy\" decoding=\"async\" width=\"800\" height=\"450\" src=\"https:\/\/mineriayproyectos.com\/wp-content\/uploads\/2026\/09\/demanda-electrica-peru-9500-mw-2030-1024x576.jpg\" class=\"attachment-large size-large wp-image-31343\" alt=\"Demanda el\u00e9ctrica en Per\u00fa podr\u00eda acercarse a 9,500 MW hacia 2030\" srcset=\"https:\/\/mineriayproyectos.com\/wp-content\/uploads\/2026\/09\/demanda-electrica-peru-9500-mw-2030-1024x576.jpg 1024w, https:\/\/mineriayproyectos.com\/wp-content\/uploads\/2026\/09\/demanda-electrica-peru-9500-mw-2030-300x169.jpg 300w, https:\/\/mineriayproyectos.com\/wp-content\/uploads\/2026\/09\/demanda-electrica-peru-9500-mw-2030-768x432.jpg 768w, https:\/\/mineriayproyectos.com\/wp-content\/uploads\/2026\/09\/demanda-electrica-peru-9500-mw-2030-1536x864.jpg 1536w, https:\/\/mineriayproyectos.com\/wp-content\/uploads\/2026\/09\/demanda-electrica-peru-9500-mw-2030-18x10.jpg 18w, https:\/\/mineriayproyectos.com\/wp-content\/uploads\/2026\/09\/demanda-electrica-peru-9500-mw-2030.jpg 1920w\" sizes=\"(max-width: 800px) 100vw, 800px\" \/>\t\t\t\t\t\t\t\t<\/a>\n\t\t\t\t\t\t\t\t\t\t\t\t\t\t\t<\/div>\n\t\t\t\t<div class=\"elementor-element elementor-element-2b60229 elementor-widget elementor-widget-theme-post-title elementor-page-title elementor-widget-heading\" data-id=\"2b60229\" data-element_type=\"widget\" data-e-type=\"widget\" data-widget_type=\"theme-post-title.default\">\n\t\t\t\t\t<h1 class=\"elementor-heading-title elementor-size-default\"><a href=\"https:\/\/mineriayproyectos.com\/en\/energia\/2026\/09\/03\/demanda-electrica-peru-9500-mw-2030\/\">M\u00e1xima demanda el\u00e9ctrica del Per\u00fa podr\u00eda acercarse a 9,500 MW hacia 2030<\/a><\/h1>\t\t\t\t<\/div>\n\t\t<div class=\"elementor-element elementor-element-17c73eb e-grid e-con-full e-con e-child\" data-id=\"17c73eb\" data-element_type=\"container\" data-e-type=\"container\">\n\t\t\t\t<div class=\"elementor-element elementor-element-5fbb05b elementor-widget elementor-widget-post-info\" data-id=\"5fbb05b\" data-element_type=\"widget\" data-e-type=\"widget\" data-widget_type=\"post-info.default\">\n\t\t\t\t\t\t\t<ul class=\"elementor-inline-items elementor-icon-list-items elementor-post-info\">\n\t\t\t\t\t\t\t\t<li class=\"elementor-icon-list-item elementor-repeater-item-eb9f5f3 elementor-inline-item\" itemprop=\"datePublished\">\n\t\t\t\t\t\t<a href=\"https:\/\/mineriayproyectos.com\/en\/2026\/09\/03\/\">\n\t\t\t\t\t\t\t\t\t\t\t\t\t\t<span class=\"elementor-icon-list-text elementor-post-info__item elementor-post-info__item--type-date\">\n\t\t\t\t\t\t\t\t\t\t<time>September 3, 2026<\/time>\t\t\t\t\t<\/span>\n\t\t\t\t\t\t\t\t\t<\/a>\n\t\t\t\t<\/li>\n\t\t\t\t<li class=\"elementor-icon-list-item elementor-repeater-item-6a7b8ee elementor-inline-item\" itemprop=\"about\">\n\t\t\t\t\t\t\t\t\t\t\t\t\t<span class=\"elementor-icon-list-text elementor-post-info__item elementor-post-info__item--type-terms\">\n\t\t\t\t\t\t\t\t\t\t<span class=\"elementor-post-info__terms-list\">\n\t\t\t\t<a href=\"https:\/\/mineriayproyectos.com\/en\/category\/energia\/\" class=\"elementor-post-info__terms-list-item\">Energ\u00eda<\/a>\t\t\t\t<\/span>\n\t\t\t\t\t<\/span>\n\t\t\t\t\t\t\t\t<\/li>\n\t\t\t\t<\/ul>\n\t\t\t\t\t\t<\/div>\n\t\t\t\t<\/div>\n\t\t\t\t\t<\/div>\n\t\t\t\t<\/div>\n\t\t\t\t<\/div>\n\t\t\t\t<div data-elementor-type=\"loop-item\" data-elementor-id=\"29874\" class=\"elementor elementor-29874 swiper-slide e-loop-item e-loop-item-31327 post-31327 post type-post status-publish format-standard has-post-thumbnail hentry category-energia tag-generacion-electrica tag-transmision-electrica\" data-elementor-post-type=\"elementor_library\" role=\"group\" aria-roledescription=\"slide\" data-custom-edit-handle=\"1\">\n\t\t\t<div class=\"elementor-element elementor-element-057fa25 e-flex e-con-boxed e-con e-parent\" data-id=\"057fa25\" data-element_type=\"container\" data-e-type=\"container\" data-settings=\"{&quot;background_background&quot;:&quot;classic&quot;}\">\n\t\t\t\t\t<div class=\"e-con-inner\">\n\t\t\t\t<div class=\"elementor-element elementor-element-416ae0b elementor-widget elementor-widget-theme-post-featured-image elementor-widget-image\" data-id=\"416ae0b\" data-element_type=\"widget\" data-e-type=\"widget\" data-widget_type=\"theme-post-featured-image.default\">\n\t\t\t\t\t\t\t\t\t\t\t\t\t\t\t\t<a href=\"https:\/\/mineriayproyectos.com\/en\/energia\/2026\/09\/03\/generacion-transmision-electrica-peru-2036\/\">\n\t\t\t\t\t\t\t<img loading=\"lazy\" decoding=\"async\" width=\"800\" height=\"450\" src=\"https:\/\/mineriayproyectos.com\/wp-content\/uploads\/2026\/09\/generacion-transmision-electrica-peru-2036-1024x576.jpg\" class=\"attachment-large size-large wp-image-31328\" alt=\"Generaci\u00f3n y transmisi\u00f3n el\u00e9ctrica en Per\u00fa proyecta inversiones por m\u00e1s de US$ 9,500 millones al 2036\" srcset=\"https:\/\/mineriayproyectos.com\/wp-content\/uploads\/2026\/09\/generacion-transmision-electrica-peru-2036-1024x576.jpg 1024w, https:\/\/mineriayproyectos.com\/wp-content\/uploads\/2026\/09\/generacion-transmision-electrica-peru-2036-300x169.jpg 300w, https:\/\/mineriayproyectos.com\/wp-content\/uploads\/2026\/09\/generacion-transmision-electrica-peru-2036-768x432.jpg 768w, https:\/\/mineriayproyectos.com\/wp-content\/uploads\/2026\/09\/generacion-transmision-electrica-peru-2036-1536x864.jpg 1536w, https:\/\/mineriayproyectos.com\/wp-content\/uploads\/2026\/09\/generacion-transmision-electrica-peru-2036-18x10.jpg 18w, https:\/\/mineriayproyectos.com\/wp-content\/uploads\/2026\/09\/generacion-transmision-electrica-peru-2036.jpg 1920w\" sizes=\"(max-width: 800px) 100vw, 800px\" \/>\t\t\t\t\t\t\t\t<\/a>\n\t\t\t\t\t\t\t\t\t\t\t\t\t\t\t<\/div>\n\t\t\t\t<div class=\"elementor-element elementor-element-2b60229 elementor-widget elementor-widget-theme-post-title elementor-page-title elementor-widget-heading\" data-id=\"2b60229\" data-element_type=\"widget\" data-e-type=\"widget\" data-widget_type=\"theme-post-title.default\">\n\t\t\t\t\t<h1 class=\"elementor-heading-title elementor-size-default\"><a href=\"https:\/\/mineriayproyectos.com\/en\/energia\/2026\/09\/03\/generacion-transmision-electrica-peru-2036\/\">Per\u00fa proyecta m\u00e1s de US$ 9,500 millones en generaci\u00f3n y transmisi\u00f3n el\u00e9ctrica al 2036<\/a><\/h1>\t\t\t\t<\/div>\n\t\t<div class=\"elementor-element elementor-element-17c73eb e-grid e-con-full e-con e-child\" data-id=\"17c73eb\" data-element_type=\"container\" data-e-type=\"container\">\n\t\t\t\t<div class=\"elementor-element elementor-element-5fbb05b elementor-widget elementor-widget-post-info\" data-id=\"5fbb05b\" data-element_type=\"widget\" data-e-type=\"widget\" data-widget_type=\"post-info.default\">\n\t\t\t\t\t\t\t<ul class=\"elementor-inline-items elementor-icon-list-items elementor-post-info\">\n\t\t\t\t\t\t\t\t<li class=\"elementor-icon-list-item elementor-repeater-item-eb9f5f3 elementor-inline-item\" itemprop=\"datePublished\">\n\t\t\t\t\t\t<a href=\"https:\/\/mineriayproyectos.com\/en\/2026\/09\/03\/\">\n\t\t\t\t\t\t\t\t\t\t\t\t\t\t<span class=\"elementor-icon-list-text elementor-post-info__item elementor-post-info__item--type-date\">\n\t\t\t\t\t\t\t\t\t\t<time>September 3, 2026<\/time>\t\t\t\t\t<\/span>\n\t\t\t\t\t\t\t\t\t<\/a>\n\t\t\t\t<\/li>\n\t\t\t\t<li class=\"elementor-icon-list-item elementor-repeater-item-6a7b8ee elementor-inline-item\" itemprop=\"about\">\n\t\t\t\t\t\t\t\t\t\t\t\t\t<span class=\"elementor-icon-list-text elementor-post-info__item elementor-post-info__item--type-terms\">\n\t\t\t\t\t\t\t\t\t\t<span class=\"elementor-post-info__terms-list\">\n\t\t\t\t<a href=\"https:\/\/mineriayproyectos.com\/en\/category\/energia\/\" class=\"elementor-post-info__terms-list-item\">Energ\u00eda<\/a>\t\t\t\t<\/span>\n\t\t\t\t\t<\/span>\n\t\t\t\t\t\t\t\t<\/li>\n\t\t\t\t<\/ul>\n\t\t\t\t\t\t<\/div>\n\t\t\t\t<\/div>\n\t\t\t\t\t<\/div>\n\t\t\t\t<\/div>\n\t\t\t\t<\/div>\n\t\t\t\t<div data-elementor-type=\"loop-item\" data-elementor-id=\"29874\" class=\"elementor elementor-29874 swiper-slide e-loop-item e-loop-item-31084 post-31084 post type-post status-publish format-standard has-post-thumbnail hentry category-renovables tag-energias-renovables tag-inversiones\" data-elementor-post-type=\"elementor_library\" role=\"group\" aria-roledescription=\"slide\" data-custom-edit-handle=\"1\">\n\t\t\t<div class=\"elementor-element elementor-element-057fa25 e-flex e-con-boxed e-con e-parent\" data-id=\"057fa25\" data-element_type=\"container\" data-e-type=\"container\" data-settings=\"{&quot;background_background&quot;:&quot;classic&quot;}\">\n\t\t\t\t\t<div class=\"e-con-inner\">\n\t\t\t\t<div class=\"elementor-element elementor-element-416ae0b elementor-widget elementor-widget-theme-post-featured-image elementor-widget-image\" data-id=\"416ae0b\" data-element_type=\"widget\" data-e-type=\"widget\" data-widget_type=\"theme-post-featured-image.default\">\n\t\t\t\t\t\t\t\t\t\t\t\t\t\t\t\t<a href=\"https:\/\/mineriayproyectos.com\/en\/energia\/renovables\/2026\/08\/26\/proyectos-energias-renovables-peru-inversiones\/\">\n\t\t\t\t\t\t\t<img loading=\"lazy\" decoding=\"async\" width=\"800\" height=\"450\" src=\"https:\/\/mineriayproyectos.com\/wp-content\/uploads\/2026\/08\/proyectos-energias-renovables-peru-inversiones-1024x576.jpg\" class=\"attachment-large size-large wp-image-31085\" alt=\"Proyectos de energ\u00edas renovables en el Per\u00fa ejecutan casi US$1,000 millones en inversiones.\" srcset=\"https:\/\/mineriayproyectos.com\/wp-content\/uploads\/2026\/08\/proyectos-energias-renovables-peru-inversiones-1024x576.jpg 1024w, https:\/\/mineriayproyectos.com\/wp-content\/uploads\/2026\/08\/proyectos-energias-renovables-peru-inversiones-300x169.jpg 300w, https:\/\/mineriayproyectos.com\/wp-content\/uploads\/2026\/08\/proyectos-energias-renovables-peru-inversiones-768x432.jpg 768w, https:\/\/mineriayproyectos.com\/wp-content\/uploads\/2026\/08\/proyectos-energias-renovables-peru-inversiones-1536x864.jpg 1536w, https:\/\/mineriayproyectos.com\/wp-content\/uploads\/2026\/08\/proyectos-energias-renovables-peru-inversiones-18x10.jpg 18w, https:\/\/mineriayproyectos.com\/wp-content\/uploads\/2026\/08\/proyectos-energias-renovables-peru-inversiones.jpg 1920w\" sizes=\"(max-width: 800px) 100vw, 800px\" \/>\t\t\t\t\t\t\t\t<\/a>\n\t\t\t\t\t\t\t\t\t\t\t\t\t\t\t<\/div>\n\t\t\t\t<div class=\"elementor-element elementor-element-2b60229 elementor-widget elementor-widget-theme-post-title elementor-page-title elementor-widget-heading\" data-id=\"2b60229\" data-element_type=\"widget\" data-e-type=\"widget\" data-widget_type=\"theme-post-title.default\">\n\t\t\t\t\t<h1 class=\"elementor-heading-title elementor-size-default\"><a href=\"https:\/\/mineriayproyectos.com\/en\/energia\/renovables\/2026\/08\/26\/proyectos-energias-renovables-peru-inversiones\/\">Proyectos de Energ\u00edas Renovables en el Per\u00fa ejecutan casi US$1,000 millones en inversiones actualmente<\/a><\/h1>\t\t\t\t<\/div>\n\t\t<div class=\"elementor-element elementor-element-17c73eb e-grid e-con-full e-con e-child\" data-id=\"17c73eb\" data-element_type=\"container\" data-e-type=\"container\">\n\t\t\t\t<div class=\"elementor-element elementor-element-5fbb05b elementor-widget elementor-widget-post-info\" data-id=\"5fbb05b\" data-element_type=\"widget\" data-e-type=\"widget\" data-widget_type=\"post-info.default\">\n\t\t\t\t\t\t\t<ul class=\"elementor-inline-items elementor-icon-list-items elementor-post-info\">\n\t\t\t\t\t\t\t\t<li class=\"elementor-icon-list-item elementor-repeater-item-eb9f5f3 elementor-inline-item\" itemprop=\"datePublished\">\n\t\t\t\t\t\t<a href=\"https:\/\/mineriayproyectos.com\/en\/2026\/08\/26\/\">\n\t\t\t\t\t\t\t\t\t\t\t\t\t\t<span class=\"elementor-icon-list-text elementor-post-info__item elementor-post-info__item--type-date\">\n\t\t\t\t\t\t\t\t\t\t<time>August 26, 2026<\/time>\t\t\t\t\t<\/span>\n\t\t\t\t\t\t\t\t\t<\/a>\n\t\t\t\t<\/li>\n\t\t\t\t<li class=\"elementor-icon-list-item elementor-repeater-item-6a7b8ee elementor-inline-item\" itemprop=\"about\">\n\t\t\t\t\t\t\t\t\t\t\t\t\t<span class=\"elementor-icon-list-text elementor-post-info__item elementor-post-info__item--type-terms\">\n\t\t\t\t\t\t\t\t\t\t<span class=\"elementor-post-info__terms-list\">\n\t\t\t\t<a href=\"https:\/\/mineriayproyectos.com\/en\/category\/energia\/renovables\/\" class=\"elementor-post-info__terms-list-item\">Renovables<\/a>\t\t\t\t<\/span>\n\t\t\t\t\t<\/span>\n\t\t\t\t\t\t\t\t<\/li>\n\t\t\t\t<\/ul>\n\t\t\t\t\t\t<\/div>\n\t\t\t\t<\/div>\n\t\t\t\t\t<\/div>\n\t\t\t\t<\/div>\n\t\t\t\t<\/div>\n\t\t\t\t<div data-elementor-type=\"loop-item\" data-elementor-id=\"29874\" class=\"elementor elementor-29874 swiper-slide e-loop-item e-loop-item-31015 post-31015 post type-post status-publish format-standard has-post-thumbnail hentry category-empresarial category-energia tag-hitachi-energy\" data-elementor-post-type=\"elementor_library\" role=\"group\" aria-roledescription=\"slide\" data-custom-edit-handle=\"1\">\n\t\t\t<div class=\"elementor-element elementor-element-057fa25 e-flex e-con-boxed e-con e-parent\" data-id=\"057fa25\" data-element_type=\"container\" data-e-type=\"container\" data-settings=\"{&quot;background_background&quot;:&quot;classic&quot;}\">\n\t\t\t\t\t<div class=\"e-con-inner\">\n\t\t\t\t<div class=\"elementor-element elementor-element-416ae0b elementor-widget elementor-widget-theme-post-featured-image elementor-widget-image\" data-id=\"416ae0b\" data-element_type=\"widget\" data-e-type=\"widget\" data-widget_type=\"theme-post-featured-image.default\">\n\t\t\t\t\t\t\t\t\t\t\t\t\t\t\t\t<a href=\"https:\/\/mineriayproyectos.com\/en\/empresarial\/2026\/08\/19\/hitachi-energy-andy-goggin-americas\/\">\n\t\t\t\t\t\t\t<img loading=\"lazy\" decoding=\"async\" width=\"800\" height=\"450\" src=\"https:\/\/mineriayproyectos.com\/wp-content\/uploads\/2026\/08\/hitachi-energy-nuevo-director-americas-1024x576.jpg\" class=\"attachment-large size-large wp-image-31016\" alt=\"Hitachi Energy nombra a Andy Goggin para liderar sus operaciones y crecimiento en las Am\u00e9ricas.\" srcset=\"https:\/\/mineriayproyectos.com\/wp-content\/uploads\/2026\/08\/hitachi-energy-nuevo-director-americas-1024x576.jpg 1024w, https:\/\/mineriayproyectos.com\/wp-content\/uploads\/2026\/08\/hitachi-energy-nuevo-director-americas-300x169.jpg 300w, https:\/\/mineriayproyectos.com\/wp-content\/uploads\/2026\/08\/hitachi-energy-nuevo-director-americas-768x432.jpg 768w, https:\/\/mineriayproyectos.com\/wp-content\/uploads\/2026\/08\/hitachi-energy-nuevo-director-americas-1536x864.jpg 1536w, https:\/\/mineriayproyectos.com\/wp-content\/uploads\/2026\/08\/hitachi-energy-nuevo-director-americas-18x10.jpg 18w, https:\/\/mineriayproyectos.com\/wp-content\/uploads\/2026\/08\/hitachi-energy-nuevo-director-americas.jpg 1920w\" sizes=\"(max-width: 800px) 100vw, 800px\" \/>\t\t\t\t\t\t\t\t<\/a>\n\t\t\t\t\t\t\t\t\t\t\t\t\t\t\t<\/div>\n\t\t\t\t<div class=\"elementor-element elementor-element-2b60229 elementor-widget elementor-widget-theme-post-title elementor-page-title elementor-widget-heading\" data-id=\"2b60229\" data-element_type=\"widget\" data-e-type=\"widget\" data-widget_type=\"theme-post-title.default\">\n\t\t\t\t\t<h1 class=\"elementor-heading-title elementor-size-default\"><a href=\"https:\/\/mineriayproyectos.com\/en\/empresarial\/2026\/08\/19\/hitachi-energy-andy-goggin-americas\/\">Hitachi Energy nombra a Andy Goggin como nuevo Vicepresidente Ejecutivo y Director de la Regi\u00f3n Am\u00e9ricas<\/a><\/h1>\t\t\t\t<\/div>\n\t\t<div class=\"elementor-element elementor-element-17c73eb e-grid e-con-full e-con e-child\" data-id=\"17c73eb\" data-element_type=\"container\" data-e-type=\"container\">\n\t\t\t\t<div class=\"elementor-element elementor-element-5fbb05b elementor-widget elementor-widget-post-info\" data-id=\"5fbb05b\" data-element_type=\"widget\" data-e-type=\"widget\" data-widget_type=\"post-info.default\">\n\t\t\t\t\t\t\t<ul class=\"elementor-inline-items elementor-icon-list-items elementor-post-info\">\n\t\t\t\t\t\t\t\t<li class=\"elementor-icon-list-item elementor-repeater-item-eb9f5f3 elementor-inline-item\" itemprop=\"datePublished\">\n\t\t\t\t\t\t<a href=\"https:\/\/mineriayproyectos.com\/en\/2026\/08\/19\/\">\n\t\t\t\t\t\t\t\t\t\t\t\t\t\t<span class=\"elementor-icon-list-text elementor-post-info__item elementor-post-info__item--type-date\">\n\t\t\t\t\t\t\t\t\t\t<time>August 19, 2026<\/time>\t\t\t\t\t<\/span>\n\t\t\t\t\t\t\t\t\t<\/a>\n\t\t\t\t<\/li>\n\t\t\t\t<li class=\"elementor-icon-list-item elementor-repeater-item-6a7b8ee elementor-inline-item\" itemprop=\"about\">\n\t\t\t\t\t\t\t\t\t\t\t\t\t<span class=\"elementor-icon-list-text elementor-post-info__item elementor-post-info__item--type-terms\">\n\t\t\t\t\t\t\t\t\t\t<span class=\"elementor-post-info__terms-list\">\n\t\t\t\t<a href=\"https:\/\/mineriayproyectos.com\/en\/category\/empresarial\/\" class=\"elementor-post-info__terms-list-item\">Empresarial<\/a>, <a href=\"https:\/\/mineriayproyectos.com\/en\/category\/energia\/\" class=\"elementor-post-info__terms-list-item\">Energ\u00eda<\/a>\t\t\t\t<\/span>\n\t\t\t\t\t<\/span>\n\t\t\t\t\t\t\t\t<\/li>\n\t\t\t\t<\/ul>\n\t\t\t\t\t\t<\/div>\n\t\t\t\t<\/div>\n\t\t\t\t\t<\/div>\n\t\t\t\t<\/div>\n\t\t\t\t<\/div>\n\t\t\t\t<div data-elementor-type=\"loop-item\" data-elementor-id=\"29874\" class=\"elementor elementor-29874 swiper-slide e-loop-item e-loop-item-30910 post-30910 post type-post status-publish format-standard has-post-thumbnail hentry category-empresarial category-renovables tag-abb tag-energia-limpia tag-levelten-energy\" data-elementor-post-type=\"elementor_library\" role=\"group\" aria-roledescription=\"slide\" data-custom-edit-handle=\"1\">\n\t\t\t<div class=\"elementor-element elementor-element-057fa25 e-flex e-con-boxed e-con e-parent\" data-id=\"057fa25\" data-element_type=\"container\" data-e-type=\"container\" data-settings=\"{&quot;background_background&quot;:&quot;classic&quot;}\">\n\t\t\t\t\t<div class=\"e-con-inner\">\n\t\t\t\t<div class=\"elementor-element elementor-element-416ae0b elementor-widget elementor-widget-theme-post-featured-image elementor-widget-image\" data-id=\"416ae0b\" data-element_type=\"widget\" data-e-type=\"widget\" data-widget_type=\"theme-post-featured-image.default\">\n\t\t\t\t\t\t\t\t\t\t\t\t\t\t\t\t<a href=\"https:\/\/mineriayproyectos.com\/en\/empresarial\/2026\/08\/13\/abb-levelten-energy-energia-limpia\/\">\n\t\t\t\t\t\t\t<img loading=\"lazy\" decoding=\"async\" width=\"800\" height=\"450\" src=\"https:\/\/mineriayproyectos.com\/wp-content\/uploads\/2026\/08\/abb-invierte-en-levelten-energy-para-contribuir-al-suministro-de-energia-limpia-1024x576.jpg\" class=\"attachment-large size-large wp-image-30911\" alt=\"ABB invierte en LevelTen Energy para impulsar el suministro de energ\u00eda limpia.\" srcset=\"https:\/\/mineriayproyectos.com\/wp-content\/uploads\/2026\/08\/abb-invierte-en-levelten-energy-para-contribuir-al-suministro-de-energia-limpia-1024x576.jpg 1024w, https:\/\/mineriayproyectos.com\/wp-content\/uploads\/2026\/08\/abb-invierte-en-levelten-energy-para-contribuir-al-suministro-de-energia-limpia-300x169.jpg 300w, https:\/\/mineriayproyectos.com\/wp-content\/uploads\/2026\/08\/abb-invierte-en-levelten-energy-para-contribuir-al-suministro-de-energia-limpia-768x432.jpg 768w, https:\/\/mineriayproyectos.com\/wp-content\/uploads\/2026\/08\/abb-invierte-en-levelten-energy-para-contribuir-al-suministro-de-energia-limpia-1536x864.jpg 1536w, https:\/\/mineriayproyectos.com\/wp-content\/uploads\/2026\/08\/abb-invierte-en-levelten-energy-para-contribuir-al-suministro-de-energia-limpia-18x10.jpg 18w, https:\/\/mineriayproyectos.com\/wp-content\/uploads\/2026\/08\/abb-invierte-en-levelten-energy-para-contribuir-al-suministro-de-energia-limpia.jpg 1920w\" sizes=\"(max-width: 800px) 100vw, 800px\" \/>\t\t\t\t\t\t\t\t<\/a>\n\t\t\t\t\t\t\t\t\t\t\t\t\t\t\t<\/div>\n\t\t\t\t<div class=\"elementor-element elementor-element-2b60229 elementor-widget elementor-widget-theme-post-title elementor-page-title elementor-widget-heading\" data-id=\"2b60229\" data-element_type=\"widget\" data-e-type=\"widget\" data-widget_type=\"theme-post-title.default\">\n\t\t\t\t\t<h1 class=\"elementor-heading-title elementor-size-default\"><a href=\"https:\/\/mineriayproyectos.com\/en\/empresarial\/2026\/08\/13\/abb-levelten-energy-energia-limpia\/\">ABB invierte en LevelTen Energy para contribuir al suministro de energ\u00eda limpia<\/a><\/h1>\t\t\t\t<\/div>\n\t\t<div class=\"elementor-element elementor-element-17c73eb e-grid e-con-full e-con e-child\" data-id=\"17c73eb\" data-element_type=\"container\" data-e-type=\"container\">\n\t\t\t\t<div class=\"elementor-element elementor-element-5fbb05b elementor-widget elementor-widget-post-info\" data-id=\"5fbb05b\" data-element_type=\"widget\" data-e-type=\"widget\" data-widget_type=\"post-info.default\">\n\t\t\t\t\t\t\t<ul class=\"elementor-inline-items elementor-icon-list-items elementor-post-info\">\n\t\t\t\t\t\t\t\t<li class=\"elementor-icon-list-item elementor-repeater-item-eb9f5f3 elementor-inline-item\" itemprop=\"datePublished\">\n\t\t\t\t\t\t<a href=\"https:\/\/mineriayproyectos.com\/en\/2026\/08\/13\/\">\n\t\t\t\t\t\t\t\t\t\t\t\t\t\t<span class=\"elementor-icon-list-text elementor-post-info__item elementor-post-info__item--type-date\">\n\t\t\t\t\t\t\t\t\t\t<time>August 13, 2026<\/time>\t\t\t\t\t<\/span>\n\t\t\t\t\t\t\t\t\t<\/a>\n\t\t\t\t<\/li>\n\t\t\t\t<li class=\"elementor-icon-list-item elementor-repeater-item-6a7b8ee elementor-inline-item\" itemprop=\"about\">\n\t\t\t\t\t\t\t\t\t\t\t\t\t<span class=\"elementor-icon-list-text elementor-post-info__item elementor-post-info__item--type-terms\">\n\t\t\t\t\t\t\t\t\t\t<span class=\"elementor-post-info__terms-list\">\n\t\t\t\t<a href=\"https:\/\/mineriayproyectos.com\/en\/category\/empresarial\/\" class=\"elementor-post-info__terms-list-item\">Empresarial<\/a>, <a href=\"https:\/\/mineriayproyectos.com\/en\/category\/energia\/renovables\/\" class=\"elementor-post-info__terms-list-item\">Renovables<\/a>\t\t\t\t<\/span>\n\t\t\t\t\t<\/span>\n\t\t\t\t\t\t\t\t<\/li>\n\t\t\t\t<\/ul>\n\t\t\t\t\t\t<\/div>\n\t\t\t\t<\/div>\n\t\t\t\t\t<\/div>\n\t\t\t\t<\/div>\n\t\t\t\t<\/div>\n\t\t\t\t<div data-elementor-type=\"loop-item\" data-elementor-id=\"29874\" class=\"elementor elementor-29874 swiper-slide e-loop-item e-loop-item-30850 post-30850 post type-post status-publish format-standard has-post-thumbnail hentry category-electricidad tag-electrificacion tag-huancavelica tag-minem\" data-elementor-post-type=\"elementor_library\" role=\"group\" aria-roledescription=\"slide\" data-custom-edit-handle=\"1\">\n\t\t\t<div class=\"elementor-element elementor-element-057fa25 e-flex e-con-boxed e-con e-parent\" data-id=\"057fa25\" data-element_type=\"container\" data-e-type=\"container\" data-settings=\"{&quot;background_background&quot;:&quot;classic&quot;}\">\n\t\t\t\t\t<div class=\"e-con-inner\">\n\t\t\t\t<div class=\"elementor-element elementor-element-416ae0b elementor-widget elementor-widget-theme-post-featured-image elementor-widget-image\" data-id=\"416ae0b\" data-element_type=\"widget\" data-e-type=\"widget\" data-widget_type=\"theme-post-featured-image.default\">\n\t\t\t\t\t\t\t\t\t\t\t\t\t\t\t\t<a href=\"https:\/\/mineriayproyectos.com\/en\/energia\/electricidad\/2026\/08\/11\/minem-electrificacion-rural-huancavelica\/\">\n\t\t\t\t\t\t\t<img loading=\"lazy\" decoding=\"async\" width=\"800\" height=\"450\" src=\"https:\/\/mineriayproyectos.com\/wp-content\/uploads\/2026\/08\/minem-electrificacion-rural-huancavelica-1024x576.jpg\" class=\"attachment-large size-large wp-image-30854\" alt=\"MINEM culmin\u00f3 dos proyectos de electrificaci\u00f3n rural en Huancavelica que beneficiar\u00e1n a m\u00e1s de 7,900 ciudadanos.\" srcset=\"https:\/\/mineriayproyectos.com\/wp-content\/uploads\/2026\/08\/minem-electrificacion-rural-huancavelica-1024x576.jpg 1024w, https:\/\/mineriayproyectos.com\/wp-content\/uploads\/2026\/08\/minem-electrificacion-rural-huancavelica-300x169.jpg 300w, https:\/\/mineriayproyectos.com\/wp-content\/uploads\/2026\/08\/minem-electrificacion-rural-huancavelica-768x432.jpg 768w, https:\/\/mineriayproyectos.com\/wp-content\/uploads\/2026\/08\/minem-electrificacion-rural-huancavelica-1536x864.jpg 1536w, https:\/\/mineriayproyectos.com\/wp-content\/uploads\/2026\/08\/minem-electrificacion-rural-huancavelica-18x10.jpg 18w, https:\/\/mineriayproyectos.com\/wp-content\/uploads\/2026\/08\/minem-electrificacion-rural-huancavelica.jpg 1920w\" sizes=\"(max-width: 800px) 100vw, 800px\" \/>\t\t\t\t\t\t\t\t<\/a>\n\t\t\t\t\t\t\t\t\t\t\t\t\t\t\t<\/div>\n\t\t\t\t<div class=\"elementor-element elementor-element-2b60229 elementor-widget elementor-widget-theme-post-title elementor-page-title elementor-widget-heading\" data-id=\"2b60229\" data-element_type=\"widget\" data-e-type=\"widget\" data-widget_type=\"theme-post-title.default\">\n\t\t\t\t\t<h1 class=\"elementor-heading-title elementor-size-default\"><a href=\"https:\/\/mineriayproyectos.com\/en\/energia\/electricidad\/2026\/08\/11\/minem-electrificacion-rural-huancavelica\/\">MINEM lleva energ\u00eda el\u00e9ctrica a 242 localidades de Huancavelica con obras de electrificaci\u00f3n rural<\/a><\/h1>\t\t\t\t<\/div>\n\t\t<div class=\"elementor-element elementor-element-17c73eb e-grid e-con-full e-con e-child\" data-id=\"17c73eb\" data-element_type=\"container\" data-e-type=\"container\">\n\t\t\t\t<div class=\"elementor-element elementor-element-5fbb05b elementor-widget elementor-widget-post-info\" data-id=\"5fbb05b\" data-element_type=\"widget\" data-e-type=\"widget\" data-widget_type=\"post-info.default\">\n\t\t\t\t\t\t\t<ul class=\"elementor-inline-items elementor-icon-list-items elementor-post-info\">\n\t\t\t\t\t\t\t\t<li class=\"elementor-icon-list-item elementor-repeater-item-eb9f5f3 elementor-inline-item\" itemprop=\"datePublished\">\n\t\t\t\t\t\t<a href=\"https:\/\/mineriayproyectos.com\/en\/2026\/08\/11\/\">\n\t\t\t\t\t\t\t\t\t\t\t\t\t\t<span class=\"elementor-icon-list-text elementor-post-info__item elementor-post-info__item--type-date\">\n\t\t\t\t\t\t\t\t\t\t<time>August 11, 2026<\/time>\t\t\t\t\t<\/span>\n\t\t\t\t\t\t\t\t\t<\/a>\n\t\t\t\t<\/li>\n\t\t\t\t<li class=\"elementor-icon-list-item elementor-repeater-item-6a7b8ee elementor-inline-item\" itemprop=\"about\">\n\t\t\t\t\t\t\t\t\t\t\t\t\t<span class=\"elementor-icon-list-text elementor-post-info__item elementor-post-info__item--type-terms\">\n\t\t\t\t\t\t\t\t\t\t<span class=\"elementor-post-info__terms-list\">\n\t\t\t\t<a href=\"https:\/\/mineriayproyectos.com\/en\/category\/energia\/electricidad\/\" class=\"elementor-post-info__terms-list-item\">Electricidad<\/a>\t\t\t\t<\/span>\n\t\t\t\t\t<\/span>\n\t\t\t\t\t\t\t\t<\/li>\n\t\t\t\t<\/ul>\n\t\t\t\t\t\t<\/div>\n\t\t\t\t<\/div>\n\t\t\t\t\t<\/div>\n\t\t\t\t<\/div>\n\t\t\t\t<\/div>\n\t\t\t\t<div data-elementor-type=\"loop-item\" data-elementor-id=\"29874\" class=\"elementor elementor-29874 swiper-slide e-loop-item e-loop-item-30838 post-30838 post type-post status-publish format-standard has-post-thumbnail hentry category-electricidad category-mineria tag-demanda-electrica tag-prysmian-peru\" data-elementor-post-type=\"elementor_library\" role=\"group\" aria-roledescription=\"slide\" data-custom-edit-handle=\"1\">\n\t\t\t<div class=\"elementor-element elementor-element-057fa25 e-flex e-con-boxed e-con e-parent\" data-id=\"057fa25\" data-element_type=\"container\" data-e-type=\"container\" data-settings=\"{&quot;background_background&quot;:&quot;classic&quot;}\">\n\t\t\t\t\t<div class=\"e-con-inner\">\n\t\t\t\t<div class=\"elementor-element elementor-element-416ae0b elementor-widget elementor-widget-theme-post-featured-image elementor-widget-image\" data-id=\"416ae0b\" data-element_type=\"widget\" data-e-type=\"widget\" data-widget_type=\"theme-post-featured-image.default\">\n\t\t\t\t\t\t\t\t\t\t\t\t\t\t\t\t<a href=\"https:\/\/mineriayproyectos.com\/en\/energia\/electricidad\/2026\/08\/11\/mineria-demanda-energia\/\">\n\t\t\t\t\t\t\t<img loading=\"lazy\" decoding=\"async\" width=\"800\" height=\"450\" src=\"https:\/\/mineriayproyectos.com\/wp-content\/uploads\/2026\/08\/mineria-demanda-energia-prysmian-1024x576.jpg\" class=\"attachment-large size-large wp-image-30839\" alt=\"La miner\u00eda peruana increment\u00f3 su demanda de energ\u00eda mientras Prysmian present\u00f3 soluciones para fortalecer la infraestructura el\u00e9ctrica del sector.\" srcset=\"https:\/\/mineriayproyectos.com\/wp-content\/uploads\/2026\/08\/mineria-demanda-energia-prysmian-1024x576.jpg 1024w, https:\/\/mineriayproyectos.com\/wp-content\/uploads\/2026\/08\/mineria-demanda-energia-prysmian-300x169.jpg 300w, https:\/\/mineriayproyectos.com\/wp-content\/uploads\/2026\/08\/mineria-demanda-energia-prysmian-768x432.jpg 768w, https:\/\/mineriayproyectos.com\/wp-content\/uploads\/2026\/08\/mineria-demanda-energia-prysmian-1536x864.jpg 1536w, https:\/\/mineriayproyectos.com\/wp-content\/uploads\/2026\/08\/mineria-demanda-energia-prysmian-18x10.jpg 18w, https:\/\/mineriayproyectos.com\/wp-content\/uploads\/2026\/08\/mineria-demanda-energia-prysmian.jpg 1920w\" sizes=\"(max-width: 800px) 100vw, 800px\" \/>\t\t\t\t\t\t\t\t<\/a>\n\t\t\t\t\t\t\t\t\t\t\t\t\t\t\t<\/div>\n\t\t\t\t<div class=\"elementor-element elementor-element-2b60229 elementor-widget elementor-widget-theme-post-title elementor-page-title elementor-widget-heading\" data-id=\"2b60229\" data-element_type=\"widget\" data-e-type=\"widget\" data-widget_type=\"theme-post-title.default\">\n\t\t\t\t\t<h1 class=\"elementor-heading-title elementor-size-default\"><a href=\"https:\/\/mineriayproyectos.com\/en\/energia\/electricidad\/2026\/08\/11\/mineria-demanda-energia\/\">Demanda el\u00e9ctrica de la miner\u00eda creci\u00f3 6,4 %en dos a\u00f1os y plantea nuevos retos para la<\/a><\/h1>\t\t\t\t<\/div>\n\t\t<div class=\"elementor-element elementor-element-17c73eb e-grid e-con-full e-con e-child\" data-id=\"17c73eb\" data-element_type=\"container\" data-e-type=\"container\">\n\t\t\t\t<div class=\"elementor-element elementor-element-5fbb05b elementor-widget elementor-widget-post-info\" data-id=\"5fbb05b\" data-element_type=\"widget\" data-e-type=\"widget\" data-widget_type=\"post-info.default\">\n\t\t\t\t\t\t\t<ul class=\"elementor-inline-items elementor-icon-list-items elementor-post-info\">\n\t\t\t\t\t\t\t\t<li class=\"elementor-icon-list-item elementor-repeater-item-eb9f5f3 elementor-inline-item\" itemprop=\"datePublished\">\n\t\t\t\t\t\t<a href=\"https:\/\/mineriayproyectos.com\/en\/2026\/08\/11\/\">\n\t\t\t\t\t\t\t\t\t\t\t\t\t\t<span class=\"elementor-icon-list-text elementor-post-info__item elementor-post-info__item--type-date\">\n\t\t\t\t\t\t\t\t\t\t<time>August 11, 2026<\/time>\t\t\t\t\t<\/span>\n\t\t\t\t\t\t\t\t\t<\/a>\n\t\t\t\t<\/li>\n\t\t\t\t<li class=\"elementor-icon-list-item elementor-repeater-item-6a7b8ee elementor-inline-item\" itemprop=\"about\">\n\t\t\t\t\t\t\t\t\t\t\t\t\t<span class=\"elementor-icon-list-text elementor-post-info__item elementor-post-info__item--type-terms\">\n\t\t\t\t\t\t\t\t\t\t<span class=\"elementor-post-info__terms-list\">\n\t\t\t\t<a href=\"https:\/\/mineriayproyectos.com\/en\/category\/energia\/electricidad\/\" class=\"elementor-post-info__terms-list-item\">Electricidad<\/a>, <a href=\"https:\/\/mineriayproyectos.com\/en\/category\/mineria\/\" class=\"elementor-post-info__terms-list-item\">Miner\u00eda<\/a>\t\t\t\t<\/span>\n\t\t\t\t\t<\/span>\n\t\t\t\t\t\t\t\t<\/li>\n\t\t\t\t<\/ul>\n\t\t\t\t\t\t<\/div>\n\t\t\t\t<\/div>\n\t\t\t\t\t<\/div>\n\t\t\t\t<\/div>\n\t\t\t\t<\/div>\n\t\t\t\t<div data-elementor-type=\"loop-item\" data-elementor-id=\"29874\" class=\"elementor elementor-29874 swiper-slide e-loop-item e-loop-item-30779 post-30779 post type-post status-publish format-standard has-post-thumbnail hentry category-energia tag-celaris-energy tag-transicion-energetica\" data-elementor-post-type=\"elementor_library\" role=\"group\" aria-roledescription=\"slide\" data-custom-edit-handle=\"1\">\n\t\t\t<div class=\"elementor-element elementor-element-057fa25 e-flex e-con-boxed e-con e-parent\" data-id=\"057fa25\" data-element_type=\"container\" data-e-type=\"container\" data-settings=\"{&quot;background_background&quot;:&quot;classic&quot;}\">\n\t\t\t\t\t<div class=\"e-con-inner\">\n\t\t\t\t<div class=\"elementor-element elementor-element-416ae0b elementor-widget elementor-widget-theme-post-featured-image elementor-widget-image\" data-id=\"416ae0b\" data-element_type=\"widget\" data-e-type=\"widget\" data-widget_type=\"theme-post-featured-image.default\">\n\t\t\t\t\t\t\t\t\t\t\t\t\t\t\t\t<a href=\"https:\/\/mineriayproyectos.com\/en\/energia\/2026\/08\/05\/transicion-energetica-del-peru-necesita-dos-motores-mas-centrales-renovables-y-mayor-productividad\/\">\n\t\t\t\t\t\t\t<img loading=\"lazy\" decoding=\"async\" width=\"800\" height=\"450\" src=\"https:\/\/mineriayproyectos.com\/wp-content\/uploads\/2026\/08\/transicion-energetica-del-peru-necesita-dos-motores-mas-centrales-renovables-y-mayor-productividad-1024x576.jpg\" class=\"attachment-large size-large wp-image-30780\" alt=\"Per\u00fa tiene la oportunidad de construir una transici\u00f3n energ\u00e9tica que no solo sea m\u00e1s limpia, sino tambi\u00e9n m\u00e1s inteligente.\" srcset=\"https:\/\/mineriayproyectos.com\/wp-content\/uploads\/2026\/08\/transicion-energetica-del-peru-necesita-dos-motores-mas-centrales-renovables-y-mayor-productividad-1024x576.jpg 1024w, https:\/\/mineriayproyectos.com\/wp-content\/uploads\/2026\/08\/transicion-energetica-del-peru-necesita-dos-motores-mas-centrales-renovables-y-mayor-productividad-300x169.jpg 300w, https:\/\/mineriayproyectos.com\/wp-content\/uploads\/2026\/08\/transicion-energetica-del-peru-necesita-dos-motores-mas-centrales-renovables-y-mayor-productividad-768x432.jpg 768w, https:\/\/mineriayproyectos.com\/wp-content\/uploads\/2026\/08\/transicion-energetica-del-peru-necesita-dos-motores-mas-centrales-renovables-y-mayor-productividad-1536x864.jpg 1536w, https:\/\/mineriayproyectos.com\/wp-content\/uploads\/2026\/08\/transicion-energetica-del-peru-necesita-dos-motores-mas-centrales-renovables-y-mayor-productividad-18x10.jpg 18w, https:\/\/mineriayproyectos.com\/wp-content\/uploads\/2026\/08\/transicion-energetica-del-peru-necesita-dos-motores-mas-centrales-renovables-y-mayor-productividad.jpg 1920w\" sizes=\"(max-width: 800px) 100vw, 800px\" \/>\t\t\t\t\t\t\t\t<\/a>\n\t\t\t\t\t\t\t\t\t\t\t\t\t\t\t<\/div>\n\t\t\t\t<div class=\"elementor-element elementor-element-2b60229 elementor-widget elementor-widget-theme-post-title elementor-page-title elementor-widget-heading\" data-id=\"2b60229\" data-element_type=\"widget\" data-e-type=\"widget\" data-widget_type=\"theme-post-title.default\">\n\t\t\t\t\t<h1 class=\"elementor-heading-title elementor-size-default\"><a href=\"https:\/\/mineriayproyectos.com\/en\/energia\/2026\/08\/05\/transicion-energetica-del-peru-necesita-dos-motores-mas-centrales-renovables-y-mayor-productividad\/\">La transici\u00f3n energ\u00e9tica del Per\u00fa necesita dos motores: m\u00e1s centrales renovables y mayor productividad<\/a><\/h1>\t\t\t\t<\/div>\n\t\t<div class=\"elementor-element elementor-element-17c73eb e-grid e-con-full e-con e-child\" data-id=\"17c73eb\" data-element_type=\"container\" data-e-type=\"container\">\n\t\t\t\t<div class=\"elementor-element elementor-element-5fbb05b elementor-widget elementor-widget-post-info\" data-id=\"5fbb05b\" data-element_type=\"widget\" data-e-type=\"widget\" data-widget_type=\"post-info.default\">\n\t\t\t\t\t\t\t<ul class=\"elementor-inline-items elementor-icon-list-items elementor-post-info\">\n\t\t\t\t\t\t\t\t<li class=\"elementor-icon-list-item elementor-repeater-item-eb9f5f3 elementor-inline-item\" itemprop=\"datePublished\">\n\t\t\t\t\t\t<a href=\"https:\/\/mineriayproyectos.com\/en\/2026\/08\/05\/\">\n\t\t\t\t\t\t\t\t\t\t\t\t\t\t<span class=\"elementor-icon-list-text elementor-post-info__item elementor-post-info__item--type-date\">\n\t\t\t\t\t\t\t\t\t\t<time>August 5, 2026<\/time>\t\t\t\t\t<\/span>\n\t\t\t\t\t\t\t\t\t<\/a>\n\t\t\t\t<\/li>\n\t\t\t\t<li class=\"elementor-icon-list-item elementor-repeater-item-6a7b8ee elementor-inline-item\" itemprop=\"about\">\n\t\t\t\t\t\t\t\t\t\t\t\t\t<span class=\"elementor-icon-list-text elementor-post-info__item elementor-post-info__item--type-terms\">\n\t\t\t\t\t\t\t\t\t\t<span class=\"elementor-post-info__terms-list\">\n\t\t\t\t<a href=\"https:\/\/mineriayproyectos.com\/en\/category\/energia\/\" class=\"elementor-post-info__terms-list-item\">Energ\u00eda<\/a>\t\t\t\t<\/span>\n\t\t\t\t\t<\/span>\n\t\t\t\t\t\t\t\t<\/li>\n\t\t\t\t<\/ul>\n\t\t\t\t\t\t<\/div>\n\t\t\t\t<\/div>\n\t\t\t\t\t<\/div>\n\t\t\t\t<\/div>\n\t\t\t\t<\/div>\n\t\t\t\t<\/div>\n\t\t<\/div>\n\t\t\t\t\t<div class=\"elementor-swiper-button elementor-swiper-button-prev\" role=\"button\" tabindex=\"0\" aria-label=\"Previous\">\n\t\t\t\t<svg aria-hidden=\"true\" class=\"e-font-icon-svg e-eicon-chevron-left\" viewBox=\"0 0 1000 1000\" xmlns=\"http:\/\/www.w3.org\/2000\/svg\"><path d=\"M646 125C629 125 613 133 604 142L308 442C296 454 292 471 292 487 292 504 296 521 308 533L604 854C617 867 629 875 646 875 663 875 679 871 692 858 704 846 713 829 713 812 713 796 708 779 692 767L438 487 692 225C700 217 708 204 708 187 708 171 704 154 692 142 675 129 663 125 646 125Z\"><\/path><\/svg>\t\t\t<\/div>\n\t\t\t<div class=\"elementor-swiper-button elementor-swiper-button-next\" role=\"button\" tabindex=\"0\" aria-label=\"Next\">\n\t\t\t\t<svg aria-hidden=\"true\" class=\"e-font-icon-svg e-eicon-chevron-right\" viewBox=\"0 0 1000 1000\" xmlns=\"http:\/\/www.w3.org\/2000\/svg\"><path d=\"M696 533C708 521 713 504 713 487 713 471 708 454 696 446L400 146C388 133 375 125 354 125 338 125 325 129 313 142 300 154 292 171 292 187 292 204 296 221 308 233L563 492 304 771C292 783 288 800 288 817 288 833 296 850 308 863 321 871 338 875 354 875 371 875 388 867 400 854L696 533Z\"><\/path><\/svg>\t\t\t<\/div>\n\t\t\t\t\t<div class=\"swiper-pagination\"><\/div>\n\t\t\t\t\t\t<\/div>\n\t\t\t\t<\/div>\n\t\t<div class=\"elementor-element elementor-element-2c423e0 e-con-full e-flex e-con e-child\" data-id=\"2c423e0\" data-element_type=\"container\" data-e-type=\"container\">\n\t\t<div class=\"elementor-element elementor-element-56e6c2f e-con-full e-flex e-con e-child\" data-id=\"56e6c2f\" data-element_type=\"container\" data-e-type=\"container\" data-settings=\"{&quot;background_background&quot;:&quot;classic&quot;}\">\n\t\t\t\t<div class=\"elementor-element elementor-element-1cfe3d9 elementor-widget elementor-widget-heading\" data-id=\"1cfe3d9\" data-element_type=\"widget\" data-e-type=\"widget\" data-widget_type=\"heading.default\">\n\t\t\t\t\t<h2 class=\"elementor-heading-title elementor-size-default\">HIDROCARBUROS<\/h2>\t\t\t\t<\/div>\n\t\t\t\t<\/div>\n\t\t\t\t<\/div>\n\t\t<div class=\"elementor-element elementor-element-9ac12aa e-con-full e-flex e-con e-child\" data-id=\"9ac12aa\" data-element_type=\"container\" data-e-type=\"container\">\n\t\t\t\t<div class=\"elementor-element elementor-element-2c8744d elementor-arrows-position-outside elementor-pagination-type-bullets elementor-pagination-position-outside elementor-widget elementor-widget-loop-carousel\" data-id=\"2c8744d\" data-element_type=\"widget\" data-e-type=\"widget\" data-settings=\"{&quot;template_id&quot;:&quot;29874&quot;,&quot;image_spacing_custom&quot;:{&quot;unit&quot;:&quot;px&quot;,&quot;size&quot;:30,&quot;sizes&quot;:[]},&quot;_skin&quot;:&quot;post&quot;,&quot;slides_to_show&quot;:&quot;3&quot;,&quot;slides_to_show_tablet&quot;:&quot;2&quot;,&quot;slides_to_show_mobile&quot;:&quot;1&quot;,&quot;slides_to_scroll&quot;:&quot;1&quot;,&quot;edit_handle_selector&quot;:&quot;.elementor-loop-container&quot;,&quot;autoplay&quot;:&quot;yes&quot;,&quot;autoplay_speed&quot;:5000,&quot;pause_on_hover&quot;:&quot;yes&quot;,&quot;pause_on_interaction&quot;:&quot;yes&quot;,&quot;infinite&quot;:&quot;yes&quot;,&quot;speed&quot;:500,&quot;offset_sides&quot;:&quot;none&quot;,&quot;arrows&quot;:&quot;yes&quot;,&quot;pagination&quot;:&quot;bullets&quot;,&quot;image_spacing_custom_tablet&quot;:{&quot;unit&quot;:&quot;px&quot;,&quot;size&quot;:&quot;&quot;,&quot;sizes&quot;:[]},&quot;image_spacing_custom_mobile&quot;:{&quot;unit&quot;:&quot;px&quot;,&quot;size&quot;:&quot;&quot;,&quot;sizes&quot;:[]}}\" data-widget_type=\"loop-carousel.post\">\n\t\t\t\t\t\t\t<div class=\"swiper elementor-loop-container elementor-grid\" role=\"list\" dir=\"ltr\">\n\t\t\t\t<div class=\"swiper-wrapper\" aria-live=\"off\">\n\t\t\t\t<div data-elementor-type=\"loop-item\" data-elementor-id=\"29874\" class=\"elementor elementor-29874 swiper-slide e-loop-item e-loop-item-31336 post-31336 post type-post status-publish format-standard has-post-thumbnail hentry category-hidrocarburos tag-energia tag-iris-cardenas tag-minem\" data-elementor-post-type=\"elementor_library\" role=\"group\" aria-roledescription=\"slide\" data-custom-edit-handle=\"1\">\n\t\t\t<div class=\"elementor-element elementor-element-057fa25 e-flex e-con-boxed e-con e-parent\" data-id=\"057fa25\" data-element_type=\"container\" data-e-type=\"container\" data-settings=\"{&quot;background_background&quot;:&quot;classic&quot;}\">\n\t\t\t\t\t<div class=\"e-con-inner\">\n\t\t\t\t<div class=\"elementor-element elementor-element-416ae0b elementor-widget elementor-widget-theme-post-featured-image elementor-widget-image\" data-id=\"416ae0b\" data-element_type=\"widget\" data-e-type=\"widget\" data-widget_type=\"theme-post-featured-image.default\">\n\t\t\t\t\t\t\t\t\t\t\t\t\t\t\t\t<a href=\"https:\/\/mineriayproyectos.com\/en\/hidrocarburos\/2026\/09\/03\/minem-hidrocarburos-consumo-energia-peru\/\">\n\t\t\t\t\t\t\t<img loading=\"lazy\" decoding=\"async\" width=\"800\" height=\"450\" src=\"https:\/\/mineriayproyectos.com\/wp-content\/uploads\/2026\/09\/minem-hidrocarburos-consumo-energia-peru-1024x576.jpg\" class=\"attachment-large size-large wp-image-31337\" alt=\"MINEM inform\u00f3 que los hidrocarburos representan el 67% del consumo final de energ\u00eda en Per\u00fa\" srcset=\"https:\/\/mineriayproyectos.com\/wp-content\/uploads\/2026\/09\/minem-hidrocarburos-consumo-energia-peru-1024x576.jpg 1024w, https:\/\/mineriayproyectos.com\/wp-content\/uploads\/2026\/09\/minem-hidrocarburos-consumo-energia-peru-300x169.jpg 300w, https:\/\/mineriayproyectos.com\/wp-content\/uploads\/2026\/09\/minem-hidrocarburos-consumo-energia-peru-768x432.jpg 768w, https:\/\/mineriayproyectos.com\/wp-content\/uploads\/2026\/09\/minem-hidrocarburos-consumo-energia-peru-1536x864.jpg 1536w, https:\/\/mineriayproyectos.com\/wp-content\/uploads\/2026\/09\/minem-hidrocarburos-consumo-energia-peru-18x10.jpg 18w, https:\/\/mineriayproyectos.com\/wp-content\/uploads\/2026\/09\/minem-hidrocarburos-consumo-energia-peru.jpg 1920w\" sizes=\"(max-width: 800px) 100vw, 800px\" \/>\t\t\t\t\t\t\t\t<\/a>\n\t\t\t\t\t\t\t\t\t\t\t\t\t\t\t<\/div>\n\t\t\t\t<div class=\"elementor-element elementor-element-2b60229 elementor-widget elementor-widget-theme-post-title elementor-page-title elementor-widget-heading\" data-id=\"2b60229\" data-element_type=\"widget\" data-e-type=\"widget\" data-widget_type=\"theme-post-title.default\">\n\t\t\t\t\t<h1 class=\"elementor-heading-title elementor-size-default\"><a href=\"https:\/\/mineriayproyectos.com\/en\/hidrocarburos\/2026\/09\/03\/minem-hidrocarburos-consumo-energia-peru\/\">MINEM: hidrocarburos representan el 67% del consumo final de energ\u00eda en Per\u00fa<\/a><\/h1>\t\t\t\t<\/div>\n\t\t<div class=\"elementor-element elementor-element-17c73eb e-grid e-con-full e-con e-child\" data-id=\"17c73eb\" data-element_type=\"container\" data-e-type=\"container\">\n\t\t\t\t<div class=\"elementor-element elementor-element-5fbb05b elementor-widget elementor-widget-post-info\" data-id=\"5fbb05b\" data-element_type=\"widget\" data-e-type=\"widget\" data-widget_type=\"post-info.default\">\n\t\t\t\t\t\t\t<ul class=\"elementor-inline-items elementor-icon-list-items elementor-post-info\">\n\t\t\t\t\t\t\t\t<li class=\"elementor-icon-list-item elementor-repeater-item-eb9f5f3 elementor-inline-item\" itemprop=\"datePublished\">\n\t\t\t\t\t\t<a href=\"https:\/\/mineriayproyectos.com\/en\/2026\/09\/03\/\">\n\t\t\t\t\t\t\t\t\t\t\t\t\t\t<span class=\"elementor-icon-list-text elementor-post-info__item elementor-post-info__item--type-date\">\n\t\t\t\t\t\t\t\t\t\t<time>September 3, 2026<\/time>\t\t\t\t\t<\/span>\n\t\t\t\t\t\t\t\t\t<\/a>\n\t\t\t\t<\/li>\n\t\t\t\t<li class=\"elementor-icon-list-item elementor-repeater-item-6a7b8ee elementor-inline-item\" itemprop=\"about\">\n\t\t\t\t\t\t\t\t\t\t\t\t\t<span class=\"elementor-icon-list-text elementor-post-info__item elementor-post-info__item--type-terms\">\n\t\t\t\t\t\t\t\t\t\t<span class=\"elementor-post-info__terms-list\">\n\t\t\t\t<a href=\"https:\/\/mineriayproyectos.com\/en\/category\/hidrocarburos\/\" class=\"elementor-post-info__terms-list-item\">Hidrocarburos<\/a>\t\t\t\t<\/span>\n\t\t\t\t\t<\/span>\n\t\t\t\t\t\t\t\t<\/li>\n\t\t\t\t<\/ul>\n\t\t\t\t\t\t<\/div>\n\t\t\t\t<\/div>\n\t\t\t\t\t<\/div>\n\t\t\t\t<\/div>\n\t\t\t\t<\/div>\n\t\t\t\t<div data-elementor-type=\"loop-item\" data-elementor-id=\"29874\" class=\"elementor elementor-29874 swiper-slide e-loop-item e-loop-item-31168 post-31168 post type-post status-publish format-standard has-post-thumbnail hentry category-petroleo tag-combustible tag-puerto-de-chancay tag-repsol\" data-elementor-post-type=\"elementor_library\" role=\"group\" aria-roledescription=\"slide\" data-custom-edit-handle=\"1\">\n\t\t\t<div class=\"elementor-element elementor-element-057fa25 e-flex e-con-boxed e-con e-parent\" data-id=\"057fa25\" data-element_type=\"container\" data-e-type=\"container\" data-settings=\"{&quot;background_background&quot;:&quot;classic&quot;}\">\n\t\t\t\t\t<div class=\"e-con-inner\">\n\t\t\t\t<div class=\"elementor-element elementor-element-416ae0b elementor-widget elementor-widget-theme-post-featured-image elementor-widget-image\" data-id=\"416ae0b\" data-element_type=\"widget\" data-e-type=\"widget\" data-widget_type=\"theme-post-featured-image.default\">\n\t\t\t\t\t\t\t\t\t\t\t\t\t\t\t\t<a href=\"https:\/\/mineriayproyectos.com\/en\/hidrocarburos\/petroleo\/2026\/08\/31\/repsol-combustible-marino-puerto-chancay\/\">\n\t\t\t\t\t\t\t<img loading=\"lazy\" decoding=\"async\" width=\"800\" height=\"450\" src=\"https:\/\/mineriayproyectos.com\/wp-content\/uploads\/2026\/08\/repsol-combustible-marino-puerto-chancay-1024x576.jpg\" class=\"attachment-large size-large wp-image-31169\" alt=\"Repsol realiza su primera entrega de combustible marino en el Puerto de Chancay.\" srcset=\"https:\/\/mineriayproyectos.com\/wp-content\/uploads\/2026\/08\/repsol-combustible-marino-puerto-chancay-1024x576.jpg 1024w, https:\/\/mineriayproyectos.com\/wp-content\/uploads\/2026\/08\/repsol-combustible-marino-puerto-chancay-300x169.jpg 300w, https:\/\/mineriayproyectos.com\/wp-content\/uploads\/2026\/08\/repsol-combustible-marino-puerto-chancay-768x432.jpg 768w, https:\/\/mineriayproyectos.com\/wp-content\/uploads\/2026\/08\/repsol-combustible-marino-puerto-chancay-1536x864.jpg 1536w, https:\/\/mineriayproyectos.com\/wp-content\/uploads\/2026\/08\/repsol-combustible-marino-puerto-chancay-18x10.jpg 18w, https:\/\/mineriayproyectos.com\/wp-content\/uploads\/2026\/08\/repsol-combustible-marino-puerto-chancay.jpg 1920w\" sizes=\"(max-width: 800px) 100vw, 800px\" \/>\t\t\t\t\t\t\t\t<\/a>\n\t\t\t\t\t\t\t\t\t\t\t\t\t\t\t<\/div>\n\t\t\t\t<div class=\"elementor-element elementor-element-2b60229 elementor-widget elementor-widget-theme-post-title elementor-page-title elementor-widget-heading\" data-id=\"2b60229\" data-element_type=\"widget\" data-e-type=\"widget\" data-widget_type=\"theme-post-title.default\">\n\t\t\t\t\t<h1 class=\"elementor-heading-title elementor-size-default\"><a href=\"https:\/\/mineriayproyectos.com\/en\/hidrocarburos\/petroleo\/2026\/08\/31\/repsol-combustible-marino-puerto-chancay\/\">Repsol realiza su primera entrega de combustible marino en el Puerto de Chancay<\/a><\/h1>\t\t\t\t<\/div>\n\t\t<div class=\"elementor-element elementor-element-17c73eb e-grid e-con-full e-con e-child\" data-id=\"17c73eb\" data-element_type=\"container\" data-e-type=\"container\">\n\t\t\t\t<div class=\"elementor-element elementor-element-5fbb05b elementor-widget elementor-widget-post-info\" data-id=\"5fbb05b\" data-element_type=\"widget\" data-e-type=\"widget\" data-widget_type=\"post-info.default\">\n\t\t\t\t\t\t\t<ul class=\"elementor-inline-items elementor-icon-list-items elementor-post-info\">\n\t\t\t\t\t\t\t\t<li class=\"elementor-icon-list-item elementor-repeater-item-eb9f5f3 elementor-inline-item\" itemprop=\"datePublished\">\n\t\t\t\t\t\t<a href=\"https:\/\/mineriayproyectos.com\/en\/2026\/08\/31\/\">\n\t\t\t\t\t\t\t\t\t\t\t\t\t\t<span class=\"elementor-icon-list-text elementor-post-info__item elementor-post-info__item--type-date\">\n\t\t\t\t\t\t\t\t\t\t<time>August 31, 2026<\/time>\t\t\t\t\t<\/span>\n\t\t\t\t\t\t\t\t\t<\/a>\n\t\t\t\t<\/li>\n\t\t\t\t<li class=\"elementor-icon-list-item elementor-repeater-item-6a7b8ee elementor-inline-item\" itemprop=\"about\">\n\t\t\t\t\t\t\t\t\t\t\t\t\t<span class=\"elementor-icon-list-text elementor-post-info__item elementor-post-info__item--type-terms\">\n\t\t\t\t\t\t\t\t\t\t<span class=\"elementor-post-info__terms-list\">\n\t\t\t\t<a href=\"https:\/\/mineriayproyectos.com\/en\/category\/hidrocarburos\/petroleo\/\" class=\"elementor-post-info__terms-list-item\">Petr\u00f3leo<\/a>\t\t\t\t<\/span>\n\t\t\t\t\t<\/span>\n\t\t\t\t\t\t\t\t<\/li>\n\t\t\t\t<\/ul>\n\t\t\t\t\t\t<\/div>\n\t\t\t\t<\/div>\n\t\t\t\t\t<\/div>\n\t\t\t\t<\/div>\n\t\t\t\t<\/div>\n\t\t\t\t<div data-elementor-type=\"loop-item\" data-elementor-id=\"29874\" class=\"elementor elementor-29874 swiper-slide e-loop-item e-loop-item-30940 post-30940 post type-post status-publish format-standard has-post-thumbnail hentry category-hidrocarburos category-mineria tag-petroleo tag-sociedad-geologica-den-peru\" data-elementor-post-type=\"elementor_library\" role=\"group\" aria-roledescription=\"slide\" data-custom-edit-handle=\"1\">\n\t\t\t<div class=\"elementor-element elementor-element-057fa25 e-flex e-con-boxed e-con e-parent\" data-id=\"057fa25\" data-element_type=\"container\" data-e-type=\"container\" data-settings=\"{&quot;background_background&quot;:&quot;classic&quot;}\">\n\t\t\t\t\t<div class=\"e-con-inner\">\n\t\t\t\t<div class=\"elementor-element elementor-element-416ae0b elementor-widget elementor-widget-theme-post-featured-image elementor-widget-image\" data-id=\"416ae0b\" data-element_type=\"widget\" data-e-type=\"widget\" data-widget_type=\"theme-post-featured-image.default\">\n\t\t\t\t\t\t\t\t\t\t\t\t\t\t\t\t<a href=\"https:\/\/mineriayproyectos.com\/en\/mineria\/2026\/08\/17\/sociedad-geologica-deficit-petroleo-peru\/\">\n\t\t\t\t\t\t\t<img loading=\"lazy\" decoding=\"async\" width=\"800\" height=\"450\" src=\"https:\/\/mineriayproyectos.com\/wp-content\/uploads\/2026\/08\/sociedad-geologica-peru-carlos-bianchi-2026-1024x576.jpg\" class=\"attachment-large size-large wp-image-30941\" alt=\"Carlos Bianchi, presidente de la Sociedad Geol\u00f3gica del Per\u00fa\" srcset=\"https:\/\/mineriayproyectos.com\/wp-content\/uploads\/2026\/08\/sociedad-geologica-peru-carlos-bianchi-2026-1024x576.jpg 1024w, https:\/\/mineriayproyectos.com\/wp-content\/uploads\/2026\/08\/sociedad-geologica-peru-carlos-bianchi-2026-300x169.jpg 300w, https:\/\/mineriayproyectos.com\/wp-content\/uploads\/2026\/08\/sociedad-geologica-peru-carlos-bianchi-2026-768x432.jpg 768w, https:\/\/mineriayproyectos.com\/wp-content\/uploads\/2026\/08\/sociedad-geologica-peru-carlos-bianchi-2026-1536x864.jpg 1536w, https:\/\/mineriayproyectos.com\/wp-content\/uploads\/2026\/08\/sociedad-geologica-peru-carlos-bianchi-2026-18x10.jpg 18w, https:\/\/mineriayproyectos.com\/wp-content\/uploads\/2026\/08\/sociedad-geologica-peru-carlos-bianchi-2026.jpg 1920w\" sizes=\"(max-width: 800px) 100vw, 800px\" \/>\t\t\t\t\t\t\t\t<\/a>\n\t\t\t\t\t\t\t\t\t\t\t\t\t\t\t<\/div>\n\t\t\t\t<div class=\"elementor-element elementor-element-2b60229 elementor-widget elementor-widget-theme-post-title elementor-page-title elementor-widget-heading\" data-id=\"2b60229\" data-element_type=\"widget\" data-e-type=\"widget\" data-widget_type=\"theme-post-title.default\">\n\t\t\t\t\t<h1 class=\"elementor-heading-title elementor-size-default\"><a href=\"https:\/\/mineriayproyectos.com\/en\/mineria\/2026\/08\/17\/sociedad-geologica-deficit-petroleo-peru\/\">Sociedad Geol\u00f3gica: Per\u00fa tiene un d\u00e9ficit de 210 mil barriles de petr\u00f3leo diarios<\/a><\/h1>\t\t\t\t<\/div>\n\t\t<div class=\"elementor-element elementor-element-17c73eb e-grid e-con-full e-con e-child\" data-id=\"17c73eb\" data-element_type=\"container\" data-e-type=\"container\">\n\t\t\t\t<div class=\"elementor-element elementor-element-5fbb05b elementor-widget elementor-widget-post-info\" data-id=\"5fbb05b\" data-element_type=\"widget\" data-e-type=\"widget\" data-widget_type=\"post-info.default\">\n\t\t\t\t\t\t\t<ul class=\"elementor-inline-items elementor-icon-list-items elementor-post-info\">\n\t\t\t\t\t\t\t\t<li class=\"elementor-icon-list-item elementor-repeater-item-eb9f5f3 elementor-inline-item\" itemprop=\"datePublished\">\n\t\t\t\t\t\t<a href=\"https:\/\/mineriayproyectos.com\/en\/2026\/08\/17\/\">\n\t\t\t\t\t\t\t\t\t\t\t\t\t\t<span class=\"elementor-icon-list-text elementor-post-info__item elementor-post-info__item--type-date\">\n\t\t\t\t\t\t\t\t\t\t<time>August 17, 2026<\/time>\t\t\t\t\t<\/span>\n\t\t\t\t\t\t\t\t\t<\/a>\n\t\t\t\t<\/li>\n\t\t\t\t<li class=\"elementor-icon-list-item elementor-repeater-item-6a7b8ee elementor-inline-item\" itemprop=\"about\">\n\t\t\t\t\t\t\t\t\t\t\t\t\t<span class=\"elementor-icon-list-text elementor-post-info__item elementor-post-info__item--type-terms\">\n\t\t\t\t\t\t\t\t\t\t<span class=\"elementor-post-info__terms-list\">\n\t\t\t\t<a href=\"https:\/\/mineriayproyectos.com\/en\/category\/hidrocarburos\/\" class=\"elementor-post-info__terms-list-item\">Hidrocarburos<\/a>, <a href=\"https:\/\/mineriayproyectos.com\/en\/category\/mineria\/\" class=\"elementor-post-info__terms-list-item\">Miner\u00eda<\/a>\t\t\t\t<\/span>\n\t\t\t\t\t<\/span>\n\t\t\t\t\t\t\t\t<\/li>\n\t\t\t\t<\/ul>\n\t\t\t\t\t\t<\/div>\n\t\t\t\t<\/div>\n\t\t\t\t\t<\/div>\n\t\t\t\t<\/div>\n\t\t\t\t<\/div>\n\t\t\t\t<div data-elementor-type=\"loop-item\" data-elementor-id=\"29874\" class=\"elementor elementor-29874 swiper-slide e-loop-item e-loop-item-30923 post-30923 post type-post status-publish format-standard has-post-thumbnail hentry category-empresarial category-hidrocarburos tag-liderazgo-femenino tag-terpel\" data-elementor-post-type=\"elementor_library\" role=\"group\" aria-roledescription=\"slide\" data-custom-edit-handle=\"1\">\n\t\t\t<div class=\"elementor-element elementor-element-057fa25 e-flex e-con-boxed e-con e-parent\" data-id=\"057fa25\" data-element_type=\"container\" data-e-type=\"container\" data-settings=\"{&quot;background_background&quot;:&quot;classic&quot;}\">\n\t\t\t\t\t<div class=\"e-con-inner\">\n\t\t\t\t<div class=\"elementor-element elementor-element-416ae0b elementor-widget elementor-widget-theme-post-featured-image elementor-widget-image\" data-id=\"416ae0b\" data-element_type=\"widget\" data-e-type=\"widget\" data-widget_type=\"theme-post-featured-image.default\">\n\t\t\t\t\t\t\t\t\t\t\t\t\t\t\t\t<a href=\"https:\/\/mineriayproyectos.com\/en\/empresarial\/2026\/08\/14\/terpel-mujeres-roca-liderazgo-femenino\/\">\n\t\t\t\t\t\t\t<img loading=\"lazy\" decoding=\"async\" width=\"800\" height=\"450\" src=\"https:\/\/mineriayproyectos.com\/wp-content\/uploads\/2026\/08\/terpel-mujeres-roca-liderazgo-femenino-1024x576.jpg\" class=\"attachment-large size-large wp-image-30924\" alt=\"Terpel impulsa el liderazgo femenino con el programa Mujeres Roca 2026.\" srcset=\"https:\/\/mineriayproyectos.com\/wp-content\/uploads\/2026\/08\/terpel-mujeres-roca-liderazgo-femenino-1024x576.jpg 1024w, https:\/\/mineriayproyectos.com\/wp-content\/uploads\/2026\/08\/terpel-mujeres-roca-liderazgo-femenino-300x169.jpg 300w, https:\/\/mineriayproyectos.com\/wp-content\/uploads\/2026\/08\/terpel-mujeres-roca-liderazgo-femenino-768x432.jpg 768w, https:\/\/mineriayproyectos.com\/wp-content\/uploads\/2026\/08\/terpel-mujeres-roca-liderazgo-femenino-1536x864.jpg 1536w, https:\/\/mineriayproyectos.com\/wp-content\/uploads\/2026\/08\/terpel-mujeres-roca-liderazgo-femenino-18x10.jpg 18w, https:\/\/mineriayproyectos.com\/wp-content\/uploads\/2026\/08\/terpel-mujeres-roca-liderazgo-femenino.jpg 1920w\" sizes=\"(max-width: 800px) 100vw, 800px\" \/>\t\t\t\t\t\t\t\t<\/a>\n\t\t\t\t\t\t\t\t\t\t\t\t\t\t\t<\/div>\n\t\t\t\t<div class=\"elementor-element elementor-element-2b60229 elementor-widget elementor-widget-theme-post-title elementor-page-title elementor-widget-heading\" data-id=\"2b60229\" data-element_type=\"widget\" data-e-type=\"widget\" data-widget_type=\"theme-post-title.default\">\n\t\t\t\t\t<h1 class=\"elementor-heading-title elementor-size-default\"><a href=\"https:\/\/mineriayproyectos.com\/en\/empresarial\/2026\/08\/14\/terpel-mujeres-roca-liderazgo-femenino\/\">Terpel impulsa liderazgo femenino con programa Mujeres Roca en su f\u00e1brica de lubricantes<\/a><\/h1>\t\t\t\t<\/div>\n\t\t<div class=\"elementor-element elementor-element-17c73eb e-grid e-con-full e-con e-child\" data-id=\"17c73eb\" data-element_type=\"container\" data-e-type=\"container\">\n\t\t\t\t<div class=\"elementor-element elementor-element-5fbb05b elementor-widget elementor-widget-post-info\" data-id=\"5fbb05b\" data-element_type=\"widget\" data-e-type=\"widget\" data-widget_type=\"post-info.default\">\n\t\t\t\t\t\t\t<ul class=\"elementor-inline-items elementor-icon-list-items elementor-post-info\">\n\t\t\t\t\t\t\t\t<li class=\"elementor-icon-list-item elementor-repeater-item-eb9f5f3 elementor-inline-item\" itemprop=\"datePublished\">\n\t\t\t\t\t\t<a href=\"https:\/\/mineriayproyectos.com\/en\/2026\/08\/14\/\">\n\t\t\t\t\t\t\t\t\t\t\t\t\t\t<span class=\"elementor-icon-list-text elementor-post-info__item elementor-post-info__item--type-date\">\n\t\t\t\t\t\t\t\t\t\t<time>August 14, 2026<\/time>\t\t\t\t\t<\/span>\n\t\t\t\t\t\t\t\t\t<\/a>\n\t\t\t\t<\/li>\n\t\t\t\t<li class=\"elementor-icon-list-item elementor-repeater-item-6a7b8ee elementor-inline-item\" itemprop=\"about\">\n\t\t\t\t\t\t\t\t\t\t\t\t\t<span class=\"elementor-icon-list-text elementor-post-info__item elementor-post-info__item--type-terms\">\n\t\t\t\t\t\t\t\t\t\t<span class=\"elementor-post-info__terms-list\">\n\t\t\t\t<a href=\"https:\/\/mineriayproyectos.com\/en\/category\/empresarial\/\" class=\"elementor-post-info__terms-list-item\">Empresarial<\/a>, <a href=\"https:\/\/mineriayproyectos.com\/en\/category\/hidrocarburos\/\" class=\"elementor-post-info__terms-list-item\">Hidrocarburos<\/a>\t\t\t\t<\/span>\n\t\t\t\t\t<\/span>\n\t\t\t\t\t\t\t\t<\/li>\n\t\t\t\t<\/ul>\n\t\t\t\t\t\t<\/div>\n\t\t\t\t<\/div>\n\t\t\t\t\t<\/div>\n\t\t\t\t<\/div>\n\t\t\t\t<\/div>\n\t\t\t\t<div data-elementor-type=\"loop-item\" data-elementor-id=\"29874\" class=\"elementor elementor-29874 swiper-slide e-loop-item e-loop-item-30904 post-30904 post type-post status-publish format-standard has-post-thumbnail hentry category-empresarial category-hidrocarburos tag-gas-licuado-de-petroleo tag-glp tag-solgas\" data-elementor-post-type=\"elementor_library\" role=\"group\" aria-roledescription=\"slide\" data-custom-edit-handle=\"1\">\n\t\t\t<div class=\"elementor-element elementor-element-057fa25 e-flex e-con-boxed e-con e-parent\" data-id=\"057fa25\" data-element_type=\"container\" data-e-type=\"container\" data-settings=\"{&quot;background_background&quot;:&quot;classic&quot;}\">\n\t\t\t\t\t<div class=\"e-con-inner\">\n\t\t\t\t<div class=\"elementor-element elementor-element-416ae0b elementor-widget elementor-widget-theme-post-featured-image elementor-widget-image\" data-id=\"416ae0b\" data-element_type=\"widget\" data-e-type=\"widget\" data-widget_type=\"theme-post-featured-image.default\">\n\t\t\t\t\t\t\t\t\t\t\t\t\t\t\t\t<a href=\"https:\/\/mineriayproyectos.com\/en\/hidrocarburos\/2026\/08\/13\/solgas-almacenamiento-glp-peru\/\">\n\t\t\t\t\t\t\t<img loading=\"lazy\" decoding=\"async\" width=\"800\" height=\"450\" src=\"https:\/\/mineriayproyectos.com\/wp-content\/uploads\/2026\/08\/solgas-almacenamiento-glp-peru-1024x576.jpg\" class=\"attachment-large size-large wp-image-30905\" alt=\"Solgas ampliar\u00e1 su infraestructura de almacenamiento de GLP en Per\u00fa.\" srcset=\"https:\/\/mineriayproyectos.com\/wp-content\/uploads\/2026\/08\/solgas-almacenamiento-glp-peru-1024x576.jpg 1024w, https:\/\/mineriayproyectos.com\/wp-content\/uploads\/2026\/08\/solgas-almacenamiento-glp-peru-300x169.jpg 300w, https:\/\/mineriayproyectos.com\/wp-content\/uploads\/2026\/08\/solgas-almacenamiento-glp-peru-768x432.jpg 768w, https:\/\/mineriayproyectos.com\/wp-content\/uploads\/2026\/08\/solgas-almacenamiento-glp-peru-1536x864.jpg 1536w, https:\/\/mineriayproyectos.com\/wp-content\/uploads\/2026\/08\/solgas-almacenamiento-glp-peru-18x10.jpg 18w, https:\/\/mineriayproyectos.com\/wp-content\/uploads\/2026\/08\/solgas-almacenamiento-glp-peru.jpg 1920w\" sizes=\"(max-width: 800px) 100vw, 800px\" \/>\t\t\t\t\t\t\t\t<\/a>\n\t\t\t\t\t\t\t\t\t\t\t\t\t\t\t<\/div>\n\t\t\t\t<div class=\"elementor-element elementor-element-2b60229 elementor-widget elementor-widget-theme-post-title elementor-page-title elementor-widget-heading\" data-id=\"2b60229\" data-element_type=\"widget\" data-e-type=\"widget\" data-widget_type=\"theme-post-title.default\">\n\t\t\t\t\t<h1 class=\"elementor-heading-title elementor-size-default\"><a href=\"https:\/\/mineriayproyectos.com\/en\/hidrocarburos\/2026\/08\/13\/solgas-almacenamiento-glp-peru\/\">Solgas proyecta inversiones para elevar en m\u00e1s de 60% su capacidad de almacenamiento de GLP<\/a><\/h1>\t\t\t\t<\/div>\n\t\t<div class=\"elementor-element elementor-element-17c73eb e-grid e-con-full e-con e-child\" data-id=\"17c73eb\" data-element_type=\"container\" data-e-type=\"container\">\n\t\t\t\t<div class=\"elementor-element elementor-element-5fbb05b elementor-widget elementor-widget-post-info\" data-id=\"5fbb05b\" data-element_type=\"widget\" data-e-type=\"widget\" data-widget_type=\"post-info.default\">\n\t\t\t\t\t\t\t<ul class=\"elementor-inline-items elementor-icon-list-items elementor-post-info\">\n\t\t\t\t\t\t\t\t<li class=\"elementor-icon-list-item elementor-repeater-item-eb9f5f3 elementor-inline-item\" itemprop=\"datePublished\">\n\t\t\t\t\t\t<a href=\"https:\/\/mineriayproyectos.com\/en\/2026\/08\/13\/\">\n\t\t\t\t\t\t\t\t\t\t\t\t\t\t<span class=\"elementor-icon-list-text elementor-post-info__item elementor-post-info__item--type-date\">\n\t\t\t\t\t\t\t\t\t\t<time>August 13, 2026<\/time>\t\t\t\t\t<\/span>\n\t\t\t\t\t\t\t\t\t<\/a>\n\t\t\t\t<\/li>\n\t\t\t\t<li class=\"elementor-icon-list-item elementor-repeater-item-6a7b8ee elementor-inline-item\" itemprop=\"about\">\n\t\t\t\t\t\t\t\t\t\t\t\t\t<span class=\"elementor-icon-list-text elementor-post-info__item elementor-post-info__item--type-terms\">\n\t\t\t\t\t\t\t\t\t\t<span class=\"elementor-post-info__terms-list\">\n\t\t\t\t<a href=\"https:\/\/mineriayproyectos.com\/en\/category\/empresarial\/\" class=\"elementor-post-info__terms-list-item\">Empresarial<\/a>, <a href=\"https:\/\/mineriayproyectos.com\/en\/category\/hidrocarburos\/\" class=\"elementor-post-info__terms-list-item\">Hidrocarburos<\/a>\t\t\t\t<\/span>\n\t\t\t\t\t<\/span>\n\t\t\t\t\t\t\t\t<\/li>\n\t\t\t\t<\/ul>\n\t\t\t\t\t\t<\/div>\n\t\t\t\t<\/div>\n\t\t\t\t\t<\/div>\n\t\t\t\t<\/div>\n\t\t\t\t<\/div>\n\t\t\t\t<div data-elementor-type=\"loop-item\" data-elementor-id=\"29874\" class=\"elementor elementor-29874 swiper-slide e-loop-item e-loop-item-30863 post-30863 post type-post status-publish format-standard has-post-thumbnail hentry category-hidrocarburos tag-gobierno tag-iris-cardenas tag-minem\" data-elementor-post-type=\"elementor_library\" role=\"group\" aria-roledescription=\"slide\" data-custom-edit-handle=\"1\">\n\t\t\t<div class=\"elementor-element elementor-element-057fa25 e-flex e-con-boxed e-con e-parent\" data-id=\"057fa25\" data-element_type=\"container\" data-e-type=\"container\" data-settings=\"{&quot;background_background&quot;:&quot;classic&quot;}\">\n\t\t\t\t\t<div class=\"e-con-inner\">\n\t\t\t\t<div class=\"elementor-element elementor-element-416ae0b elementor-widget elementor-widget-theme-post-featured-image elementor-widget-image\" data-id=\"416ae0b\" data-element_type=\"widget\" data-e-type=\"widget\" data-widget_type=\"theme-post-featured-image.default\">\n\t\t\t\t\t\t\t\t\t\t\t\t\t\t\t\t<a href=\"https:\/\/mineriayproyectos.com\/en\/hidrocarburos\/2026\/08\/12\/iris-cardenas-viceministra-hidrocarburos\/\">\n\t\t\t\t\t\t\t<img loading=\"lazy\" decoding=\"async\" width=\"800\" height=\"450\" src=\"https:\/\/mineriayproyectos.com\/wp-content\/uploads\/2026\/08\/iris-cardenas-viceministra-hidrocarburos-1024x576.jpg\" class=\"attachment-large size-large wp-image-30864\" alt=\"Iris C\u00e1rdenas fue designada nuevamente viceministra de Hidrocarburos del Ministerio de Energ\u00eda y Minas.\" srcset=\"https:\/\/mineriayproyectos.com\/wp-content\/uploads\/2026\/08\/iris-cardenas-viceministra-hidrocarburos-1024x576.jpg 1024w, https:\/\/mineriayproyectos.com\/wp-content\/uploads\/2026\/08\/iris-cardenas-viceministra-hidrocarburos-300x169.jpg 300w, https:\/\/mineriayproyectos.com\/wp-content\/uploads\/2026\/08\/iris-cardenas-viceministra-hidrocarburos-768x432.jpg 768w, https:\/\/mineriayproyectos.com\/wp-content\/uploads\/2026\/08\/iris-cardenas-viceministra-hidrocarburos-1536x864.jpg 1536w, https:\/\/mineriayproyectos.com\/wp-content\/uploads\/2026\/08\/iris-cardenas-viceministra-hidrocarburos-18x10.jpg 18w, https:\/\/mineriayproyectos.com\/wp-content\/uploads\/2026\/08\/iris-cardenas-viceministra-hidrocarburos.jpg 1920w\" sizes=\"(max-width: 800px) 100vw, 800px\" \/>\t\t\t\t\t\t\t\t<\/a>\n\t\t\t\t\t\t\t\t\t\t\t\t\t\t\t<\/div>\n\t\t\t\t<div class=\"elementor-element elementor-element-2b60229 elementor-widget elementor-widget-theme-post-title elementor-page-title elementor-widget-heading\" data-id=\"2b60229\" data-element_type=\"widget\" data-e-type=\"widget\" data-widget_type=\"theme-post-title.default\">\n\t\t\t\t\t<h1 class=\"elementor-heading-title elementor-size-default\"><a href=\"https:\/\/mineriayproyectos.com\/en\/hidrocarburos\/2026\/08\/12\/iris-cardenas-viceministra-hidrocarburos\/\">Iris C\u00e1rdenas es designada nuevamente viceministra de Hidrocarburos<\/a><\/h1>\t\t\t\t<\/div>\n\t\t<div class=\"elementor-element elementor-element-17c73eb e-grid e-con-full e-con e-child\" data-id=\"17c73eb\" data-element_type=\"container\" data-e-type=\"container\">\n\t\t\t\t<div class=\"elementor-element elementor-element-5fbb05b elementor-widget elementor-widget-post-info\" data-id=\"5fbb05b\" data-element_type=\"widget\" data-e-type=\"widget\" data-widget_type=\"post-info.default\">\n\t\t\t\t\t\t\t<ul class=\"elementor-inline-items elementor-icon-list-items elementor-post-info\">\n\t\t\t\t\t\t\t\t<li class=\"elementor-icon-list-item elementor-repeater-item-eb9f5f3 elementor-inline-item\" itemprop=\"datePublished\">\n\t\t\t\t\t\t<a href=\"https:\/\/mineriayproyectos.com\/en\/2026\/08\/12\/\">\n\t\t\t\t\t\t\t\t\t\t\t\t\t\t<span class=\"elementor-icon-list-text elementor-post-info__item elementor-post-info__item--type-date\">\n\t\t\t\t\t\t\t\t\t\t<time>August 12, 2026<\/time>\t\t\t\t\t<\/span>\n\t\t\t\t\t\t\t\t\t<\/a>\n\t\t\t\t<\/li>\n\t\t\t\t<li class=\"elementor-icon-list-item elementor-repeater-item-6a7b8ee elementor-inline-item\" itemprop=\"about\">\n\t\t\t\t\t\t\t\t\t\t\t\t\t<span class=\"elementor-icon-list-text elementor-post-info__item elementor-post-info__item--type-terms\">\n\t\t\t\t\t\t\t\t\t\t<span class=\"elementor-post-info__terms-list\">\n\t\t\t\t<a href=\"https:\/\/mineriayproyectos.com\/en\/category\/hidrocarburos\/\" class=\"elementor-post-info__terms-list-item\">Hidrocarburos<\/a>\t\t\t\t<\/span>\n\t\t\t\t\t<\/span>\n\t\t\t\t\t\t\t\t<\/li>\n\t\t\t\t<\/ul>\n\t\t\t\t\t\t<\/div>\n\t\t\t\t<\/div>\n\t\t\t\t\t<\/div>\n\t\t\t\t<\/div>\n\t\t\t\t<\/div>\n\t\t\t\t<div data-elementor-type=\"loop-item\" data-elementor-id=\"29874\" class=\"elementor elementor-29874 swiper-slide e-loop-item e-loop-item-30723 post-30723 post type-post status-publish format-standard has-post-thumbnail hentry category-energia category-hidrocarburos tag-electricidad tag-loreto tag-minem\" data-elementor-post-type=\"elementor_library\" role=\"group\" aria-roledescription=\"slide\" data-custom-edit-handle=\"1\">\n\t\t\t<div class=\"elementor-element elementor-element-057fa25 e-flex e-con-boxed e-con e-parent\" data-id=\"057fa25\" data-element_type=\"container\" data-e-type=\"container\" data-settings=\"{&quot;background_background&quot;:&quot;classic&quot;}\">\n\t\t\t\t\t<div class=\"e-con-inner\">\n\t\t\t\t<div class=\"elementor-element elementor-element-416ae0b elementor-widget elementor-widget-theme-post-featured-image elementor-widget-image\" data-id=\"416ae0b\" data-element_type=\"widget\" data-e-type=\"widget\" data-widget_type=\"theme-post-featured-image.default\">\n\t\t\t\t\t\t\t\t\t\t\t\t\t\t\t\t<a href=\"https:\/\/mineriayproyectos.com\/en\/hidrocarburos\/2026\/08\/04\/loreto-minem-combustibles-electrificacion\/\">\n\t\t\t\t\t\t\t<img loading=\"lazy\" decoding=\"async\" width=\"800\" height=\"450\" src=\"https:\/\/mineriayproyectos.com\/wp-content\/uploads\/2026\/08\/loreto-minem-abastecimiento-combustibles-electrificacion-1024x576.jpg\" class=\"attachment-large size-large wp-image-30724\" alt=\"Guillermo Shinno se reuni\u00f3 con autoridades de Loreto para impulsar el abastecimiento de combustibles y proyectos de electrificaci\u00f3n.\" srcset=\"https:\/\/mineriayproyectos.com\/wp-content\/uploads\/2026\/08\/loreto-minem-abastecimiento-combustibles-electrificacion-1024x576.jpg 1024w, https:\/\/mineriayproyectos.com\/wp-content\/uploads\/2026\/08\/loreto-minem-abastecimiento-combustibles-electrificacion-300x169.jpg 300w, https:\/\/mineriayproyectos.com\/wp-content\/uploads\/2026\/08\/loreto-minem-abastecimiento-combustibles-electrificacion-768x432.jpg 768w, https:\/\/mineriayproyectos.com\/wp-content\/uploads\/2026\/08\/loreto-minem-abastecimiento-combustibles-electrificacion-1536x864.jpg 1536w, https:\/\/mineriayproyectos.com\/wp-content\/uploads\/2026\/08\/loreto-minem-abastecimiento-combustibles-electrificacion-18x10.jpg 18w, https:\/\/mineriayproyectos.com\/wp-content\/uploads\/2026\/08\/loreto-minem-abastecimiento-combustibles-electrificacion.jpg 1920w\" sizes=\"(max-width: 800px) 100vw, 800px\" \/>\t\t\t\t\t\t\t\t<\/a>\n\t\t\t\t\t\t\t\t\t\t\t\t\t\t\t<\/div>\n\t\t\t\t<div class=\"elementor-element elementor-element-2b60229 elementor-widget elementor-widget-theme-post-title elementor-page-title elementor-widget-heading\" data-id=\"2b60229\" data-element_type=\"widget\" data-e-type=\"widget\" data-widget_type=\"theme-post-title.default\">\n\t\t\t\t\t<h1 class=\"elementor-heading-title elementor-size-default\"><a href=\"https:\/\/mineriayproyectos.com\/en\/hidrocarburos\/2026\/08\/04\/loreto-minem-combustibles-electrificacion\/\">Loreto: MINEM impulsa acciones para fortalecer el abastecimiento de combustibles y el acceso a electricidad<\/a><\/h1>\t\t\t\t<\/div>\n\t\t<div class=\"elementor-element elementor-element-17c73eb e-grid e-con-full e-con e-child\" data-id=\"17c73eb\" data-element_type=\"container\" data-e-type=\"container\">\n\t\t\t\t<div class=\"elementor-element elementor-element-5fbb05b elementor-widget elementor-widget-post-info\" data-id=\"5fbb05b\" data-element_type=\"widget\" data-e-type=\"widget\" data-widget_type=\"post-info.default\">\n\t\t\t\t\t\t\t<ul class=\"elementor-inline-items elementor-icon-list-items elementor-post-info\">\n\t\t\t\t\t\t\t\t<li class=\"elementor-icon-list-item elementor-repeater-item-eb9f5f3 elementor-inline-item\" itemprop=\"datePublished\">\n\t\t\t\t\t\t<a href=\"https:\/\/mineriayproyectos.com\/en\/2026\/08\/04\/\">\n\t\t\t\t\t\t\t\t\t\t\t\t\t\t<span class=\"elementor-icon-list-text elementor-post-info__item elementor-post-info__item--type-date\">\n\t\t\t\t\t\t\t\t\t\t<time>August 4, 2026<\/time>\t\t\t\t\t<\/span>\n\t\t\t\t\t\t\t\t\t<\/a>\n\t\t\t\t<\/li>\n\t\t\t\t<li class=\"elementor-icon-list-item elementor-repeater-item-6a7b8ee elementor-inline-item\" itemprop=\"about\">\n\t\t\t\t\t\t\t\t\t\t\t\t\t<span class=\"elementor-icon-list-text elementor-post-info__item elementor-post-info__item--type-terms\">\n\t\t\t\t\t\t\t\t\t\t<span class=\"elementor-post-info__terms-list\">\n\t\t\t\t<a href=\"https:\/\/mineriayproyectos.com\/en\/category\/energia\/\" class=\"elementor-post-info__terms-list-item\">Energ\u00eda<\/a>, <a href=\"https:\/\/mineriayproyectos.com\/en\/category\/hidrocarburos\/\" class=\"elementor-post-info__terms-list-item\">Hidrocarburos<\/a>\t\t\t\t<\/span>\n\t\t\t\t\t<\/span>\n\t\t\t\t\t\t\t\t<\/li>\n\t\t\t\t<\/ul>\n\t\t\t\t\t\t<\/div>\n\t\t\t\t<\/div>\n\t\t\t\t\t<\/div>\n\t\t\t\t<\/div>\n\t\t\t\t<\/div>\n\t\t\t\t<div data-elementor-type=\"loop-item\" data-elementor-id=\"29874\" class=\"elementor elementor-29874 swiper-slide e-loop-item e-loop-item-30647 post-30647 post type-post status-publish format-standard has-post-thumbnail hentry category-hidrocarburos tag-oleoducto-norperuano tag-petroperu tag-piura\" data-elementor-post-type=\"elementor_library\" role=\"group\" aria-roledescription=\"slide\" data-custom-edit-handle=\"1\">\n\t\t\t<div class=\"elementor-element elementor-element-057fa25 e-flex e-con-boxed e-con e-parent\" data-id=\"057fa25\" data-element_type=\"container\" data-e-type=\"container\" data-settings=\"{&quot;background_background&quot;:&quot;classic&quot;}\">\n\t\t\t\t\t<div class=\"e-con-inner\">\n\t\t\t\t<div class=\"elementor-element elementor-element-416ae0b elementor-widget elementor-widget-theme-post-featured-image elementor-widget-image\" data-id=\"416ae0b\" data-element_type=\"widget\" data-e-type=\"widget\" data-widget_type=\"theme-post-featured-image.default\">\n\t\t\t\t\t\t\t\t\t\t\t\t\t\t\t\t<a href=\"https:\/\/mineriayproyectos.com\/en\/hidrocarburos\/2026\/07\/30\/petroperu-detecta-cinco-conexiones-clandestinas-en-oleoducto-norperuano\/\">\n\t\t\t\t\t\t\t<img loading=\"lazy\" decoding=\"async\" width=\"800\" height=\"450\" src=\"https:\/\/mineriayproyectos.com\/wp-content\/uploads\/2026\/07\/petroperu-alerta-sobre-incremento-de-conexiones-clandestinas-al-oleoducto-norperuano-1024x576.png\" class=\"attachment-large size-large wp-image-30648\" alt=\"Petroper\u00fa inspecciona conexi\u00f3n clandestina en el Oleoducto Norperuano en Piura\" srcset=\"https:\/\/mineriayproyectos.com\/wp-content\/uploads\/2026\/07\/petroperu-alerta-sobre-incremento-de-conexiones-clandestinas-al-oleoducto-norperuano-1024x576.png 1024w, https:\/\/mineriayproyectos.com\/wp-content\/uploads\/2026\/07\/petroperu-alerta-sobre-incremento-de-conexiones-clandestinas-al-oleoducto-norperuano-300x169.png 300w, https:\/\/mineriayproyectos.com\/wp-content\/uploads\/2026\/07\/petroperu-alerta-sobre-incremento-de-conexiones-clandestinas-al-oleoducto-norperuano-768x432.png 768w, https:\/\/mineriayproyectos.com\/wp-content\/uploads\/2026\/07\/petroperu-alerta-sobre-incremento-de-conexiones-clandestinas-al-oleoducto-norperuano-1536x864.png 1536w, https:\/\/mineriayproyectos.com\/wp-content\/uploads\/2026\/07\/petroperu-alerta-sobre-incremento-de-conexiones-clandestinas-al-oleoducto-norperuano-18x10.png 18w, https:\/\/mineriayproyectos.com\/wp-content\/uploads\/2026\/07\/petroperu-alerta-sobre-incremento-de-conexiones-clandestinas-al-oleoducto-norperuano.png 1920w\" sizes=\"(max-width: 800px) 100vw, 800px\" \/>\t\t\t\t\t\t\t\t<\/a>\n\t\t\t\t\t\t\t\t\t\t\t\t\t\t\t<\/div>\n\t\t\t\t<div class=\"elementor-element elementor-element-2b60229 elementor-widget elementor-widget-theme-post-title elementor-page-title elementor-widget-heading\" data-id=\"2b60229\" data-element_type=\"widget\" data-e-type=\"widget\" data-widget_type=\"theme-post-title.default\">\n\t\t\t\t\t<h1 class=\"elementor-heading-title elementor-size-default\"><a href=\"https:\/\/mineriayproyectos.com\/en\/hidrocarburos\/2026\/07\/30\/petroperu-detecta-cinco-conexiones-clandestinas-en-oleoducto-norperuano\/\">Petroper\u00fa alerta sobre incremento de conexiones clandestinas al Oleoducto Norperuano<\/a><\/h1>\t\t\t\t<\/div>\n\t\t<div class=\"elementor-element elementor-element-17c73eb e-grid e-con-full e-con e-child\" data-id=\"17c73eb\" data-element_type=\"container\" data-e-type=\"container\">\n\t\t\t\t<div class=\"elementor-element elementor-element-5fbb05b elementor-widget elementor-widget-post-info\" data-id=\"5fbb05b\" data-element_type=\"widget\" data-e-type=\"widget\" data-widget_type=\"post-info.default\">\n\t\t\t\t\t\t\t<ul class=\"elementor-inline-items elementor-icon-list-items elementor-post-info\">\n\t\t\t\t\t\t\t\t<li class=\"elementor-icon-list-item elementor-repeater-item-eb9f5f3 elementor-inline-item\" itemprop=\"datePublished\">\n\t\t\t\t\t\t<a href=\"https:\/\/mineriayproyectos.com\/en\/2026\/07\/30\/\">\n\t\t\t\t\t\t\t\t\t\t\t\t\t\t<span class=\"elementor-icon-list-text elementor-post-info__item elementor-post-info__item--type-date\">\n\t\t\t\t\t\t\t\t\t\t<time>July 30, 2026<\/time>\t\t\t\t\t<\/span>\n\t\t\t\t\t\t\t\t\t<\/a>\n\t\t\t\t<\/li>\n\t\t\t\t<li class=\"elementor-icon-list-item elementor-repeater-item-6a7b8ee elementor-inline-item\" itemprop=\"about\">\n\t\t\t\t\t\t\t\t\t\t\t\t\t<span class=\"elementor-icon-list-text elementor-post-info__item elementor-post-info__item--type-terms\">\n\t\t\t\t\t\t\t\t\t\t<span class=\"elementor-post-info__terms-list\">\n\t\t\t\t<a href=\"https:\/\/mineriayproyectos.com\/en\/category\/hidrocarburos\/\" class=\"elementor-post-info__terms-list-item\">Hidrocarburos<\/a>\t\t\t\t<\/span>\n\t\t\t\t\t<\/span>\n\t\t\t\t\t\t\t\t<\/li>\n\t\t\t\t<\/ul>\n\t\t\t\t\t\t<\/div>\n\t\t\t\t<\/div>\n\t\t\t\t\t<\/div>\n\t\t\t\t<\/div>\n\t\t\t\t<\/div>\n\t\t\t\t<div data-elementor-type=\"loop-item\" data-elementor-id=\"29874\" class=\"elementor elementor-29874 swiper-slide e-loop-item e-loop-item-29778 post-29778 post type-post status-publish format-standard has-post-thumbnail hentry category-hidrocarburos tag-petroleo tag-petrotal\" data-elementor-post-type=\"elementor_library\" role=\"group\" aria-roledescription=\"slide\" data-custom-edit-handle=\"1\">\n\t\t\t<div class=\"elementor-element elementor-element-057fa25 e-flex e-con-boxed e-con e-parent\" data-id=\"057fa25\" data-element_type=\"container\" data-e-type=\"container\" data-settings=\"{&quot;background_background&quot;:&quot;classic&quot;}\">\n\t\t\t\t\t<div class=\"e-con-inner\">\n\t\t\t\t<div class=\"elementor-element elementor-element-416ae0b elementor-widget elementor-widget-theme-post-featured-image elementor-widget-image\" data-id=\"416ae0b\" data-element_type=\"widget\" data-e-type=\"widget\" data-widget_type=\"theme-post-featured-image.default\">\n\t\t\t\t\t\t\t\t\t\t\t\t\t\t\t\t<a href=\"https:\/\/mineriayproyectos.com\/en\/hidrocarburos\/2026\/06\/22\/petrotal-busca-superar-los-20000-barriles-en-el-corto-plazo\/\">\n\t\t\t\t\t\t\t<img loading=\"lazy\" decoding=\"async\" width=\"800\" height=\"500\" src=\"https:\/\/mineriayproyectos.com\/wp-content\/uploads\/2026\/06\/petrotal-20000-barriles-1024x640.jpg\" class=\"attachment-large size-large wp-image-29780\" alt=\"petrotal-20000-barriles\" srcset=\"https:\/\/mineriayproyectos.com\/wp-content\/uploads\/2026\/06\/petrotal-20000-barriles-1024x640.jpg 1024w, https:\/\/mineriayproyectos.com\/wp-content\/uploads\/2026\/06\/petrotal-20000-barriles-300x188.jpg 300w, https:\/\/mineriayproyectos.com\/wp-content\/uploads\/2026\/06\/petrotal-20000-barriles-768x480.jpg 768w, https:\/\/mineriayproyectos.com\/wp-content\/uploads\/2026\/06\/petrotal-20000-barriles-18x12.jpg 18w, https:\/\/mineriayproyectos.com\/wp-content\/uploads\/2026\/06\/petrotal-20000-barriles.jpg 1200w\" sizes=\"(max-width: 800px) 100vw, 800px\" \/>\t\t\t\t\t\t\t\t<\/a>\n\t\t\t\t\t\t\t\t\t\t\t\t\t\t\t<\/div>\n\t\t\t\t<div class=\"elementor-element elementor-element-2b60229 elementor-widget elementor-widget-theme-post-title elementor-page-title elementor-widget-heading\" data-id=\"2b60229\" data-element_type=\"widget\" data-e-type=\"widget\" data-widget_type=\"theme-post-title.default\">\n\t\t\t\t\t<h1 class=\"elementor-heading-title elementor-size-default\"><a href=\"https:\/\/mineriayproyectos.com\/en\/hidrocarburos\/2026\/06\/22\/petrotal-busca-superar-los-20000-barriles-en-el-corto-plazo\/\">PetroTal busca superar  los 20 000 barriles en el corto plazo<\/a><\/h1>\t\t\t\t<\/div>\n\t\t<div class=\"elementor-element elementor-element-17c73eb e-grid e-con-full e-con e-child\" data-id=\"17c73eb\" data-element_type=\"container\" data-e-type=\"container\">\n\t\t\t\t<div class=\"elementor-element elementor-element-5fbb05b elementor-widget elementor-widget-post-info\" data-id=\"5fbb05b\" data-element_type=\"widget\" data-e-type=\"widget\" data-widget_type=\"post-info.default\">\n\t\t\t\t\t\t\t<ul class=\"elementor-inline-items elementor-icon-list-items elementor-post-info\">\n\t\t\t\t\t\t\t\t<li class=\"elementor-icon-list-item elementor-repeater-item-eb9f5f3 elementor-inline-item\" itemprop=\"datePublished\">\n\t\t\t\t\t\t<a href=\"https:\/\/mineriayproyectos.com\/en\/2026\/06\/22\/\">\n\t\t\t\t\t\t\t\t\t\t\t\t\t\t<span class=\"elementor-icon-list-text elementor-post-info__item elementor-post-info__item--type-date\">\n\t\t\t\t\t\t\t\t\t\t<time>June 22, 2026<\/time>\t\t\t\t\t<\/span>\n\t\t\t\t\t\t\t\t\t<\/a>\n\t\t\t\t<\/li>\n\t\t\t\t<li class=\"elementor-icon-list-item elementor-repeater-item-6a7b8ee elementor-inline-item\" itemprop=\"about\">\n\t\t\t\t\t\t\t\t\t\t\t\t\t<span class=\"elementor-icon-list-text elementor-post-info__item elementor-post-info__item--type-terms\">\n\t\t\t\t\t\t\t\t\t\t<span class=\"elementor-post-info__terms-list\">\n\t\t\t\t<a href=\"https:\/\/mineriayproyectos.com\/en\/category\/hidrocarburos\/\" class=\"elementor-post-info__terms-list-item\">Hidrocarburos<\/a>\t\t\t\t<\/span>\n\t\t\t\t\t<\/span>\n\t\t\t\t\t\t\t\t<\/li>\n\t\t\t\t<\/ul>\n\t\t\t\t\t\t<\/div>\n\t\t\t\t<\/div>\n\t\t\t\t\t<\/div>\n\t\t\t\t<\/div>\n\t\t\t\t<\/div>\n\t\t\t\t<\/div>\n\t\t<\/div>\n\t\t\t\t\t<div class=\"elementor-swiper-button elementor-swiper-button-prev\" role=\"button\" tabindex=\"0\" aria-label=\"Previous\">\n\t\t\t\t<svg aria-hidden=\"true\" class=\"e-font-icon-svg e-eicon-chevron-left\" viewBox=\"0 0 1000 1000\" xmlns=\"http:\/\/www.w3.org\/2000\/svg\"><path d=\"M646 125C629 125 613 133 604 142L308 442C296 454 292 471 292 487 292 504 296 521 308 533L604 854C617 867 629 875 646 875 663 875 679 871 692 858 704 846 713 829 713 812 713 796 708 779 692 767L438 487 692 225C700 217 708 204 708 187 708 171 704 154 692 142 675 129 663 125 646 125Z\"><\/path><\/svg>\t\t\t<\/div>\n\t\t\t<div class=\"elementor-swiper-button elementor-swiper-button-next\" role=\"button\" tabindex=\"0\" aria-label=\"Next\">\n\t\t\t\t<svg aria-hidden=\"true\" class=\"e-font-icon-svg e-eicon-chevron-right\" viewBox=\"0 0 1000 1000\" xmlns=\"http:\/\/www.w3.org\/2000\/svg\"><path d=\"M696 533C708 521 713 504 713 487 713 471 708 454 696 446L400 146C388 133 375 125 354 125 338 125 325 129 313 142 300 154 292 171 292 187 292 204 296 221 308 233L563 492 304 771C292 783 288 800 288 817 288 833 296 850 308 863 321 871 338 875 354 875 371 875 388 867 400 854L696 533Z\"><\/path><\/svg>\t\t\t<\/div>\n\t\t\t\t\t<div class=\"swiper-pagination\"><\/div>\n\t\t\t\t\t\t<\/div>\n\t\t\t\t<\/div>\n\t\t<div class=\"elementor-element elementor-element-9d71292 e-con-full e-flex e-con e-child\" data-id=\"9d71292\" data-element_type=\"container\" data-e-type=\"container\">\n\t\t<div class=\"elementor-element elementor-element-040b105 e-con-full e-flex e-con e-child\" data-id=\"040b105\" data-element_type=\"container\" data-e-type=\"container\" data-settings=\"{&quot;background_background&quot;:&quot;classic&quot;}\">\n\t\t\t\t<div class=\"elementor-element elementor-element-d399332 elementor-widget elementor-widget-heading\" data-id=\"d399332\" data-element_type=\"widget\" data-e-type=\"widget\" data-widget_type=\"heading.default\">\n\t\t\t\t\t<h2 class=\"elementor-heading-title elementor-size-default\">RESPONSABILIDAD SOCIAL<\/h2>\t\t\t\t<\/div>\n\t\t\t\t<\/div>\n\t\t\t\t<\/div>\n\t\t<div class=\"elementor-element elementor-element-b10abbc e-con-full e-flex e-con e-child\" data-id=\"b10abbc\" data-element_type=\"container\" data-e-type=\"container\">\n\t\t\t\t<div class=\"elementor-element elementor-element-c60b110 elementor-arrows-position-outside elementor-pagination-type-bullets elementor-pagination-position-outside elementor-widget elementor-widget-loop-carousel\" data-id=\"c60b110\" data-element_type=\"widget\" data-e-type=\"widget\" data-settings=\"{&quot;template_id&quot;:&quot;29874&quot;,&quot;image_spacing_custom&quot;:{&quot;unit&quot;:&quot;px&quot;,&quot;size&quot;:30,&quot;sizes&quot;:[]},&quot;_skin&quot;:&quot;post&quot;,&quot;slides_to_show&quot;:&quot;3&quot;,&quot;slides_to_show_tablet&quot;:&quot;2&quot;,&quot;slides_to_show_mobile&quot;:&quot;1&quot;,&quot;slides_to_scroll&quot;:&quot;1&quot;,&quot;edit_handle_selector&quot;:&quot;.elementor-loop-container&quot;,&quot;autoplay&quot;:&quot;yes&quot;,&quot;autoplay_speed&quot;:5000,&quot;pause_on_hover&quot;:&quot;yes&quot;,&quot;pause_on_interaction&quot;:&quot;yes&quot;,&quot;infinite&quot;:&quot;yes&quot;,&quot;speed&quot;:500,&quot;offset_sides&quot;:&quot;none&quot;,&quot;arrows&quot;:&quot;yes&quot;,&quot;pagination&quot;:&quot;bullets&quot;,&quot;image_spacing_custom_tablet&quot;:{&quot;unit&quot;:&quot;px&quot;,&quot;size&quot;:&quot;&quot;,&quot;sizes&quot;:[]},&quot;image_spacing_custom_mobile&quot;:{&quot;unit&quot;:&quot;px&quot;,&quot;size&quot;:&quot;&quot;,&quot;sizes&quot;:[]}}\" data-widget_type=\"loop-carousel.post\">\n\t\t\t\t\t\t\t<div class=\"swiper elementor-loop-container elementor-grid\" role=\"list\" dir=\"ltr\">\n\t\t\t\t<div class=\"swiper-wrapper\" aria-live=\"off\">\n\t\t\t\t<div data-elementor-type=\"loop-item\" data-elementor-id=\"29874\" class=\"elementor elementor-29874 swiper-slide e-loop-item e-loop-item-31268 post-31268 post type-post status-publish format-standard has-post-thumbnail hentry category-responsabilidad-social tag-gold-fields\" data-elementor-post-type=\"elementor_library\" role=\"group\" aria-roledescription=\"slide\" data-custom-edit-handle=\"1\">\n\t\t\t<div class=\"elementor-element elementor-element-057fa25 e-flex e-con-boxed e-con e-parent\" data-id=\"057fa25\" data-element_type=\"container\" data-e-type=\"container\" data-settings=\"{&quot;background_background&quot;:&quot;classic&quot;}\">\n\t\t\t\t\t<div class=\"e-con-inner\">\n\t\t\t\t<div class=\"elementor-element elementor-element-416ae0b elementor-widget elementor-widget-theme-post-featured-image elementor-widget-image\" data-id=\"416ae0b\" data-element_type=\"widget\" data-e-type=\"widget\" data-widget_type=\"theme-post-featured-image.default\">\n\t\t\t\t\t\t\t\t\t\t\t\t\t\t\t\t<a href=\"https:\/\/mineriayproyectos.com\/en\/mineria\/responsabilidad-social\/2026\/09\/01\/gold-fields-tecnificacion-ganadera-pilancones\/\">\n\t\t\t\t\t\t\t<img loading=\"lazy\" decoding=\"async\" width=\"800\" height=\"450\" src=\"https:\/\/mineriayproyectos.com\/wp-content\/uploads\/2026\/09\/gold-fields-tecnificacion-ganadera-pilancones-1024x576.jpg\" class=\"attachment-large size-large wp-image-31269\" alt=\"Gold Fields entrega equipos para fortalecer la ganader\u00eda en Pilancones\" srcset=\"https:\/\/mineriayproyectos.com\/wp-content\/uploads\/2026\/09\/gold-fields-tecnificacion-ganadera-pilancones-1024x576.jpg 1024w, https:\/\/mineriayproyectos.com\/wp-content\/uploads\/2026\/09\/gold-fields-tecnificacion-ganadera-pilancones-300x169.jpg 300w, https:\/\/mineriayproyectos.com\/wp-content\/uploads\/2026\/09\/gold-fields-tecnificacion-ganadera-pilancones-768x432.jpg 768w, https:\/\/mineriayproyectos.com\/wp-content\/uploads\/2026\/09\/gold-fields-tecnificacion-ganadera-pilancones-1536x864.jpg 1536w, https:\/\/mineriayproyectos.com\/wp-content\/uploads\/2026\/09\/gold-fields-tecnificacion-ganadera-pilancones-18x10.jpg 18w, https:\/\/mineriayproyectos.com\/wp-content\/uploads\/2026\/09\/gold-fields-tecnificacion-ganadera-pilancones.jpg 1920w\" sizes=\"(max-width: 800px) 100vw, 800px\" \/>\t\t\t\t\t\t\t\t<\/a>\n\t\t\t\t\t\t\t\t\t\t\t\t\t\t\t<\/div>\n\t\t\t\t<div class=\"elementor-element elementor-element-2b60229 elementor-widget elementor-widget-theme-post-title elementor-page-title elementor-widget-heading\" data-id=\"2b60229\" data-element_type=\"widget\" data-e-type=\"widget\" data-widget_type=\"theme-post-title.default\">\n\t\t\t\t\t<h1 class=\"elementor-heading-title elementor-size-default\"><a href=\"https:\/\/mineriayproyectos.com\/en\/mineria\/responsabilidad-social\/2026\/09\/01\/gold-fields-tecnificacion-ganadera-pilancones\/\">Gold Fields impulsa tecnificaci\u00f3n ganadera en Pilancones con entrega de nuevos equipos<\/a><\/h1>\t\t\t\t<\/div>\n\t\t<div class=\"elementor-element elementor-element-17c73eb e-grid e-con-full e-con e-child\" data-id=\"17c73eb\" data-element_type=\"container\" data-e-type=\"container\">\n\t\t\t\t<div class=\"elementor-element elementor-element-5fbb05b elementor-widget elementor-widget-post-info\" data-id=\"5fbb05b\" data-element_type=\"widget\" data-e-type=\"widget\" data-widget_type=\"post-info.default\">\n\t\t\t\t\t\t\t<ul class=\"elementor-inline-items elementor-icon-list-items elementor-post-info\">\n\t\t\t\t\t\t\t\t<li class=\"elementor-icon-list-item elementor-repeater-item-eb9f5f3 elementor-inline-item\" itemprop=\"datePublished\">\n\t\t\t\t\t\t<a href=\"https:\/\/mineriayproyectos.com\/en\/2026\/09\/01\/\">\n\t\t\t\t\t\t\t\t\t\t\t\t\t\t<span class=\"elementor-icon-list-text elementor-post-info__item elementor-post-info__item--type-date\">\n\t\t\t\t\t\t\t\t\t\t<time>September 1, 2026<\/time>\t\t\t\t\t<\/span>\n\t\t\t\t\t\t\t\t\t<\/a>\n\t\t\t\t<\/li>\n\t\t\t\t<li class=\"elementor-icon-list-item elementor-repeater-item-6a7b8ee elementor-inline-item\" itemprop=\"about\">\n\t\t\t\t\t\t\t\t\t\t\t\t\t<span class=\"elementor-icon-list-text elementor-post-info__item elementor-post-info__item--type-terms\">\n\t\t\t\t\t\t\t\t\t\t<span class=\"elementor-post-info__terms-list\">\n\t\t\t\t<a href=\"https:\/\/mineriayproyectos.com\/en\/category\/mineria\/responsabilidad-social\/\" class=\"elementor-post-info__terms-list-item\">Responsabilidad Social<\/a>\t\t\t\t<\/span>\n\t\t\t\t\t<\/span>\n\t\t\t\t\t\t\t\t<\/li>\n\t\t\t\t<\/ul>\n\t\t\t\t\t\t<\/div>\n\t\t\t\t<\/div>\n\t\t\t\t\t<\/div>\n\t\t\t\t<\/div>\n\t\t\t\t<\/div>\n\t\t\t\t<div data-elementor-type=\"loop-item\" data-elementor-id=\"29874\" class=\"elementor elementor-29874 swiper-slide e-loop-item e-loop-item-31223 post-31223 post type-post status-publish format-standard has-post-thumbnail hentry category-responsabilidad-social tag-compania-minera-poderosa tag-pataz\" data-elementor-post-type=\"elementor_library\" role=\"group\" aria-roledescription=\"slide\" data-custom-edit-handle=\"1\">\n\t\t\t<div class=\"elementor-element elementor-element-057fa25 e-flex e-con-boxed e-con e-parent\" data-id=\"057fa25\" data-element_type=\"container\" data-e-type=\"container\" data-settings=\"{&quot;background_background&quot;:&quot;classic&quot;}\">\n\t\t\t\t\t<div class=\"e-con-inner\">\n\t\t\t\t<div class=\"elementor-element elementor-element-416ae0b elementor-widget elementor-widget-theme-post-featured-image elementor-widget-image\" data-id=\"416ae0b\" data-element_type=\"widget\" data-e-type=\"widget\" data-widget_type=\"theme-post-featured-image.default\">\n\t\t\t\t\t\t\t\t\t\t\t\t\t\t\t\t<a href=\"https:\/\/mineriayproyectos.com\/en\/mineria\/responsabilidad-social\/2026\/09\/01\/minera-poderosa-canal-riego-pataz\/\">\n\t\t\t\t\t\t\t<img loading=\"lazy\" decoding=\"async\" width=\"800\" height=\"450\" src=\"https:\/\/mineriayproyectos.com\/wp-content\/uploads\/2026\/09\/minera-poderosa-canal-riego-pataz-1024x576.jpg\" class=\"attachment-large size-large wp-image-31224\" alt=\"Minera Poderosa entrega materiales para reactivar canal de riego en Pataz\" srcset=\"https:\/\/mineriayproyectos.com\/wp-content\/uploads\/2026\/09\/minera-poderosa-canal-riego-pataz-1024x576.jpg 1024w, https:\/\/mineriayproyectos.com\/wp-content\/uploads\/2026\/09\/minera-poderosa-canal-riego-pataz-300x169.jpg 300w, https:\/\/mineriayproyectos.com\/wp-content\/uploads\/2026\/09\/minera-poderosa-canal-riego-pataz-768x432.jpg 768w, https:\/\/mineriayproyectos.com\/wp-content\/uploads\/2026\/09\/minera-poderosa-canal-riego-pataz-1536x864.jpg 1536w, https:\/\/mineriayproyectos.com\/wp-content\/uploads\/2026\/09\/minera-poderosa-canal-riego-pataz-18x10.jpg 18w, https:\/\/mineriayproyectos.com\/wp-content\/uploads\/2026\/09\/minera-poderosa-canal-riego-pataz.jpg 1920w\" sizes=\"(max-width: 800px) 100vw, 800px\" \/>\t\t\t\t\t\t\t\t<\/a>\n\t\t\t\t\t\t\t\t\t\t\t\t\t\t\t<\/div>\n\t\t\t\t<div class=\"elementor-element elementor-element-2b60229 elementor-widget elementor-widget-theme-post-title elementor-page-title elementor-widget-heading\" data-id=\"2b60229\" data-element_type=\"widget\" data-e-type=\"widget\" data-widget_type=\"theme-post-title.default\">\n\t\t\t\t\t<h1 class=\"elementor-heading-title elementor-size-default\"><a href=\"https:\/\/mineriayproyectos.com\/en\/mineria\/responsabilidad-social\/2026\/09\/01\/minera-poderosa-canal-riego-pataz\/\">Minera Poderosa destina m\u00e1s de S\/ 87 mil para reactivar canal de riego en Pataz<\/a><\/h1>\t\t\t\t<\/div>\n\t\t<div class=\"elementor-element elementor-element-17c73eb e-grid e-con-full e-con e-child\" data-id=\"17c73eb\" data-element_type=\"container\" data-e-type=\"container\">\n\t\t\t\t<div class=\"elementor-element elementor-element-5fbb05b elementor-widget elementor-widget-post-info\" data-id=\"5fbb05b\" data-element_type=\"widget\" data-e-type=\"widget\" data-widget_type=\"post-info.default\">\n\t\t\t\t\t\t\t<ul class=\"elementor-inline-items elementor-icon-list-items elementor-post-info\">\n\t\t\t\t\t\t\t\t<li class=\"elementor-icon-list-item elementor-repeater-item-eb9f5f3 elementor-inline-item\" itemprop=\"datePublished\">\n\t\t\t\t\t\t<a href=\"https:\/\/mineriayproyectos.com\/en\/2026\/09\/01\/\">\n\t\t\t\t\t\t\t\t\t\t\t\t\t\t<span class=\"elementor-icon-list-text elementor-post-info__item elementor-post-info__item--type-date\">\n\t\t\t\t\t\t\t\t\t\t<time>September 1, 2026<\/time>\t\t\t\t\t<\/span>\n\t\t\t\t\t\t\t\t\t<\/a>\n\t\t\t\t<\/li>\n\t\t\t\t<li class=\"elementor-icon-list-item elementor-repeater-item-6a7b8ee elementor-inline-item\" itemprop=\"about\">\n\t\t\t\t\t\t\t\t\t\t\t\t\t<span class=\"elementor-icon-list-text elementor-post-info__item elementor-post-info__item--type-terms\">\n\t\t\t\t\t\t\t\t\t\t<span class=\"elementor-post-info__terms-list\">\n\t\t\t\t<a href=\"https:\/\/mineriayproyectos.com\/en\/category\/mineria\/responsabilidad-social\/\" class=\"elementor-post-info__terms-list-item\">Responsabilidad Social<\/a>\t\t\t\t<\/span>\n\t\t\t\t\t<\/span>\n\t\t\t\t\t\t\t\t<\/li>\n\t\t\t\t<\/ul>\n\t\t\t\t\t\t<\/div>\n\t\t\t\t<\/div>\n\t\t\t\t\t<\/div>\n\t\t\t\t<\/div>\n\t\t\t\t<\/div>\n\t\t\t\t<div data-elementor-type=\"loop-item\" data-elementor-id=\"29874\" class=\"elementor elementor-29874 swiper-slide e-loop-item e-loop-item-31189 post-31189 post type-post status-publish format-standard has-post-thumbnail hentry category-responsabilidad-social tag-aldeas-infantiles-sos-peru tag-antapaccay\" data-elementor-post-type=\"elementor_library\" role=\"group\" aria-roledescription=\"slide\" data-custom-edit-handle=\"1\">\n\t\t\t<div class=\"elementor-element elementor-element-057fa25 e-flex e-con-boxed e-con e-parent\" data-id=\"057fa25\" data-element_type=\"container\" data-e-type=\"container\" data-settings=\"{&quot;background_background&quot;:&quot;classic&quot;}\">\n\t\t\t\t\t<div class=\"e-con-inner\">\n\t\t\t\t<div class=\"elementor-element elementor-element-416ae0b elementor-widget elementor-widget-theme-post-featured-image elementor-widget-image\" data-id=\"416ae0b\" data-element_type=\"widget\" data-e-type=\"widget\" data-widget_type=\"theme-post-featured-image.default\">\n\t\t\t\t\t\t\t\t\t\t\t\t\t\t\t\t<a href=\"https:\/\/mineriayproyectos.com\/en\/mineria\/responsabilidad-social\/2026\/08\/31\/antapaccay-aldeas-infantiles-sos-reciclaje\/\">\n\t\t\t\t\t\t\t<img loading=\"lazy\" decoding=\"async\" width=\"800\" height=\"450\" src=\"https:\/\/mineriayproyectos.com\/wp-content\/uploads\/2026\/08\/antapaccay-aldeas-infantiles-sos-reciclaje-1024x576.jpg\" class=\"attachment-large size-large wp-image-31190\" alt=\"Antapaccay y Aldeas Infantiles SOS Per\u00fa impulsan una alianza para valorizar residuos reciclables.\" srcset=\"https:\/\/mineriayproyectos.com\/wp-content\/uploads\/2026\/08\/antapaccay-aldeas-infantiles-sos-reciclaje-1024x576.jpg 1024w, https:\/\/mineriayproyectos.com\/wp-content\/uploads\/2026\/08\/antapaccay-aldeas-infantiles-sos-reciclaje-300x169.jpg 300w, https:\/\/mineriayproyectos.com\/wp-content\/uploads\/2026\/08\/antapaccay-aldeas-infantiles-sos-reciclaje-768x432.jpg 768w, https:\/\/mineriayproyectos.com\/wp-content\/uploads\/2026\/08\/antapaccay-aldeas-infantiles-sos-reciclaje-1536x864.jpg 1536w, https:\/\/mineriayproyectos.com\/wp-content\/uploads\/2026\/08\/antapaccay-aldeas-infantiles-sos-reciclaje-18x10.jpg 18w, https:\/\/mineriayproyectos.com\/wp-content\/uploads\/2026\/08\/antapaccay-aldeas-infantiles-sos-reciclaje.jpg 1920w\" sizes=\"(max-width: 800px) 100vw, 800px\" \/>\t\t\t\t\t\t\t\t<\/a>\n\t\t\t\t\t\t\t\t\t\t\t\t\t\t\t<\/div>\n\t\t\t\t<div class=\"elementor-element elementor-element-2b60229 elementor-widget elementor-widget-theme-post-title elementor-page-title elementor-widget-heading\" data-id=\"2b60229\" data-element_type=\"widget\" data-e-type=\"widget\" data-widget_type=\"theme-post-title.default\">\n\t\t\t\t\t<h1 class=\"elementor-heading-title elementor-size-default\"><a href=\"https:\/\/mineriayproyectos.com\/en\/mineria\/responsabilidad-social\/2026\/08\/31\/antapaccay-aldeas-infantiles-sos-reciclaje\/\">Antapaccay y Aldeas Infantiles SOS Per\u00fa se unen para convertir residuos reciclables en apoyo a la ni\u00f1ez<\/a><\/h1>\t\t\t\t<\/div>\n\t\t<div class=\"elementor-element elementor-element-17c73eb e-grid e-con-full e-con e-child\" data-id=\"17c73eb\" data-element_type=\"container\" data-e-type=\"container\">\n\t\t\t\t<div class=\"elementor-element elementor-element-5fbb05b elementor-widget elementor-widget-post-info\" data-id=\"5fbb05b\" data-element_type=\"widget\" data-e-type=\"widget\" data-widget_type=\"post-info.default\">\n\t\t\t\t\t\t\t<ul class=\"elementor-inline-items elementor-icon-list-items elementor-post-info\">\n\t\t\t\t\t\t\t\t<li class=\"elementor-icon-list-item elementor-repeater-item-eb9f5f3 elementor-inline-item\" itemprop=\"datePublished\">\n\t\t\t\t\t\t<a href=\"https:\/\/mineriayproyectos.com\/en\/2026\/08\/31\/\">\n\t\t\t\t\t\t\t\t\t\t\t\t\t\t<span class=\"elementor-icon-list-text elementor-post-info__item elementor-post-info__item--type-date\">\n\t\t\t\t\t\t\t\t\t\t<time>August 31, 2026<\/time>\t\t\t\t\t<\/span>\n\t\t\t\t\t\t\t\t\t<\/a>\n\t\t\t\t<\/li>\n\t\t\t\t<li class=\"elementor-icon-list-item elementor-repeater-item-6a7b8ee elementor-inline-item\" itemprop=\"about\">\n\t\t\t\t\t\t\t\t\t\t\t\t\t<span class=\"elementor-icon-list-text elementor-post-info__item elementor-post-info__item--type-terms\">\n\t\t\t\t\t\t\t\t\t\t<span class=\"elementor-post-info__terms-list\">\n\t\t\t\t<a href=\"https:\/\/mineriayproyectos.com\/en\/category\/mineria\/responsabilidad-social\/\" class=\"elementor-post-info__terms-list-item\">Responsabilidad Social<\/a>\t\t\t\t<\/span>\n\t\t\t\t\t<\/span>\n\t\t\t\t\t\t\t\t<\/li>\n\t\t\t\t<\/ul>\n\t\t\t\t\t\t<\/div>\n\t\t\t\t<\/div>\n\t\t\t\t\t<\/div>\n\t\t\t\t<\/div>\n\t\t\t\t<\/div>\n\t\t\t\t<div data-elementor-type=\"loop-item\" data-elementor-id=\"29874\" class=\"elementor elementor-29874 swiper-slide e-loop-item e-loop-item-31186 post-31186 post type-post status-publish format-standard has-post-thumbnail hentry category-responsabilidad-social tag-ancash tag-antamina\" data-elementor-post-type=\"elementor_library\" role=\"group\" aria-roledescription=\"slide\" data-custom-edit-handle=\"1\">\n\t\t\t<div class=\"elementor-element elementor-element-057fa25 e-flex e-con-boxed e-con e-parent\" data-id=\"057fa25\" data-element_type=\"container\" data-e-type=\"container\" data-settings=\"{&quot;background_background&quot;:&quot;classic&quot;}\">\n\t\t\t\t\t<div class=\"e-con-inner\">\n\t\t\t\t<div class=\"elementor-element elementor-element-416ae0b elementor-widget elementor-widget-theme-post-featured-image elementor-widget-image\" data-id=\"416ae0b\" data-element_type=\"widget\" data-e-type=\"widget\" data-widget_type=\"theme-post-featured-image.default\">\n\t\t\t\t\t\t\t\t\t\t\t\t\t\t\t\t<a href=\"https:\/\/mineriayproyectos.com\/en\/mineria\/responsabilidad-social\/2026\/08\/31\/antamina-productores-cuyes-valle-fortaleza\/\">\n\t\t\t\t\t\t\t<img loading=\"lazy\" decoding=\"async\" width=\"800\" height=\"450\" src=\"https:\/\/mineriayproyectos.com\/wp-content\/uploads\/2026\/08\/antamina-productores-cuyes-valle-fortaleza-1024x576.jpg\" class=\"attachment-large size-large wp-image-31187\" alt=\"Antamina impulsa a productores de cuyes del Valle Fortaleza en Chasquitambo.\" srcset=\"https:\/\/mineriayproyectos.com\/wp-content\/uploads\/2026\/08\/antamina-productores-cuyes-valle-fortaleza-1024x576.jpg 1024w, https:\/\/mineriayproyectos.com\/wp-content\/uploads\/2026\/08\/antamina-productores-cuyes-valle-fortaleza-300x169.jpg 300w, https:\/\/mineriayproyectos.com\/wp-content\/uploads\/2026\/08\/antamina-productores-cuyes-valle-fortaleza-768x432.jpg 768w, https:\/\/mineriayproyectos.com\/wp-content\/uploads\/2026\/08\/antamina-productores-cuyes-valle-fortaleza-1536x864.jpg 1536w, https:\/\/mineriayproyectos.com\/wp-content\/uploads\/2026\/08\/antamina-productores-cuyes-valle-fortaleza-18x10.jpg 18w, https:\/\/mineriayproyectos.com\/wp-content\/uploads\/2026\/08\/antamina-productores-cuyes-valle-fortaleza.jpg 1920w\" sizes=\"(max-width: 800px) 100vw, 800px\" \/>\t\t\t\t\t\t\t\t<\/a>\n\t\t\t\t\t\t\t\t\t\t\t\t\t\t\t<\/div>\n\t\t\t\t<div class=\"elementor-element elementor-element-2b60229 elementor-widget elementor-widget-theme-post-title elementor-page-title elementor-widget-heading\" data-id=\"2b60229\" data-element_type=\"widget\" data-e-type=\"widget\" data-widget_type=\"theme-post-title.default\">\n\t\t\t\t\t<h1 class=\"elementor-heading-title elementor-size-default\"><a href=\"https:\/\/mineriayproyectos.com\/en\/mineria\/responsabilidad-social\/2026\/08\/31\/antamina-productores-cuyes-valle-fortaleza\/\">Antamina impulsa el XI Festival del Cuy y fortalece la producci\u00f3n del Valle Fortaleza<\/a><\/h1>\t\t\t\t<\/div>\n\t\t<div class=\"elementor-element elementor-element-17c73eb e-grid e-con-full e-con e-child\" data-id=\"17c73eb\" data-element_type=\"container\" data-e-type=\"container\">\n\t\t\t\t<div class=\"elementor-element elementor-element-5fbb05b elementor-widget elementor-widget-post-info\" data-id=\"5fbb05b\" data-element_type=\"widget\" data-e-type=\"widget\" data-widget_type=\"post-info.default\">\n\t\t\t\t\t\t\t<ul class=\"elementor-inline-items elementor-icon-list-items elementor-post-info\">\n\t\t\t\t\t\t\t\t<li class=\"elementor-icon-list-item elementor-repeater-item-eb9f5f3 elementor-inline-item\" itemprop=\"datePublished\">\n\t\t\t\t\t\t<a href=\"https:\/\/mineriayproyectos.com\/en\/2026\/08\/31\/\">\n\t\t\t\t\t\t\t\t\t\t\t\t\t\t<span class=\"elementor-icon-list-text elementor-post-info__item elementor-post-info__item--type-date\">\n\t\t\t\t\t\t\t\t\t\t<time>August 31, 2026<\/time>\t\t\t\t\t<\/span>\n\t\t\t\t\t\t\t\t\t<\/a>\n\t\t\t\t<\/li>\n\t\t\t\t<li class=\"elementor-icon-list-item elementor-repeater-item-6a7b8ee elementor-inline-item\" itemprop=\"about\">\n\t\t\t\t\t\t\t\t\t\t\t\t\t<span class=\"elementor-icon-list-text elementor-post-info__item elementor-post-info__item--type-terms\">\n\t\t\t\t\t\t\t\t\t\t<span class=\"elementor-post-info__terms-list\">\n\t\t\t\t<a href=\"https:\/\/mineriayproyectos.com\/en\/category\/mineria\/responsabilidad-social\/\" class=\"elementor-post-info__terms-list-item\">Responsabilidad Social<\/a>\t\t\t\t<\/span>\n\t\t\t\t\t<\/span>\n\t\t\t\t\t\t\t\t<\/li>\n\t\t\t\t<\/ul>\n\t\t\t\t\t\t<\/div>\n\t\t\t\t<\/div>\n\t\t\t\t\t<\/div>\n\t\t\t\t<\/div>\n\t\t\t\t<\/div>\n\t\t\t\t<div data-elementor-type=\"loop-item\" data-elementor-id=\"29874\" class=\"elementor elementor-29874 swiper-slide e-loop-item e-loop-item-31133 post-31133 post type-post status-publish format-standard has-post-thumbnail hentry category-responsabilidad-social tag-antamina\" data-elementor-post-type=\"elementor_library\" role=\"group\" aria-roledescription=\"slide\" data-custom-edit-handle=\"1\">\n\t\t\t<div class=\"elementor-element elementor-element-057fa25 e-flex e-con-boxed e-con e-parent\" data-id=\"057fa25\" data-element_type=\"container\" data-e-type=\"container\" data-settings=\"{&quot;background_background&quot;:&quot;classic&quot;}\">\n\t\t\t\t\t<div class=\"e-con-inner\">\n\t\t\t\t<div class=\"elementor-element elementor-element-416ae0b elementor-widget elementor-widget-theme-post-featured-image elementor-widget-image\" data-id=\"416ae0b\" data-element_type=\"widget\" data-e-type=\"widget\" data-widget_type=\"theme-post-featured-image.default\">\n\t\t\t\t\t\t\t\t\t\t\t\t\t\t\t\t<a href=\"https:\/\/mineriayproyectos.com\/en\/mineria\/responsabilidad-social\/2026\/08\/27\/antamina-palta-hass-huarmey\/\">\n\t\t\t\t\t\t\t<img loading=\"lazy\" decoding=\"async\" width=\"800\" height=\"450\" src=\"https:\/\/mineriayproyectos.com\/wp-content\/uploads\/2026\/08\/antamina-palta-hass-huarmey-1024x576.jpg\" class=\"attachment-large size-large wp-image-31134\" alt=\"Antamina acompa\u00f1a el desarrollo de productores de palta Hass en Huarmey.\" srcset=\"https:\/\/mineriayproyectos.com\/wp-content\/uploads\/2026\/08\/antamina-palta-hass-huarmey-1024x576.jpg 1024w, https:\/\/mineriayproyectos.com\/wp-content\/uploads\/2026\/08\/antamina-palta-hass-huarmey-300x169.jpg 300w, https:\/\/mineriayproyectos.com\/wp-content\/uploads\/2026\/08\/antamina-palta-hass-huarmey-768x432.jpg 768w, https:\/\/mineriayproyectos.com\/wp-content\/uploads\/2026\/08\/antamina-palta-hass-huarmey-1536x864.jpg 1536w, https:\/\/mineriayproyectos.com\/wp-content\/uploads\/2026\/08\/antamina-palta-hass-huarmey-18x10.jpg 18w, https:\/\/mineriayproyectos.com\/wp-content\/uploads\/2026\/08\/antamina-palta-hass-huarmey.jpg 1920w\" sizes=\"(max-width: 800px) 100vw, 800px\" \/>\t\t\t\t\t\t\t\t<\/a>\n\t\t\t\t\t\t\t\t\t\t\t\t\t\t\t<\/div>\n\t\t\t\t<div class=\"elementor-element elementor-element-2b60229 elementor-widget elementor-widget-theme-post-title elementor-page-title elementor-widget-heading\" data-id=\"2b60229\" data-element_type=\"widget\" data-e-type=\"widget\" data-widget_type=\"theme-post-title.default\">\n\t\t\t\t\t<h1 class=\"elementor-heading-title elementor-size-default\"><a href=\"https:\/\/mineriayproyectos.com\/en\/mineria\/responsabilidad-social\/2026\/08\/27\/antamina-palta-hass-huarmey\/\">Antamina acompa\u00f1a la celebraci\u00f3n del D\u00eda Nacional de la Palta Peruana en Huarmey<\/a><\/h1>\t\t\t\t<\/div>\n\t\t<div class=\"elementor-element elementor-element-17c73eb e-grid e-con-full e-con e-child\" data-id=\"17c73eb\" data-element_type=\"container\" data-e-type=\"container\">\n\t\t\t\t<div class=\"elementor-element elementor-element-5fbb05b elementor-widget elementor-widget-post-info\" data-id=\"5fbb05b\" data-element_type=\"widget\" data-e-type=\"widget\" data-widget_type=\"post-info.default\">\n\t\t\t\t\t\t\t<ul class=\"elementor-inline-items elementor-icon-list-items elementor-post-info\">\n\t\t\t\t\t\t\t\t<li class=\"elementor-icon-list-item elementor-repeater-item-eb9f5f3 elementor-inline-item\" itemprop=\"datePublished\">\n\t\t\t\t\t\t<a href=\"https:\/\/mineriayproyectos.com\/en\/2026\/08\/27\/\">\n\t\t\t\t\t\t\t\t\t\t\t\t\t\t<span class=\"elementor-icon-list-text elementor-post-info__item elementor-post-info__item--type-date\">\n\t\t\t\t\t\t\t\t\t\t<time>August 27, 2026<\/time>\t\t\t\t\t<\/span>\n\t\t\t\t\t\t\t\t\t<\/a>\n\t\t\t\t<\/li>\n\t\t\t\t<li class=\"elementor-icon-list-item elementor-repeater-item-6a7b8ee elementor-inline-item\" itemprop=\"about\">\n\t\t\t\t\t\t\t\t\t\t\t\t\t<span class=\"elementor-icon-list-text elementor-post-info__item elementor-post-info__item--type-terms\">\n\t\t\t\t\t\t\t\t\t\t<span class=\"elementor-post-info__terms-list\">\n\t\t\t\t<a href=\"https:\/\/mineriayproyectos.com\/en\/category\/mineria\/responsabilidad-social\/\" class=\"elementor-post-info__terms-list-item\">Responsabilidad Social<\/a>\t\t\t\t<\/span>\n\t\t\t\t\t<\/span>\n\t\t\t\t\t\t\t\t<\/li>\n\t\t\t\t<\/ul>\n\t\t\t\t\t\t<\/div>\n\t\t\t\t<\/div>\n\t\t\t\t\t<\/div>\n\t\t\t\t<\/div>\n\t\t\t\t<\/div>\n\t\t\t\t<div data-elementor-type=\"loop-item\" data-elementor-id=\"29874\" class=\"elementor elementor-29874 swiper-slide e-loop-item e-loop-item-30946 post-30946 post type-post status-publish format-standard has-post-thumbnail hentry category-responsabilidad-social tag-antamina tag-exportaciones\" data-elementor-post-type=\"elementor_library\" role=\"group\" aria-roledescription=\"slide\" data-custom-edit-handle=\"1\">\n\t\t\t<div class=\"elementor-element elementor-element-057fa25 e-flex e-con-boxed e-con e-parent\" data-id=\"057fa25\" data-element_type=\"container\" data-e-type=\"container\" data-settings=\"{&quot;background_background&quot;:&quot;classic&quot;}\">\n\t\t\t\t\t<div class=\"e-con-inner\">\n\t\t\t\t<div class=\"elementor-element elementor-element-416ae0b elementor-widget elementor-widget-theme-post-featured-image elementor-widget-image\" data-id=\"416ae0b\" data-element_type=\"widget\" data-e-type=\"widget\" data-widget_type=\"theme-post-featured-image.default\">\n\t\t\t\t\t\t\t\t\t\t\t\t\t\t\t\t<a href=\"https:\/\/mineriayproyectos.com\/en\/mineria\/responsabilidad-social\/2026\/08\/17\/antamina-agroexportacion-palta-hass\/\">\n\t\t\t\t\t\t\t<img loading=\"lazy\" decoding=\"async\" width=\"800\" height=\"450\" src=\"https:\/\/mineriayproyectos.com\/wp-content\/uploads\/2026\/08\/antamina-palta-hass-valle-fortaleza-2026-1024x576.jpg\" class=\"attachment-large size-large wp-image-30947\" alt=\"Antamina impulsa la agroexportaci\u00f3n de palta Hass en el valle Fortaleza\" srcset=\"https:\/\/mineriayproyectos.com\/wp-content\/uploads\/2026\/08\/antamina-palta-hass-valle-fortaleza-2026-1024x576.jpg 1024w, https:\/\/mineriayproyectos.com\/wp-content\/uploads\/2026\/08\/antamina-palta-hass-valle-fortaleza-2026-300x169.jpg 300w, https:\/\/mineriayproyectos.com\/wp-content\/uploads\/2026\/08\/antamina-palta-hass-valle-fortaleza-2026-768x432.jpg 768w, https:\/\/mineriayproyectos.com\/wp-content\/uploads\/2026\/08\/antamina-palta-hass-valle-fortaleza-2026-1536x864.jpg 1536w, https:\/\/mineriayproyectos.com\/wp-content\/uploads\/2026\/08\/antamina-palta-hass-valle-fortaleza-2026-18x10.jpg 18w, https:\/\/mineriayproyectos.com\/wp-content\/uploads\/2026\/08\/antamina-palta-hass-valle-fortaleza-2026.jpg 1920w\" sizes=\"(max-width: 800px) 100vw, 800px\" \/>\t\t\t\t\t\t\t\t<\/a>\n\t\t\t\t\t\t\t\t\t\t\t\t\t\t\t<\/div>\n\t\t\t\t<div class=\"elementor-element elementor-element-2b60229 elementor-widget elementor-widget-theme-post-title elementor-page-title elementor-widget-heading\" data-id=\"2b60229\" data-element_type=\"widget\" data-e-type=\"widget\" data-widget_type=\"theme-post-title.default\">\n\t\t\t\t\t<h1 class=\"elementor-heading-title elementor-size-default\"><a href=\"https:\/\/mineriayproyectos.com\/en\/mineria\/responsabilidad-social\/2026\/08\/17\/antamina-agroexportacion-palta-hass\/\">Antamina impulsa agroexportaci\u00f3n con 327 toneladas de palta Hass hacia Europa<\/a><\/h1>\t\t\t\t<\/div>\n\t\t<div class=\"elementor-element elementor-element-17c73eb e-grid e-con-full e-con e-child\" data-id=\"17c73eb\" data-element_type=\"container\" data-e-type=\"container\">\n\t\t\t\t<div class=\"elementor-element elementor-element-5fbb05b elementor-widget elementor-widget-post-info\" data-id=\"5fbb05b\" data-element_type=\"widget\" data-e-type=\"widget\" data-widget_type=\"post-info.default\">\n\t\t\t\t\t\t\t<ul class=\"elementor-inline-items elementor-icon-list-items elementor-post-info\">\n\t\t\t\t\t\t\t\t<li class=\"elementor-icon-list-item elementor-repeater-item-eb9f5f3 elementor-inline-item\" itemprop=\"datePublished\">\n\t\t\t\t\t\t<a href=\"https:\/\/mineriayproyectos.com\/en\/2026\/08\/17\/\">\n\t\t\t\t\t\t\t\t\t\t\t\t\t\t<span class=\"elementor-icon-list-text elementor-post-info__item elementor-post-info__item--type-date\">\n\t\t\t\t\t\t\t\t\t\t<time>August 17, 2026<\/time>\t\t\t\t\t<\/span>\n\t\t\t\t\t\t\t\t\t<\/a>\n\t\t\t\t<\/li>\n\t\t\t\t<li class=\"elementor-icon-list-item elementor-repeater-item-6a7b8ee elementor-inline-item\" itemprop=\"about\">\n\t\t\t\t\t\t\t\t\t\t\t\t\t<span class=\"elementor-icon-list-text elementor-post-info__item elementor-post-info__item--type-terms\">\n\t\t\t\t\t\t\t\t\t\t<span class=\"elementor-post-info__terms-list\">\n\t\t\t\t<a href=\"https:\/\/mineriayproyectos.com\/en\/category\/mineria\/responsabilidad-social\/\" class=\"elementor-post-info__terms-list-item\">Responsabilidad Social<\/a>\t\t\t\t<\/span>\n\t\t\t\t\t<\/span>\n\t\t\t\t\t\t\t\t<\/li>\n\t\t\t\t<\/ul>\n\t\t\t\t\t\t<\/div>\n\t\t\t\t<\/div>\n\t\t\t\t\t<\/div>\n\t\t\t\t<\/div>\n\t\t\t\t<\/div>\n\t\t\t\t<div data-elementor-type=\"loop-item\" data-elementor-id=\"29874\" class=\"elementor elementor-29874 swiper-slide e-loop-item e-loop-item-30885 post-30885 post type-post status-publish format-standard has-post-thumbnail hentry category-responsabilidad-social tag-arequipa tag-obras-por-impuestos tag-southern-peru\" data-elementor-post-type=\"elementor_library\" role=\"group\" aria-roledescription=\"slide\" data-custom-edit-handle=\"1\">\n\t\t\t<div class=\"elementor-element elementor-element-057fa25 e-flex e-con-boxed e-con e-parent\" data-id=\"057fa25\" data-element_type=\"container\" data-e-type=\"container\" data-settings=\"{&quot;background_background&quot;:&quot;classic&quot;}\">\n\t\t\t\t\t<div class=\"e-con-inner\">\n\t\t\t\t<div class=\"elementor-element elementor-element-416ae0b elementor-widget elementor-widget-theme-post-featured-image elementor-widget-image\" data-id=\"416ae0b\" data-element_type=\"widget\" data-e-type=\"widget\" data-widget_type=\"theme-post-featured-image.default\">\n\t\t\t\t\t\t\t\t\t\t\t\t\t\t\t\t<a href=\"https:\/\/mineriayproyectos.com\/en\/mineria\/responsabilidad-social\/2026\/08\/12\/southern-peru-colegio-arequipa\/\">\n\t\t\t\t\t\t\t<img loading=\"lazy\" decoding=\"async\" width=\"800\" height=\"450\" src=\"https:\/\/mineriayproyectos.com\/wp-content\/uploads\/2026\/08\/southern-peru-colegio-arequipa-1024x576.jpg\" class=\"attachment-large size-large wp-image-30886\" alt=\"Southern Per\u00fa invertir\u00e1 m\u00e1s de S\/ 32 millones para modernizar un colegio en Arequipa.\" srcset=\"https:\/\/mineriayproyectos.com\/wp-content\/uploads\/2026\/08\/southern-peru-colegio-arequipa-1024x576.jpg 1024w, https:\/\/mineriayproyectos.com\/wp-content\/uploads\/2026\/08\/southern-peru-colegio-arequipa-300x169.jpg 300w, https:\/\/mineriayproyectos.com\/wp-content\/uploads\/2026\/08\/southern-peru-colegio-arequipa-768x432.jpg 768w, https:\/\/mineriayproyectos.com\/wp-content\/uploads\/2026\/08\/southern-peru-colegio-arequipa-1536x864.jpg 1536w, https:\/\/mineriayproyectos.com\/wp-content\/uploads\/2026\/08\/southern-peru-colegio-arequipa-18x10.jpg 18w, https:\/\/mineriayproyectos.com\/wp-content\/uploads\/2026\/08\/southern-peru-colegio-arequipa.jpg 1920w\" sizes=\"(max-width: 800px) 100vw, 800px\" \/>\t\t\t\t\t\t\t\t<\/a>\n\t\t\t\t\t\t\t\t\t\t\t\t\t\t\t<\/div>\n\t\t\t\t<div class=\"elementor-element elementor-element-2b60229 elementor-widget elementor-widget-theme-post-title elementor-page-title elementor-widget-heading\" data-id=\"2b60229\" data-element_type=\"widget\" data-e-type=\"widget\" data-widget_type=\"theme-post-title.default\">\n\t\t\t\t\t<h1 class=\"elementor-heading-title elementor-size-default\"><a href=\"https:\/\/mineriayproyectos.com\/en\/mineria\/responsabilidad-social\/2026\/08\/12\/southern-peru-colegio-arequipa\/\">Southern Per\u00fa invertir\u00e1 m\u00e1s de S\/ 32 millones para modernizar colegio en Arequipa<\/a><\/h1>\t\t\t\t<\/div>\n\t\t<div class=\"elementor-element elementor-element-17c73eb e-grid e-con-full e-con e-child\" data-id=\"17c73eb\" data-element_type=\"container\" data-e-type=\"container\">\n\t\t\t\t<div class=\"elementor-element elementor-element-5fbb05b elementor-widget elementor-widget-post-info\" data-id=\"5fbb05b\" data-element_type=\"widget\" data-e-type=\"widget\" data-widget_type=\"post-info.default\">\n\t\t\t\t\t\t\t<ul class=\"elementor-inline-items elementor-icon-list-items elementor-post-info\">\n\t\t\t\t\t\t\t\t<li class=\"elementor-icon-list-item elementor-repeater-item-eb9f5f3 elementor-inline-item\" itemprop=\"datePublished\">\n\t\t\t\t\t\t<a href=\"https:\/\/mineriayproyectos.com\/en\/2026\/08\/12\/\">\n\t\t\t\t\t\t\t\t\t\t\t\t\t\t<span class=\"elementor-icon-list-text elementor-post-info__item elementor-post-info__item--type-date\">\n\t\t\t\t\t\t\t\t\t\t<time>August 12, 2026<\/time>\t\t\t\t\t<\/span>\n\t\t\t\t\t\t\t\t\t<\/a>\n\t\t\t\t<\/li>\n\t\t\t\t<li class=\"elementor-icon-list-item elementor-repeater-item-6a7b8ee elementor-inline-item\" itemprop=\"about\">\n\t\t\t\t\t\t\t\t\t\t\t\t\t<span class=\"elementor-icon-list-text elementor-post-info__item elementor-post-info__item--type-terms\">\n\t\t\t\t\t\t\t\t\t\t<span class=\"elementor-post-info__terms-list\">\n\t\t\t\t<a href=\"https:\/\/mineriayproyectos.com\/en\/category\/mineria\/responsabilidad-social\/\" class=\"elementor-post-info__terms-list-item\">Responsabilidad Social<\/a>\t\t\t\t<\/span>\n\t\t\t\t\t<\/span>\n\t\t\t\t\t\t\t\t<\/li>\n\t\t\t\t<\/ul>\n\t\t\t\t\t\t<\/div>\n\t\t\t\t<\/div>\n\t\t\t\t\t<\/div>\n\t\t\t\t<\/div>\n\t\t\t\t<\/div>\n\t\t\t\t<div data-elementor-type=\"loop-item\" data-elementor-id=\"29874\" class=\"elementor elementor-29874 swiper-slide e-loop-item e-loop-item-30879 post-30879 post type-post status-publish format-standard has-post-thumbnail hentry category-responsabilidad-social tag-compania-minera-poderosa tag-fenomeno-del-nino tag-la-libertad\" data-elementor-post-type=\"elementor_library\" role=\"group\" aria-roledescription=\"slide\" data-custom-edit-handle=\"1\">\n\t\t\t<div class=\"elementor-element elementor-element-057fa25 e-flex e-con-boxed e-con e-parent\" data-id=\"057fa25\" data-element_type=\"container\" data-e-type=\"container\" data-settings=\"{&quot;background_background&quot;:&quot;classic&quot;}\">\n\t\t\t\t\t<div class=\"e-con-inner\">\n\t\t\t\t<div class=\"elementor-element elementor-element-416ae0b elementor-widget elementor-widget-theme-post-featured-image elementor-widget-image\" data-id=\"416ae0b\" data-element_type=\"widget\" data-e-type=\"widget\" data-widget_type=\"theme-post-featured-image.default\">\n\t\t\t\t\t\t\t\t\t\t\t\t\t\t\t\t<a href=\"https:\/\/mineriayproyectos.com\/en\/mineria\/responsabilidad-social\/2026\/08\/12\/minera-poderosa-defensa-riberena-rio-tingo\/\">\n\t\t\t\t\t\t\t<img loading=\"lazy\" decoding=\"async\" width=\"800\" height=\"450\" src=\"https:\/\/mineriayproyectos.com\/wp-content\/uploads\/2026\/08\/minera-poderosa-defensa-riberena-rio-tingo-1024x576.jpg\" class=\"attachment-large size-large wp-image-30880\" alt=\"Minera Poderosa culmin\u00f3 la primera etapa de la defensa ribere\u00f1a del r\u00edo Tingo en Vijus, Pataz.\" srcset=\"https:\/\/mineriayproyectos.com\/wp-content\/uploads\/2026\/08\/minera-poderosa-defensa-riberena-rio-tingo-1024x576.jpg 1024w, https:\/\/mineriayproyectos.com\/wp-content\/uploads\/2026\/08\/minera-poderosa-defensa-riberena-rio-tingo-300x169.jpg 300w, https:\/\/mineriayproyectos.com\/wp-content\/uploads\/2026\/08\/minera-poderosa-defensa-riberena-rio-tingo-768x432.jpg 768w, https:\/\/mineriayproyectos.com\/wp-content\/uploads\/2026\/08\/minera-poderosa-defensa-riberena-rio-tingo-1536x864.jpg 1536w, https:\/\/mineriayproyectos.com\/wp-content\/uploads\/2026\/08\/minera-poderosa-defensa-riberena-rio-tingo-18x10.jpg 18w, https:\/\/mineriayproyectos.com\/wp-content\/uploads\/2026\/08\/minera-poderosa-defensa-riberena-rio-tingo.jpg 1920w\" sizes=\"(max-width: 800px) 100vw, 800px\" \/>\t\t\t\t\t\t\t\t<\/a>\n\t\t\t\t\t\t\t\t\t\t\t\t\t\t\t<\/div>\n\t\t\t\t<div class=\"elementor-element elementor-element-2b60229 elementor-widget elementor-widget-theme-post-title elementor-page-title elementor-widget-heading\" data-id=\"2b60229\" data-element_type=\"widget\" data-e-type=\"widget\" data-widget_type=\"theme-post-title.default\">\n\t\t\t\t\t<h1 class=\"elementor-heading-title elementor-size-default\"><a href=\"https:\/\/mineriayproyectos.com\/en\/mineria\/responsabilidad-social\/2026\/08\/12\/minera-poderosa-defensa-riberena-rio-tingo\/\">Minera Poderosa culmina primera etapa de reforzamiento de la defensa ribere\u00f1a del r\u00edo Tingo<\/a><\/h1>\t\t\t\t<\/div>\n\t\t<div class=\"elementor-element elementor-element-17c73eb e-grid e-con-full e-con e-child\" data-id=\"17c73eb\" data-element_type=\"container\" data-e-type=\"container\">\n\t\t\t\t<div class=\"elementor-element elementor-element-5fbb05b elementor-widget elementor-widget-post-info\" data-id=\"5fbb05b\" data-element_type=\"widget\" data-e-type=\"widget\" data-widget_type=\"post-info.default\">\n\t\t\t\t\t\t\t<ul class=\"elementor-inline-items elementor-icon-list-items elementor-post-info\">\n\t\t\t\t\t\t\t\t<li class=\"elementor-icon-list-item elementor-repeater-item-eb9f5f3 elementor-inline-item\" itemprop=\"datePublished\">\n\t\t\t\t\t\t<a href=\"https:\/\/mineriayproyectos.com\/en\/2026\/08\/12\/\">\n\t\t\t\t\t\t\t\t\t\t\t\t\t\t<span class=\"elementor-icon-list-text elementor-post-info__item elementor-post-info__item--type-date\">\n\t\t\t\t\t\t\t\t\t\t<time>August 12, 2026<\/time>\t\t\t\t\t<\/span>\n\t\t\t\t\t\t\t\t\t<\/a>\n\t\t\t\t<\/li>\n\t\t\t\t<li class=\"elementor-icon-list-item elementor-repeater-item-6a7b8ee elementor-inline-item\" itemprop=\"about\">\n\t\t\t\t\t\t\t\t\t\t\t\t\t<span class=\"elementor-icon-list-text elementor-post-info__item elementor-post-info__item--type-terms\">\n\t\t\t\t\t\t\t\t\t\t<span class=\"elementor-post-info__terms-list\">\n\t\t\t\t<a href=\"https:\/\/mineriayproyectos.com\/en\/category\/mineria\/responsabilidad-social\/\" class=\"elementor-post-info__terms-list-item\">Responsabilidad Social<\/a>\t\t\t\t<\/span>\n\t\t\t\t\t<\/span>\n\t\t\t\t\t\t\t\t<\/li>\n\t\t\t\t<\/ul>\n\t\t\t\t\t\t<\/div>\n\t\t\t\t<\/div>\n\t\t\t\t\t<\/div>\n\t\t\t\t<\/div>\n\t\t\t\t<\/div>\n\t\t\t\t<div data-elementor-type=\"loop-item\" data-elementor-id=\"29874\" class=\"elementor elementor-29874 swiper-slide e-loop-item e-loop-item-30741 post-30741 post type-post status-publish format-standard has-post-thumbnail hentry category-responsabilidad-social tag-compania-minera-poderosa tag-pataz\" data-elementor-post-type=\"elementor_library\" role=\"group\" aria-roledescription=\"slide\" data-custom-edit-handle=\"1\">\n\t\t\t<div class=\"elementor-element elementor-element-057fa25 e-flex e-con-boxed e-con e-parent\" data-id=\"057fa25\" data-element_type=\"container\" data-e-type=\"container\" data-settings=\"{&quot;background_background&quot;:&quot;classic&quot;}\">\n\t\t\t\t\t<div class=\"e-con-inner\">\n\t\t\t\t<div class=\"elementor-element elementor-element-416ae0b elementor-widget elementor-widget-theme-post-featured-image elementor-widget-image\" data-id=\"416ae0b\" data-element_type=\"widget\" data-e-type=\"widget\" data-widget_type=\"theme-post-featured-image.default\">\n\t\t\t\t\t\t\t\t\t\t\t\t\t\t\t\t<a href=\"https:\/\/mineriayproyectos.com\/en\/mineria\/responsabilidad-social\/2026\/08\/04\/poderosa-encuentro-jass-pataz-pias\/\">\n\t\t\t\t\t\t\t<img loading=\"lazy\" decoding=\"async\" width=\"800\" height=\"450\" src=\"https:\/\/mineriayproyectos.com\/wp-content\/uploads\/2026\/08\/poderosa-encuentro-jass-pataz-pias-1024x576.jpg\" class=\"attachment-large size-large wp-image-30742\" alt=\"Poderosa organiz\u00f3 encuentros de las JASS para fortalecer la gesti\u00f3n comunitaria del agua potable en Pataz y P\u00edas.\" srcset=\"https:\/\/mineriayproyectos.com\/wp-content\/uploads\/2026\/08\/poderosa-encuentro-jass-pataz-pias-1024x576.jpg 1024w, https:\/\/mineriayproyectos.com\/wp-content\/uploads\/2026\/08\/poderosa-encuentro-jass-pataz-pias-300x169.jpg 300w, https:\/\/mineriayproyectos.com\/wp-content\/uploads\/2026\/08\/poderosa-encuentro-jass-pataz-pias-768x432.jpg 768w, https:\/\/mineriayproyectos.com\/wp-content\/uploads\/2026\/08\/poderosa-encuentro-jass-pataz-pias-1536x864.jpg 1536w, https:\/\/mineriayproyectos.com\/wp-content\/uploads\/2026\/08\/poderosa-encuentro-jass-pataz-pias-18x10.jpg 18w, https:\/\/mineriayproyectos.com\/wp-content\/uploads\/2026\/08\/poderosa-encuentro-jass-pataz-pias.jpg 1920w\" sizes=\"(max-width: 800px) 100vw, 800px\" \/>\t\t\t\t\t\t\t\t<\/a>\n\t\t\t\t\t\t\t\t\t\t\t\t\t\t\t<\/div>\n\t\t\t\t<div class=\"elementor-element elementor-element-2b60229 elementor-widget elementor-widget-theme-post-title elementor-page-title elementor-widget-heading\" data-id=\"2b60229\" data-element_type=\"widget\" data-e-type=\"widget\" data-widget_type=\"theme-post-title.default\">\n\t\t\t\t\t<h1 class=\"elementor-heading-title elementor-size-default\"><a href=\"https:\/\/mineriayproyectos.com\/en\/mineria\/responsabilidad-social\/2026\/08\/04\/poderosa-encuentro-jass-pataz-pias\/\">Minera Poderosa fortalece a las JASS con encuentros para mejorar la gesti\u00f3n comunitaria del agua en Pataz y P\u00edas<\/a><\/h1>\t\t\t\t<\/div>\n\t\t<div class=\"elementor-element elementor-element-17c73eb e-grid e-con-full e-con e-child\" data-id=\"17c73eb\" data-element_type=\"container\" data-e-type=\"container\">\n\t\t\t\t<div class=\"elementor-element elementor-element-5fbb05b elementor-widget elementor-widget-post-info\" data-id=\"5fbb05b\" data-element_type=\"widget\" data-e-type=\"widget\" data-widget_type=\"post-info.default\">\n\t\t\t\t\t\t\t<ul class=\"elementor-inline-items elementor-icon-list-items elementor-post-info\">\n\t\t\t\t\t\t\t\t<li class=\"elementor-icon-list-item elementor-repeater-item-eb9f5f3 elementor-inline-item\" itemprop=\"datePublished\">\n\t\t\t\t\t\t<a href=\"https:\/\/mineriayproyectos.com\/en\/2026\/08\/04\/\">\n\t\t\t\t\t\t\t\t\t\t\t\t\t\t<span class=\"elementor-icon-list-text elementor-post-info__item elementor-post-info__item--type-date\">\n\t\t\t\t\t\t\t\t\t\t<time>August 4, 2026<\/time>\t\t\t\t\t<\/span>\n\t\t\t\t\t\t\t\t\t<\/a>\n\t\t\t\t<\/li>\n\t\t\t\t<li class=\"elementor-icon-list-item elementor-repeater-item-6a7b8ee elementor-inline-item\" itemprop=\"about\">\n\t\t\t\t\t\t\t\t\t\t\t\t\t<span class=\"elementor-icon-list-text elementor-post-info__item elementor-post-info__item--type-terms\">\n\t\t\t\t\t\t\t\t\t\t<span class=\"elementor-post-info__terms-list\">\n\t\t\t\t<a href=\"https:\/\/mineriayproyectos.com\/en\/category\/mineria\/responsabilidad-social\/\" class=\"elementor-post-info__terms-list-item\">Responsabilidad Social<\/a>\t\t\t\t<\/span>\n\t\t\t\t\t<\/span>\n\t\t\t\t\t\t\t\t<\/li>\n\t\t\t\t<\/ul>\n\t\t\t\t\t\t<\/div>\n\t\t\t\t<\/div>\n\t\t\t\t\t<\/div>\n\t\t\t\t<\/div>\n\t\t\t\t<\/div>\n\t\t\t\t<\/div>\n\t\t<\/div>\n\t\t\t\t\t<div class=\"elementor-swiper-button elementor-swiper-button-prev\" role=\"button\" tabindex=\"0\" aria-label=\"Previous\">\n\t\t\t\t<svg aria-hidden=\"true\" class=\"e-font-icon-svg e-eicon-chevron-left\" viewBox=\"0 0 1000 1000\" xmlns=\"http:\/\/www.w3.org\/2000\/svg\"><path d=\"M646 125C629 125 613 133 604 142L308 442C296 454 292 471 292 487 292 504 296 521 308 533L604 854C617 867 629 875 646 875 663 875 679 871 692 858 704 846 713 829 713 812 713 796 708 779 692 767L438 487 692 225C700 217 708 204 708 187 708 171 704 154 692 142 675 129 663 125 646 125Z\"><\/path><\/svg>\t\t\t<\/div>\n\t\t\t<div class=\"elementor-swiper-button elementor-swiper-button-next\" role=\"button\" tabindex=\"0\" aria-label=\"Next\">\n\t\t\t\t<svg aria-hidden=\"true\" class=\"e-font-icon-svg e-eicon-chevron-right\" viewBox=\"0 0 1000 1000\" xmlns=\"http:\/\/www.w3.org\/2000\/svg\"><path d=\"M696 533C708 521 713 504 713 487 713 471 708 454 696 446L400 146C388 133 375 125 354 125 338 125 325 129 313 142 300 154 292 171 292 187 292 204 296 221 308 233L563 492 304 771C292 783 288 800 288 817 288 833 296 850 308 863 321 871 338 875 354 875 371 875 388 867 400 854L696 533Z\"><\/path><\/svg>\t\t\t<\/div>\n\t\t\t\t\t<div class=\"swiper-pagination\"><\/div>\n\t\t\t\t\t\t<\/div>\n\t\t\t\t<\/div>\n\t\t\t\t<\/div>\n\t\t<div class=\"elementor-element elementor-element-bd36d57 e-con-full elementor-hidden-tablet elementor-hidden-mobile e-flex e-con e-child\" data-id=\"bd36d57\" data-element_type=\"container\" data-e-type=\"container\">\n\t\t\t\t<div class=\"elementor-element elementor-element-94bc91e elementor-widget elementor-widget-image\" data-id=\"94bc91e\" data-element_type=\"widget\" data-e-type=\"widget\" data-widget_type=\"image.default\">\n\t\t\t\t\t\t\t\t\t\t\t\t\t\t\t\t<a href=\"https:\/\/encuentrometalurgia.com\/mineria-5-0-2026\/\">\n\t\t\t\t\t\t\t<img loading=\"lazy\" decoding=\"async\" width=\"388\" height=\"690\" src=\"https:\/\/mineriayproyectos.com\/wp-content\/uploads\/2026\/09\/388x690-Banner-Mineri\u0301a-y-proyectos-Mineri\u0301a-5.0.jpg\" class=\"attachment-1536x1536 size-1536x1536 wp-image-31292\" alt=\"\" srcset=\"https:\/\/mineriayproyectos.com\/wp-content\/uploads\/2026\/09\/388x690-Banner-Mineri\u0301a-y-proyectos-Mineri\u0301a-5.0.jpg 388w, https:\/\/mineriayproyectos.com\/wp-content\/uploads\/2026\/09\/388x690-Banner-Mineri\u0301a-y-proyectos-Mineri\u0301a-5.0-169x300.jpg 169w, https:\/\/mineriayproyectos.com\/wp-content\/uploads\/2026\/09\/388x690-Banner-Mineri\u0301a-y-proyectos-Mineri\u0301a-5.0-7x12.jpg 7w\" sizes=\"(max-width: 388px) 100vw, 388px\" \/>\t\t\t\t\t\t\t\t<\/a>\n\t\t\t\t\t\t\t\t\t\t\t\t\t\t\t<\/div>\n\t\t\t\t<div class=\"elementor-element elementor-element-c2538dc elementor-align-center elementor-widget elementor-widget-button\" data-id=\"c2538dc\" data-element_type=\"widget\" data-e-type=\"widget\" data-widget_type=\"button.default\">\n\t\t\t\t\t\t\t\t\t\t<a class=\"elementor-button elementor-button-link elementor-size-sm\" href=\"https:\/\/encuentrometalurgia.com\/aguas-y-relaves-2026\/\">\n\t\t\t\t\t\t<span class=\"elementor-button-content-wrapper\">\n\t\t\t\t\t\t\t\t\t<span class=\"elementor-button-text\">Inscr\u00edbete<\/span>\n\t\t\t\t\t<\/span>\n\t\t\t\t\t<\/a>\n\t\t\t\t\t\t\t\t<\/div>\n\t\t\t\t<div class=\"elementor-element elementor-element-a9d7b10 elementor-widget__width-initial elementor-widget elementor-widget-image\" data-id=\"a9d7b10\" data-element_type=\"widget\" data-e-type=\"widget\" data-widget_type=\"image.default\">\n\t\t\t\t\t\t\t\t\t\t\t\t\t\t\t\t<a href=\"https:\/\/wa.me\/51905448619?text=Hola%20Miner%C3%ADa%20y%20Proyectos!%20Estoy%20interesado%20en%20tener%20un%20espacio%20publicitario%20en%20tu%20web\">\n\t\t\t\t\t\t\t<img fetchpriority=\"high\" decoding=\"async\" width=\"388\" height=\"690\" src=\"https:\/\/mineriayproyectos.com\/wp-content\/uploads\/2026\/06\/ESPACIO-PUBLICITARIO-DISPONIBLE.gif\" class=\"attachment-2048x2048 size-2048x2048 wp-image-29714\" alt=\"\" \/>\t\t\t\t\t\t\t\t<\/a>\n\t\t\t\t\t\t\t\t\t\t\t\t\t\t\t<\/div>\n\t\t\t\t<\/div>\n\t\t\t\t<\/div>\n\t\t\t\t<\/div>\n\t\t","protected":false},"excerpt":{"rendered":"<p>Lo m\u00e1s reciente: Inscr\u00edbete ECONOM\u00cdA EMPRESARIAL ENERG\u00cdA HIDROCARBUROS RESPONSABILIDAD SOCIAL Inscr\u00edbete<\/p>","protected":false},"author":3,"featured_media":0,"parent":0,"menu_order":0,"comment_status":"closed","ping_status":"closed","template":"","meta":{"footnotes":""},"class_list":["post-29824","page","type-page","status-publish","hentry"],"yoast_head":"<!-- This site is optimized with the Yoast SEO plugin v27.6 - https:\/\/yoast.com\/product\/yoast-seo-wordpress\/ -->\n<title>INICIO - Miner\u00eda y Proyectos<\/title>\n<meta name=\"robots\" content=\"index, follow, max-snippet:-1, max-image-preview:large, max-video-preview:-1\" \/>\n<link rel=\"canonical\" href=\"https:\/\/mineriayproyectos.com\/en\/\" \/>\n<meta property=\"og:locale\" content=\"en_US\" \/>\n<meta property=\"og:type\" content=\"article\" \/>\n<meta property=\"og:title\" content=\"INICIO - Miner\u00eda y Proyectos\" \/>\n<meta property=\"og:description\" content=\"Lo m\u00e1s reciente: Inscr\u00edbete ECONOM\u00cdA EMPRESARIAL ENERG\u00cdA HIDROCARBUROS RESPONSABILIDAD SOCIAL Inscr\u00edbete\" \/>\n<meta property=\"og:url\" content=\"https:\/\/mineriayproyectos.com\/en\/\" \/>\n<meta property=\"og:site_name\" content=\"Miner\u00eda y Proyectos\" \/>\n<meta property=\"article:modified_time\" content=\"2026-09-02T20:32:00+00:00\" \/>\n<meta property=\"og:image\" content=\"https:\/\/mineriayproyectos.com\/wp-content\/uploads\/2026\/06\/ESPACIO-PUBLICITARIO-DISPONIBLE.gif\" \/>\n\t<meta property=\"og:image:width\" content=\"388\" \/>\n\t<meta property=\"og:image:height\" content=\"690\" \/>\n\t<meta property=\"og:image:type\" content=\"image\/gif\" \/>\n<meta name=\"twitter:card\" content=\"summary_large_image\" \/>\n<meta name=\"twitter:label1\" content=\"Est. reading time\" \/>\n\t<meta name=\"twitter:data1\" content=\"53 minutes\" \/>\n<script type=\"application\/ld+json\" class=\"yoast-schema-graph\">{\"@context\":\"https:\\\/\\\/schema.org\",\"@graph\":[{\"@type\":\"WebPage\",\"@id\":\"https:\\\/\\\/mineriayproyectos.com\\\/\",\"url\":\"https:\\\/\\\/mineriayproyectos.com\\\/\",\"name\":\"INICIO - Miner\u00eda y Proyectos\",\"isPartOf\":{\"@id\":\"https:\\\/\\\/mineriayproyectos.com\\\/#website\"},\"primaryImageOfPage\":{\"@id\":\"https:\\\/\\\/mineriayproyectos.com\\\/#primaryimage\"},\"image\":{\"@id\":\"https:\\\/\\\/mineriayproyectos.com\\\/#primaryimage\"},\"thumbnailUrl\":\"https:\\\/\\\/mineriayproyectos.com\\\/wp-content\\\/uploads\\\/2026\\\/06\\\/ESPACIO-PUBLICITARIO-DISPONIBLE.gif\",\"datePublished\":\"2026-06-22T20:55:33+00:00\",\"dateModified\":\"2026-09-02T20:32:00+00:00\",\"breadcrumb\":{\"@id\":\"https:\\\/\\\/mineriayproyectos.com\\\/#breadcrumb\"},\"inLanguage\":\"en-US\",\"potentialAction\":[{\"@type\":\"ReadAction\",\"target\":[\"https:\\\/\\\/mineriayproyectos.com\\\/\"]}]},{\"@type\":\"ImageObject\",\"inLanguage\":\"en-US\",\"@id\":\"https:\\\/\\\/mineriayproyectos.com\\\/#primaryimage\",\"url\":\"https:\\\/\\\/mineriayproyectos.com\\\/wp-content\\\/uploads\\\/2026\\\/06\\\/ESPACIO-PUBLICITARIO-DISPONIBLE.gif\",\"contentUrl\":\"https:\\\/\\\/mineriayproyectos.com\\\/wp-content\\\/uploads\\\/2026\\\/06\\\/ESPACIO-PUBLICITARIO-DISPONIBLE.gif\"},{\"@type\":\"BreadcrumbList\",\"@id\":\"https:\\\/\\\/mineriayproyectos.com\\\/#breadcrumb\",\"itemListElement\":[{\"@type\":\"ListItem\",\"position\":1,\"name\":\"Portada\",\"item\":\"https:\\\/\\\/mineriayproyectos.com\\\/\"},{\"@type\":\"ListItem\",\"position\":2,\"name\":\"INICIO\"}]},{\"@type\":\"WebSite\",\"@id\":\"https:\\\/\\\/mineriayproyectos.com\\\/#website\",\"url\":\"https:\\\/\\\/mineriayproyectos.com\\\/\",\"name\":\"Miner\u00eda y Proyectos\",\"description\":\"\",\"potentialAction\":[{\"@type\":\"SearchAction\",\"target\":{\"@type\":\"EntryPoint\",\"urlTemplate\":\"https:\\\/\\\/mineriayproyectos.com\\\/?s={search_term_string}\"},\"query-input\":{\"@type\":\"PropertyValueSpecification\",\"valueRequired\":true,\"valueName\":\"search_term_string\"}}],\"inLanguage\":\"en-US\"}]}<\/script>\n<!-- \/ Yoast SEO plugin. -->","yoast_head_json":{"title":"INICIO - Miner\u00eda y Proyectos","robots":{"index":"index","follow":"follow","max-snippet":"max-snippet:-1","max-image-preview":"max-image-preview:large","max-video-preview":"max-video-preview:-1"},"canonical":"https:\/\/mineriayproyectos.com\/en\/","og_locale":"en_US","og_type":"article","og_title":"INICIO - Miner\u00eda y Proyectos","og_description":"Lo m\u00e1s reciente: Inscr\u00edbete ECONOM\u00cdA EMPRESARIAL ENERG\u00cdA HIDROCARBUROS RESPONSABILIDAD SOCIAL Inscr\u00edbete","og_url":"https:\/\/mineriayproyectos.com\/en\/","og_site_name":"Miner\u00eda y Proyectos","article_modified_time":"2026-09-02T20:32:00+00:00","og_image":[{"width":388,"height":690,"url":"https:\/\/mineriayproyectos.com\/wp-content\/uploads\/2026\/06\/ESPACIO-PUBLICITARIO-DISPONIBLE.gif","type":"image\/gif"}],"twitter_card":"summary_large_image","twitter_misc":{"Est. reading time":"53 minutes"},"schema":{"@context":"https:\/\/schema.org","@graph":[{"@type":"WebPage","@id":"https:\/\/mineriayproyectos.com\/","url":"https:\/\/mineriayproyectos.com\/","name":"INICIO - Miner\u00eda y Proyectos","isPartOf":{"@id":"https:\/\/mineriayproyectos.com\/#website"},"primaryImageOfPage":{"@id":"https:\/\/mineriayproyectos.com\/#primaryimage"},"image":{"@id":"https:\/\/mineriayproyectos.com\/#primaryimage"},"thumbnailUrl":"https:\/\/mineriayproyectos.com\/wp-content\/uploads\/2026\/06\/ESPACIO-PUBLICITARIO-DISPONIBLE.gif","datePublished":"2026-06-22T20:55:33+00:00","dateModified":"2026-09-02T20:32:00+00:00","breadcrumb":{"@id":"https:\/\/mineriayproyectos.com\/#breadcrumb"},"inLanguage":"en-US","potentialAction":[{"@type":"ReadAction","target":["https:\/\/mineriayproyectos.com\/"]}]},{"@type":"ImageObject","inLanguage":"en-US","@id":"https:\/\/mineriayproyectos.com\/#primaryimage","url":"https:\/\/mineriayproyectos.com\/wp-content\/uploads\/2026\/06\/ESPACIO-PUBLICITARIO-DISPONIBLE.gif","contentUrl":"https:\/\/mineriayproyectos.com\/wp-content\/uploads\/2026\/06\/ESPACIO-PUBLICITARIO-DISPONIBLE.gif"},{"@type":"BreadcrumbList","@id":"https:\/\/mineriayproyectos.com\/#breadcrumb","itemListElement":[{"@type":"ListItem","position":1,"name":"Portada","item":"https:\/\/mineriayproyectos.com\/"},{"@type":"ListItem","position":2,"name":"INICIO"}]},{"@type":"WebSite","@id":"https:\/\/mineriayproyectos.com\/#website","url":"https:\/\/mineriayproyectos.com\/","name":"Mining and Projects","description":"","potentialAction":[{"@type":"SearchAction","target":{"@type":"EntryPoint","urlTemplate":"https:\/\/mineriayproyectos.com\/?s={search_term_string}"},"query-input":{"@type":"PropertyValueSpecification","valueRequired":true,"valueName":"search_term_string"}}],"inLanguage":"en-US"}]}},"_links":{"self":[{"href":"https:\/\/mineriayproyectos.com\/en\/wp-json\/wp\/v2\/pages\/29824","targetHints":{"allow":["GET"]}}],"collection":[{"href":"https:\/\/mineriayproyectos.com\/en\/wp-json\/wp\/v2\/pages"}],"about":[{"href":"https:\/\/mineriayproyectos.com\/en\/wp-json\/wp\/v2\/types\/page"}],"author":[{"embeddable":true,"href":"https:\/\/mineriayproyectos.com\/en\/wp-json\/wp\/v2\/users\/3"}],"replies":[{"embeddable":true,"href":"https:\/\/mineriayproyectos.com\/en\/wp-json\/wp\/v2\/comments?post=29824"}],"version-history":[{"count":0,"href":"https:\/\/mineriayproyectos.com\/en\/wp-json\/wp\/v2\/pages\/29824\/revisions"}],"wp:attachment":[{"href":"https:\/\/mineriayproyectos.com\/en\/wp-json\/wp\/v2\/media?parent=29824"}],"curies":[{"name":"wp","href":"https:\/\/api.w.org\/{rel}","templated":true}]}}